{"id":1226,"date":"2024-07-26T14:57:00","date_gmt":"2024-07-26T12:57:00","guid":{"rendered":"https:\/\/snm-online.sk\/?page_id=1226"},"modified":"2025-07-29T13:25:23","modified_gmt":"2025-07-29T11:25:23","slug":"lanova-nedela","status":"publish","type":"page","link":"https:\/\/snm-online.sk\/en\/lanova-nedela\/","title":{"rendered":"\u013danov\u00e1 nede\u013ea"},"content":{"rendered":"\n<figure class=\"wp-block-image size-large\"><img loading=\"lazy\" decoding=\"async\" width=\"1024\" height=\"373\" src=\"https:\/\/snm-online.sk\/wp-content\/uploads\/2024\/07\/lanova-nedela-23_1920-1024x373.png\" alt=\"\" class=\"wp-image-1264\" srcset=\"https:\/\/snm-online.sk\/wp-content\/uploads\/2024\/07\/lanova-nedela-23_1920-1024x373.png 1024w, https:\/\/snm-online.sk\/wp-content\/uploads\/2024\/07\/lanova-nedela-23_1920-300x109.png 300w, https:\/\/snm-online.sk\/wp-content\/uploads\/2024\/07\/lanova-nedela-23_1920-768x280.png 768w, https:\/\/snm-online.sk\/wp-content\/uploads\/2024\/07\/lanova-nedela-23_1920-1536x560.png 1536w, https:\/\/snm-online.sk\/wp-content\/uploads\/2024\/07\/lanova-nedela-23_1920.png 1920w\" sizes=\"auto, (max-width: 1024px) 100vw, 1024px\" \/><\/figure>\n\n\n\n<div style=\"height:15px\" aria-hidden=\"true\" class=\"wp-block-spacer\"><\/div>\n\n\n\n<p><strong>Vyberte si pros\u00edm z ponuky d\u00e1tumov a term\u00ednov prehliadok:<\/strong><\/p>\n\n\n\r\n<section class=\"mb-4\">\r\n    <nav class=\"wper-days\">\r\n        \r\n            <\/nav>\r\n\r\n    \r\n    <ul id=\"wperItems\" class=\"wper-list\">\r\n        Sorry, this date is not available.    <\/ul>\r\n<\/section>\r\n\r\n<div class=\"wper-modal\">\r\n    <div class=\"wper-modal__inner\">\r\n        <div class=\"wper-modal__header\">\r\n            <button type=\"button\" class=\"wper-modal__close js-wper-close-modal\">\r\n                <svg width=\"16\" height=\"16\" viewBox=\"0 0 16 16\" fill=\"none\" class=\"svg\" xmlns=\"http:\/\/www.w3.org\/2000\/svg\"><path d=\"M16 7H3.83L9.42 1.41L8 0L0 8L8 16L9.41 14.59L3.83 9H16V7Z\" fill=\"currentColor\"\/><\/svg> <span>Continue shopping<\/span>\r\n            <\/button>\r\n        <\/div>\r\n\r\n        <iframe src=\"\" frameborder=\"0\" class=\"wper-modal__iframe\"><\/iframe>\r\n    <\/div>\r\n<\/div>\r\n\r\n<div class=\"wper-note\">\r\n    <div class=\"wper-note__inner\">\r\n        <div id=\"wperNoteRetail\" class=\"wper-note__content\">\r\n            <h5 class=\"wper-note__title\">Last tickets available only at the museum ticket office.<\/h5>\r\n\r\n            <p>We are sorry, but due to high interest, all tickets reserved for online sales are sold out.<\/p>\r\n\r\n            <p>Last few tickets are available at the castle ticket office. We recommend you visit the ticket office as soon as possible, as tickets sell out quickly.<\/p>\r\n        <\/div>\r\n\r\n        <div id=\"wperNoteSold\" class=\"wper-note__content\">\r\n            <h5 class=\"wper-note__title\">Tickets for this time slot are sold out.<\/h5>\r\n\r\n            <p>We are sorry, but due to high interest, all tickets for this tour are sold out. No tickets are available for this time slot at the castle ticket office either.<\/p>\r\n\r\n            <p>Please try to select another time slot within the day or consider visiting on a different day. We recommend monitoring our website for availability of tickets for individual tours and events.<\/p>\r\n\r\n            <p>Given the high attendance, we advise purchasing tickets well in advance online.<\/p>\r\n        <\/div>\r\n\r\n        <div class=\"wper-note__actions\">\r\n            <button type=\"submit\" class=\"wper-note__close js-wper-close-note\">Got it<\/button>\r\n        <\/div>\r\n    <\/div>\r\n<\/div>\r\n\n\n\n\n<p>Od \u013eanov\u00e9ho semienka k hotov\u00e9mu odevu viedla dlh\u00e1 cesta. Ako sa v minulosti vyr\u00e1bal textil a&nbsp;ako sa kedysi staralo o&nbsp;odev, sa dozviete v nede\u013eu <strong>10. augusta 2025 na podujat\u00ed \u013danov\u00e1 nede\u013ea<\/strong> v&nbsp;M\u00fazeu slovenskej dediny.<\/p>\n\n\n\n<p>Po\u010das celodenn\u00e9ho programu od 10.00 do 16.00 hod. V\u00e1m uk\u00e1\u017eeme <strong>r\u00f4zne postupy, ak\u00fdmi sa z&nbsp;\u013eanu st\u00e1valo pl\u00e1tno<\/strong>. Dozviete sa, ako sa \u013ean trepal a \u010desal, priadli nite a ako sa tkalo na krosn\u00e1ch. Pri uk\u00e1\u017ekach V\u00e1s nau\u010d\u00edme, ako vyzer\u00e1 <em>vretienko<\/em> alebo <em>tk\u00e1\u010dsky \u010dlnok<\/em>, \u010do je to <em>\u0161te\u0165, brdo, snovadl\u00e1 <\/em>\u010di<em> trlica<\/em> \u2013 zist\u00edte, ako vyzerali a&nbsp;na \u010do sa pou\u017e\u00edvali.<\/p>\n\n\n\n<p>\u010clenovia<strong> folkl\u00f3rnej skupiny z&nbsp;Podhradia<\/strong> V\u00e1m pribl\u00ed\u017eia susedsk\u00e9 vz\u0165ahy pri spolo\u010dnej pr\u00e1ci v&nbsp;hospod\u00e1rstve, porozpr\u00e1vaj\u00fa pr\u00edbeh o tom, ako do Podhradia pri\u0161iel prv\u00fd \u0161ijac\u00ed stroj a&nbsp;uk\u00e1\u017eu V\u00e1m, ako sa kedysi ob\u0161\u00edvali koberce, h\u00e1\u010dkovali kober\u010deky z nastrihan\u00fdch hand\u00e1r, vy\u0161\u00edvalo \u010di \u0161ilo na \u0161liapacom stoji. Okrem toho bude po\u010das cel\u00e9ho d\u0148a v are\u00e1li M\u00fazea slovenskej dediny vyhr\u00e1va\u0165 <strong>Podhradsk\u00e1 muzika z Podhradia.<\/strong><\/p>\n\n\n\n<p>\u017deny z&nbsp;folkl\u00f3rnej skupiny<strong> Bystri\u010dka <\/strong>V\u00e1mpredstavia postupy spojen\u00e9 s&nbsp;\u010disten\u00edm, pran\u00edm a&nbsp;\u017eehlen\u00edm r\u00f4znych odevn\u00fdch s\u00fa\u010diastok, hladenie textilu \u017eehli\u010dkami s r\u00f4znym typom zohrievania, ako aj mang\u013eovanie uter\u00e1kov na stolovom ru\u010dnom mangli.<\/p>\n\n\n\n<p>V&nbsp;olej\u00e1rskej dielni, ktor\u00e1 sa nach\u00e1dza v&nbsp;are\u00e1li m\u00fazea, sa dozviete o&nbsp;\u010fal\u0161om vyu\u017eit\u00ed \u013eanov\u00e9ho semienka. Z&nbsp;neho sa lisovan\u00edm z\u00edskaval <strong>\u013eanov\u00fd olej<\/strong>, v&nbsp;minulosti hojne vyu\u017e\u00edvan\u00fd v&nbsp;kuchyni po\u010das&nbsp;p\u00f4stneho obdobia.<\/p>\n\n\n\n<p>V r\u00e1mci projektu <strong>U\u010d sa v m\u00fazeu!<\/strong> V\u00e1s lektorka modrotla\u010dov\u00fdch dieln\u00ed Lucia Dovalov\u00e1 zasv\u00e4t\u00ed do <strong>tajov modrotla\u010de<\/strong>, ktorej v\u00fdrobu si budete m\u00f4c\u0165 aj sami vysk\u00fa\u0161a\u0165. Spolu s \u0148ou sa obozn\u00e1mite s&nbsp;touto \u0161peci\u00e1lnou technikou farbenia a&nbsp;potl\u00e1\u010dania l\u00e1tky \u2013 postupmi tla\u010denia vzorov na l\u00e1tku s pou\u017eit\u00edm \u0161peci\u00e1lnej krycej zmesi \u201epapu\u201c a pr\u00edpravou farbiacej indigovej zmesi \u201ekypy\u201c.<\/p>\n\n\n\n<p>Pre najmen\u0161\u00edch n\u00e1v\u0161tevn\u00edkov bude pripraven\u00e1 <strong>tvoriv\u00e1 diel\u0148a<\/strong>, v ktorej si bud\u00fa m\u00f4c\u0165 vyrobi\u0165 tkanice na prstoch, utka\u0165 kober\u010dek na stolov\u00fdch krosienkach alebo vysk\u00fa\u0161a\u0165 plstenie ov\u010dej vlny. O tradi\u010dn\u00e9 jedl\u00e1 bude postaran\u00e9 v ponukne <strong>kr\u010dmy z&nbsp;Oravskej Polhory<\/strong>. S\u00fa\u010das\u0165ou programu podujatia bud\u00fa aj <strong>uk\u00e1\u017eky tradi\u010dnej \u013eudovej a umeleckej v\u00fdroby<\/strong>, spojen\u00e9 s&nbsp;predajom.<\/p>\n\n\n\n<p>S\u00fa\u010das\u0165ou podujatia bud\u00fa aj ev. a. v. slu\u017eby Bo\u017eie v kostole z Rudna o 13.30 hod.<\/p>\n\n\n\n<p>Organiz\u00e1tor si vyhradzuje pr\u00e1vo na zmenu programu.<\/p>\n\n\n\n<details class=\"wp-block-details is-layout-flow wp-block-details-is-layout-flow\" style=\"font-size:18px\"><summary>Kontakt<\/summary>\n<p>poklad\u0148a: +421 43\/24 58 116<br>kancel\u00e1ria: +421 43\/24 58 111<br>e-mail: msd@snm.sk<\/p>\n<\/details>\n\n\n\n<details class=\"wp-block-details is-layout-flow wp-block-details-is-layout-flow\" style=\"font-size:18px\"><summary>Kde n\u00e1s n\u00e1jdete<\/summary>\n<h5 class=\"wp-block-heading\">Pr\u00edstup do M\u00fazea slovenskej dediny motorov\u00fdmi vozidlami<\/h5>\n\n\n\n<p><strong>Z centra<\/strong>&nbsp;Jesensk\u00e9ho ulicou, smer Tur\u010dianske Teplice (resp. Bansk\u00e1 Bystrica) pod\u013ea smerov\u00fdch dopravn\u00fdch tab\u00fa\u013e.<\/p>\n\n\n\n<h5 class=\"wp-block-heading\">Pr\u00edstup do M\u00fazea slovenskej dediny linkami MHD<\/h5>\n\n\n\n<p><strong>Z Vr\u00fatok<\/strong>, zast\u00e1vka MHD \u201eVr\u00fatky, \u017eelezni\u010dn\u00e1 stanica\u201c (nach\u00e1dza sa pri \u017eelezni\u010dnej stanici), autobusov\u00e9 linky MHD smer s\u00eddlisko \u013dadove\u0148.&nbsp;<br>Viac na:&nbsp;<a href=\"https:\/\/mhdmt.sk\/#\/\">MHD Martin<\/a><\/p>\n\n\n\n<p><strong>Z Martina<\/strong>, najbli\u017e\u0161ia zast\u00e1vka MHD od \u017eelezni\u010dnej stanice \u201eHlavn\u00e1 po\u0161ta\u201c (nach\u00e1dza sa v centre),<br>pr\u00edpadne zo zast\u00e1vky dia\u013ekov\u00fdch autobusov na ul. Jesensk\u00e9ho (treba prejs\u0165 pe\u0161o cca 2 min. na zast\u00e1vku MHD \u201eNEMOCNICA\u201c).<br>Autobusov\u00e9 linky MHD smer s\u00eddlisko \u013dadove\u0148.&nbsp;<br>Viac na:&nbsp;<a href=\"https:\/\/mhdmt.sk\/\" target=\"_blank\" rel=\"noreferrer noopener\">MHD Martin<\/a><\/p>\n\n\n\n<p>Cesta z kone\u010dnej zast\u00e1vky MHD \u013dadove\u0148 trv\u00e1 do M\u00fazea slovenskej dediny pe\u0161o cca 30 min\u00fat.&nbsp;<\/p>\n\n\n<div style=\"height:400pxpx;\" class=\"wp-block-themeisle-blocks-leaflet-map\" id=\"wp-block-themeisle-blocks-leaflet-map-7c9c7926\"><\/div>\n<script type=\"text\/javascript\">\n\t\/* <![CDATA[ *\/\n\t\tif ( ! window.themeisleLeafletMaps ) window.themeisleLeafletMaps =[];\n\t\twindow.themeisleLeafletMaps.push( { container: \"wp-block-themeisle-blocks-leaflet-map-7c9c7926\", attributes: {\"id\":\"wp-block-themeisle-blocks-leaflet-map-7c9c7926\",\"location\":\"M\\u00fazeum Slovenskej dediny Martin Slovakia\",\"latitude\":\"49.0347956624465\",\"longitude\":\"18.933614733978175\",\"bbox\":\"18.8331413269043,49.01231608866549,19.033985137939457,49.05733257737951\",\"zoom\":13,\"markers\":[{\"id\":\"b9c78b94-e1ad-4733-af5f-79e650c78e5a\",\"latitude\":49.03796641278216128512212890200316905975341796875,\"longitude\":18.923134803771976208963678800500929355621337890625,\"title\":\"M\\u00fazeum slovenskej dediny, Martin\",\"description\":\"\",\"location\":\"M\\u00fazeum slovenskej dediny, Martin\"}],\"height\":\"400px\",\"zoomControl\":true,\"draggable\":true,\"hasCustomCSS\":false,\"customCSS\":\"\",\"TrpContentRestriction\":{\"restriction_type\":\"exclude\",\"selected_languages\":[],\"panel_open\":true},\"otterConditions\":[]} } );\n\t\/* ]]> *\/\n<\/script>\n<\/details>\n\n\n\n<div style=\"height:70px\" aria-hidden=\"true\" class=\"wp-block-spacer\"><\/div>\n\n\n\n<p><strong>V pr\u00edpade ot\u00e1zok t\u00fdkaj\u00facich sa online n\u00e1kupu vstupeniek n\u00e1s kontaktujte na email<\/strong> <a href=\"mailto:pomoc@snm-online.sk\"><strong>pomoc@snm-online.sk<\/strong><\/a><\/p>\n","protected":false},"excerpt":{"rendered":"<p>Vyberte si pros\u00edm z ponuky d\u00e1tumov a term\u00ednov prehliadok: Od \u013eanov\u00e9ho semienka k hotov\u00e9mu odevu viedla dlh\u00e1 cesta. Ako sa v minulosti vyr\u00e1bal textil a&nbsp;ako sa kedysi staralo o&nbsp;odev, sa&hellip;&nbsp;<a href=\"https:\/\/snm-online.sk\/en\/lanova-nedela\/\" class=\"\" rel=\"bookmark\">Read More &raquo;<span class=\"screen-reader-text\">\u013danov\u00e1 nede\u013ea<\/span><\/a><\/p>","protected":false},"author":2,"featured_media":0,"parent":0,"menu_order":0,"comment_status":"closed","ping_status":"closed","template":"","meta":{"_eb_attr":"","neve_meta_sidebar":"","neve_meta_container":"","neve_meta_enable_content_width":"","neve_meta_content_width":0,"neve_meta_title_alignment":"","neve_meta_author_avatar":"","neve_post_elements_order":"","neve_meta_disable_header":"","neve_meta_disable_footer":"","neve_meta_disable_title":"","_themeisle_gutenberg_block_has_review":false,"footnotes":""},"class_list":["post-1226","page","type-page","status-publish","hentry"],"_links":{"self":[{"href":"https:\/\/snm-online.sk\/en\/wp-json\/wp\/v2\/pages\/1226","targetHints":{"allow":["GET"]}}],"collection":[{"href":"https:\/\/snm-online.sk\/en\/wp-json\/wp\/v2\/pages"}],"about":[{"href":"https:\/\/snm-online.sk\/en\/wp-json\/wp\/v2\/types\/page"}],"author":[{"embeddable":true,"href":"https:\/\/snm-online.sk\/en\/wp-json\/wp\/v2\/users\/2"}],"replies":[{"embeddable":true,"href":"https:\/\/snm-online.sk\/en\/wp-json\/wp\/v2\/comments?post=1226"}],"version-history":[{"count":15,"href":"https:\/\/snm-online.sk\/en\/wp-json\/wp\/v2\/pages\/1226\/revisions"}],"predecessor-version":[{"id":4310,"href":"https:\/\/snm-online.sk\/en\/wp-json\/wp\/v2\/pages\/1226\/revisions\/4310"}],"wp:attachment":[{"href":"https:\/\/snm-online.sk\/en\/wp-json\/wp\/v2\/media?parent=1226"}],"curies":[{"name":"wp","href":"https:\/\/api.w.org\/{rel}","templated":true}]}}