{"id":1300,"date":"2024-07-29T15:03:53","date_gmt":"2024-07-29T13:03:53","guid":{"rendered":"https:\/\/snm-online.sk\/?page_id=1300"},"modified":"2024-07-29T15:13:23","modified_gmt":"2024-07-29T13:13:23","slug":"koncert-veronika-rabada","status":"publish","type":"page","link":"https:\/\/snm-online.sk\/en\/koncert-veronika-rabada\/","title":{"rendered":"Koncert Veronika Rabada"},"content":{"rendered":"<div class=\"wp-block-image\">\n<figure class=\"aligncenter size-large is-resized\"><img loading=\"lazy\" decoding=\"async\" width=\"1024\" height=\"583\" src=\"https:\/\/snm-online.sk\/wp-content\/uploads\/2024\/07\/Rabada-1024x583.jpg\" alt=\"\" class=\"wp-image-1301\" style=\"width:936px;height:auto\" srcset=\"https:\/\/snm-online.sk\/wp-content\/uploads\/2024\/07\/Rabada-1024x583.jpg 1024w, https:\/\/snm-online.sk\/wp-content\/uploads\/2024\/07\/Rabada-300x171.jpg 300w, https:\/\/snm-online.sk\/wp-content\/uploads\/2024\/07\/Rabada-768x437.jpg 768w, https:\/\/snm-online.sk\/wp-content\/uploads\/2024\/07\/Rabada-1536x875.jpg 1536w, https:\/\/snm-online.sk\/wp-content\/uploads\/2024\/07\/Rabada-2048x1166.jpg 2048w\" sizes=\"auto, (max-width: 1024px) 100vw, 1024px\" \/><\/figure>\n<\/div>\n\n\n<div style=\"height:15px\" aria-hidden=\"true\" class=\"wp-block-spacer\"><\/div>\n\n\n\n<p><strong>Vyberte si pros\u00edm z ponuky d\u00e1tumov a term\u00ednov prehliadok:<\/strong><\/p>\n\n\n\r\n<section class=\"mb-4\">\r\n    <nav class=\"wper-days\">\r\n        \r\n            <\/nav>\r\n\r\n    \r\n    <ul id=\"wperItems\" class=\"wper-list\">\r\n        Sorry, this date is not available.    <\/ul>\r\n<\/section>\r\n\r\n<div class=\"wper-modal\">\r\n    <div class=\"wper-modal__inner\">\r\n        <div class=\"wper-modal__header\">\r\n            <button type=\"button\" class=\"wper-modal__close js-wper-close-modal\">\r\n                <svg width=\"16\" height=\"16\" viewBox=\"0 0 16 16\" fill=\"none\" class=\"svg\" xmlns=\"http:\/\/www.w3.org\/2000\/svg\"><path d=\"M16 7H3.83L9.42 1.41L8 0L0 8L8 16L9.41 14.59L3.83 9H16V7Z\" fill=\"currentColor\"\/><\/svg> <span>Continue shopping<\/span>\r\n            <\/button>\r\n        <\/div>\r\n\r\n        <iframe src=\"\" frameborder=\"0\" class=\"wper-modal__iframe\"><\/iframe>\r\n    <\/div>\r\n<\/div>\r\n\r\n<div class=\"wper-note\">\r\n    <div class=\"wper-note__inner\">\r\n        <div id=\"wperNoteRetail\" class=\"wper-note__content\">\r\n            <h5 class=\"wper-note__title\">Last tickets available only at the museum ticket office.<\/h5>\r\n\r\n            <p>We are sorry, but due to high interest, all tickets reserved for online sales are sold out.<\/p>\r\n\r\n            <p>Last few tickets are available at the castle ticket office. We recommend you visit the ticket office as soon as possible, as tickets sell out quickly.<\/p>\r\n        <\/div>\r\n\r\n        <div id=\"wperNoteSold\" class=\"wper-note__content\">\r\n            <h5 class=\"wper-note__title\">Tickets for this time slot are sold out.<\/h5>\r\n\r\n            <p>We are sorry, but due to high interest, all tickets for this tour are sold out. No tickets are available for this time slot at the castle ticket office either.<\/p>\r\n\r\n            <p>Please try to select another time slot within the day or consider visiting on a different day. We recommend monitoring our website for availability of tickets for individual tours and events.<\/p>\r\n\r\n            <p>Given the high attendance, we advise purchasing tickets well in advance online.<\/p>\r\n        <\/div>\r\n\r\n        <div class=\"wper-note__actions\">\r\n            <button type=\"submit\" class=\"wper-note__close js-wper-close-note\">Got it<\/button>\r\n        <\/div>\r\n    <\/div>\r\n<\/div>\r\n\n\n\n\n<p>Koncert Veroniky Rabady, spev\u00e1\u010dky ktor\u00e1 prin\u00e1\u0161a na slovensk\u00fa hudobn\u00fa sc\u00e9nu origin\u00e1lnu f\u00faziu popu, folkl\u00f3ru a world music v dynamicky tane\u010dnom \u0161t\u00fdle.<\/p>\n\n\n\n<details class=\"wp-block-details is-layout-flow wp-block-details-is-layout-flow\" style=\"font-size:17px\"><summary>Otv\u00e1racie hodiny<\/summary>\n<p><mark style=\"background-color:rgba(0, 0, 0, 0);color:#9f3515\" class=\"has-inline-color\"><strong>Okt\u00f3ber \u2013 apr\u00edl<\/strong><\/mark><br><strong>Mal\u00fd okruh<\/strong><br>Prehliadky Mal\u00e9ho okruhu v slovenskom jazyku<br>utorok &#8211; nede\u013ea: od 9.30 do 15.30 h, prehliadky za\u010d\u00ednaj\u00fa o 9.30, 11.30, 13.30 a 15.30 h<br>Ve\u013ek\u00fd okruh<br>Prehliadky Ve\u013ek\u00e9ho okruhu v slovenskom jazyku<br>utorok &#8211; nede\u013ea: od 9.30 do 15.30 h, prehliadky za\u010d\u00ednaj\u00fa o 9.30, 11.30, 13.30 a 15.30 h<br><mark style=\"background-color:rgba(0, 0, 0, 0);color:#9f3515\" class=\"has-inline-color\"><strong>M\u00e1j<\/strong><\/mark><br><strong>Mal\u00fd okruh<\/strong><br>Prehliadky Mal\u00e9ho okruhu v slovenskom jazyku<br>utorok &#8211; piatok: od 9.30 do 15.30 h, prehliadky za\u010d\u00ednaj\u00fa o 9.30, 11.30, 13.30 a 15.30 h<br>sobota &#8211; nede\u013ea: od 9.00 do 17.00 h, prehliadky za\u010d\u00ednaj\u00fa ka\u017ed\u00fa cel\u00fa hodinu<br><strong>Ve\u013ek\u00fd okruh<\/strong><br>Prehliadky Ve\u013ek\u00e9ho okruhu v slovenskom jazyku<br>utorok &#8211; piatok: od 9.30 do 15.30 h, prehliadky za\u010d\u00ednaj\u00fa o 9.30, 11.30, 13.30 a 15.30 h<br>sobota &#8211; nede\u013ea: od 9.00 do 17.00 h, prehliadky za\u010d\u00ednaj\u00fa ka\u017ed\u00fa cel\u00fa hodinu<br><mark style=\"background-color:rgba(0, 0, 0, 0);color:#9f3515\" class=\"has-inline-color\"><strong>J\u00fan \u2013 september<\/strong><\/mark><br><strong>Mal\u00fd okruh<\/strong><br>Prehliadky Mal\u00e9ho okruhu v slovenskom jazyku<br>j\u00fan a\u017e september: pondelok &#8211; nede\u013ea: od 9.00 do 17.00 h, prehliadky za\u010d\u00ednaj\u00fa ka\u017ed\u00fa cel\u00fa hodinu<br>Prehliadky Mal\u00e9ho okruhu v anglickom jazyku<br>j\u00fal \u2013 september: pondelok \u2013 nede\u013ea, prehliadky za\u010d\u00ednaj\u00fa o 11.30 a 15.30 h<br><strong>Ve\u013ek\u00fd okruh<\/strong><br>Prehliadky Ve\u013ek\u00e9ho okruhu v slovenskom jazyku<br>j\u00fan a\u017e september: pondelok &#8211; nede\u013ea: od 9.00 do 17.00 h, prehliadky za\u010d\u00ednaj\u00fa ka\u017ed\u00fa cel\u00fa hodinu<br>Prehliadky Ve\u013ek\u00e9ho okruhu v anglickom jazyku<br>j\u00fal \u2013 september: pondelok \u2013 nede\u013ea, prehliadky o 11.30 a 15.30 h<br><strong>Renesan\u010dn\u00e1 pevnos\u0165<\/strong><br>Prehliadky Renesan\u010dnej pevnosti v slovenskom jazyku<br>j\u00fan: sobota \u2013 nede\u013ea, prehliadky za\u010d\u00ednaj\u00fa o 10.00, 12.00, 14.00, 16.00 h<br>j\u00fal a\u017e august: pondelok \u2013 nede\u013ea, prehliadky za\u010d\u00ednaj\u00fa o 10.00, 12.00, 14.00, 16.00 h<br>Prehliadky Renesan\u010dnej pevnosti v cudzom jazyku s\u00fa len na objednanie<br><strong>Ako sa \u017eilo na hrade<\/strong><br>Prehliadky pre deti v slovenskom jazyku<br>j\u00fal, august: pondelok \u2013 nede\u013ea, prehliadky za\u010d\u00ednaj\u00fa o 12.30 a 14.30 h<\/p>\n<\/details>\n\n\n\n<details class=\"wp-block-details is-layout-flow wp-block-details-is-layout-flow\" style=\"font-size:17px\"><summary>Kontakt<\/summary>\n<p><mark style=\"background-color:rgba(0, 0, 0, 0);color:#9f3515\" class=\"has-inline-color\"><strong>S\u00eddlo<\/strong><\/mark><br>SNM \u2013 M\u00fazeum \u010cerven\u00fd Kame\u0148<br>Hrad \u010cerven\u00fd Kame\u0148<br>900 89 \u010cast\u00e1<\/p>\n\n\n\n<p><mark style=\"background-color:rgba(0, 0, 0, 0);color:#9f3515\" class=\"has-inline-color\"><strong>Kontakt<\/strong><\/mark><br>Poklad\u0148a (inform\u00e1cie)<br>email: objednavkymck@snm.sk<br>telef\u00f3n: +421 33 245 51 03<\/p>\n\n\n\n<p><mark style=\"background-color:rgba(0, 0, 0, 0);color:#9f3515\" class=\"has-inline-color\"><strong>Sekretari\u00e1t<\/strong><\/mark><br>email: sekretariatmck@snm.sk<br>telef\u00f3n: +421 33 690 58 05<\/p>\n<\/details>\n\n\n\n<details class=\"wp-block-details is-layout-flow wp-block-details-is-layout-flow\" style=\"font-size:17px\"><summary>Kde n\u00e1s n\u00e1jdete<\/summary>\n<p><\/p>\n\n\n<div style=\"height:400pxpx;\" class=\"wp-block-themeisle-blocks-leaflet-map\" id=\"wp-block-themeisle-blocks-leaflet-map-c90fa913\"><\/div>\n<script type=\"text\/javascript\">\n\t\/* <![CDATA[ *\/\n\t\tif ( ! window.themeisleLeafletMaps ) window.themeisleLeafletMaps =[];\n\t\twindow.themeisleLeafletMaps.push( { container: \"wp-block-themeisle-blocks-leaflet-map-c90fa913\", attributes: {\"id\":\"wp-block-themeisle-blocks-leaflet-map-c90fa913\",\"location\":\"\\u010cast\\u00e1\",\"latitude\":\"48.393535767637786\",\"longitude\":\"17.34097480773926\",\"bbox\":\"17.290763854980472,48.38213599387104,17.39118576049805,48.4049329878897\",\"zoom\":14,\"markers\":[{\"id\":\"a97636d1-9dbc-4da5-9ad0-c216e6d6283c\",\"latitude\":48.39416268110999652662940206937491893768310546875,\"longitude\":17.334794998168948865213678800500929355621337890625,\"title\":\"Hrad \\u010cerven\\u00fd Kame\\u0148\",\"description\":\"\"}],\"height\":\"400px\",\"zoomControl\":true,\"draggable\":true,\"hasCustomCSS\":false,\"customCSS\":\"\",\"TrpContentRestriction\":{\"restriction_type\":\"exclude\",\"selected_languages\":[],\"panel_open\":true},\"otterConditions\":[]} } );\n\t\/* ]]> *\/\n<\/script>\n<\/details>\n\n\n\n<div style=\"height:69px\" aria-hidden=\"true\" class=\"wp-block-spacer\"><\/div>\n\n\n\n<p>V pr\u00edpade ot\u00e1zok t\u00fdkaj\u00facich sa online n\u00e1kupu vstupeniek n\u00e1s kontaktujte na email <a href=\"mailto:pomoc@snm-online.sk\"><strong>pomoc@snm-online.sk<\/strong><\/a><\/p>\n","protected":false},"excerpt":{"rendered":"<p>Vyberte si pros\u00edm z ponuky d\u00e1tumov a term\u00ednov prehliadok: Koncert Veroniky Rabady, spev\u00e1\u010dky ktor\u00e1 prin\u00e1\u0161a na slovensk\u00fa hudobn\u00fa sc\u00e9nu origin\u00e1lnu f\u00faziu popu, folkl\u00f3ru a world music v dynamicky tane\u010dnom \u0161t\u00fdle.&hellip;&nbsp;<a href=\"https:\/\/snm-online.sk\/en\/koncert-veronika-rabada\/\" class=\"\" rel=\"bookmark\">Read More &raquo;<span class=\"screen-reader-text\">Koncert Veronika Rabada<\/span><\/a><\/p>","protected":false},"author":2,"featured_media":0,"parent":0,"menu_order":0,"comment_status":"closed","ping_status":"closed","template":"","meta":{"_eb_attr":"","neve_meta_sidebar":"","neve_meta_container":"","neve_meta_enable_content_width":"","neve_meta_content_width":0,"neve_meta_title_alignment":"","neve_meta_author_avatar":"","neve_post_elements_order":"","neve_meta_disable_header":"","neve_meta_disable_footer":"","neve_meta_disable_title":"","_themeisle_gutenberg_block_has_review":false,"footnotes":""},"class_list":["post-1300","page","type-page","status-publish","hentry"],"_links":{"self":[{"href":"https:\/\/snm-online.sk\/en\/wp-json\/wp\/v2\/pages\/1300","targetHints":{"allow":["GET"]}}],"collection":[{"href":"https:\/\/snm-online.sk\/en\/wp-json\/wp\/v2\/pages"}],"about":[{"href":"https:\/\/snm-online.sk\/en\/wp-json\/wp\/v2\/types\/page"}],"author":[{"embeddable":true,"href":"https:\/\/snm-online.sk\/en\/wp-json\/wp\/v2\/users\/2"}],"replies":[{"embeddable":true,"href":"https:\/\/snm-online.sk\/en\/wp-json\/wp\/v2\/comments?post=1300"}],"version-history":[{"count":12,"href":"https:\/\/snm-online.sk\/en\/wp-json\/wp\/v2\/pages\/1300\/revisions"}],"predecessor-version":[{"id":1338,"href":"https:\/\/snm-online.sk\/en\/wp-json\/wp\/v2\/pages\/1300\/revisions\/1338"}],"wp:attachment":[{"href":"https:\/\/snm-online.sk\/en\/wp-json\/wp\/v2\/media?parent=1300"}],"curies":[{"name":"wp","href":"https:\/\/api.w.org\/{rel}","templated":true}]}}