{"id":1822,"date":"2024-10-30T15:31:53","date_gmt":"2024-10-30T14:31:53","guid":{"rendered":"https:\/\/snm-online.sk\/?page_id=1822"},"modified":"2026-04-21T05:53:15","modified_gmt":"2026-04-21T03:53:15","slug":"bratislavsky-hrad","status":"publish","type":"page","link":"https:\/\/snm-online.sk\/en\/bratislavsky-hrad\/","title":{"rendered":"Museum of History"},"content":{"rendered":"\n<h2 class=\"wp-block-heading\">Slovensk\u00e9 n\u00e1rodn\u00e9 m\u00fazeum &#8211; Historick\u00e9 m\u00fazeum<\/h2>\n\n\n\n<div style=\"height:30px\" aria-hidden=\"true\" class=\"wp-block-spacer\"><\/div>\n\n\n\n<h2 class=\"wp-block-heading has-text-align-center\">Nav\u0161t\u00edvte v\u00fdstavy a expoz\u00edcie m\u00fazea<\/h2>\n\n\n\n<div style=\"height:30px\" aria-hidden=\"true\" class=\"wp-block-spacer\"><\/div>\n\n\n\n<div id=\"wp-block-themeisle-blocks-advanced-columns-46865bf5\" class=\"wp-block-themeisle-blocks-advanced-columns has-3-columns has-desktop-equal-layout has-tablet-equal-layout has-mobile-collapsedRows-layout has-vertical-unset\"><div class=\"wp-block-themeisle-blocks-advanced-columns-overlay\"><\/div><div class=\"innerblocks-wrap\">\n<div id=\"wp-block-themeisle-blocks-advanced-column-4129ecd2\" class=\"wp-block-themeisle-blocks-advanced-column\"><div class=\"wp-block-image\">\n<figure class=\"aligncenter size-full is-resized has-custom-border\"><a href=\"https:\/\/snm-online.sk\/marie-antoinette-z-viedne-do-versailles-az-pod-gilotinu-rytierska-sien-bratislavskeho-hradu\/\"><img loading=\"lazy\" decoding=\"async\" width=\"600\" height=\"400\" src=\"https:\/\/snm-online.sk\/wp-content\/uploads\/2025\/04\/MA-HM-listky-01.jpg\" alt=\"\" class=\"wp-image-3450\" style=\"border-radius:10px;width:344px;height:auto\" srcset=\"https:\/\/snm-online.sk\/wp-content\/uploads\/2025\/04\/MA-HM-listky-01.jpg 600w, https:\/\/snm-online.sk\/wp-content\/uploads\/2025\/04\/MA-HM-listky-01-300x200.jpg 300w\" sizes=\"auto, (max-width: 600px) 100vw, 600px\" \/><\/a><\/figure>\n<\/div>\n\n\n<div style=\"height:20px\" aria-hidden=\"true\" class=\"wp-block-spacer\"><\/div>\n\n\n\n<h5 class=\"wp-block-heading has-text-align-center\" style=\"font-size:19px;font-style:normal;font-weight:500\"><strong>Marie Antoinette<\/strong><\/h5>\n\n\n\n<p class=\"has-text-align-center\" style=\"font-size:18px\">(Rytierska sie\u0148)<\/p>\n\n\n\n<div id=\"wp-block-themeisle-blocks-font-awesome-icons-2fd6e0ce\" class=\"wp-block-themeisle-blocks-font-awesome-icons\"><span class=\"wp-block-themeisle-blocks-font-awesome-icons-container\"><a href=\"https:\/\/snm-online.sk\/marie-antoinette-z-viedne-do-versailles-az-pod-gilotinu-rytierska-sien-bratislavskeho-hradu\/\" target=\"_self\" rel=\"noopener noreferrer\"><i class=\"fas fa-shopping-cart\"><\/i><\/a><\/span><\/div>\n\n\n\n<div style=\"height:20px\" aria-hidden=\"true\" class=\"wp-block-spacer\"><\/div>\n<\/div>\n\n\n\n<div id=\"wp-block-themeisle-blocks-advanced-column-40fd08e9\" class=\"wp-block-themeisle-blocks-advanced-column\"><div class=\"wp-block-image\">\n<figure class=\"aligncenter size-full is-resized has-custom-border\"><a href=\"https:\/\/snm-online.sk\/bratislavsky-hrad-prehliadka\/\"><img loading=\"lazy\" decoding=\"async\" width=\"600\" height=\"400\" src=\"https:\/\/snm-online.sk\/wp-content\/uploads\/2025\/04\/MA-HM-listky-02.jpg\" alt=\"\" class=\"wp-image-3452\" style=\"border-radius:10px;width:344px;height:auto\" srcset=\"https:\/\/snm-online.sk\/wp-content\/uploads\/2025\/04\/MA-HM-listky-02.jpg 600w, https:\/\/snm-online.sk\/wp-content\/uploads\/2025\/04\/MA-HM-listky-02-300x200.jpg 300w\" sizes=\"auto, (max-width: 600px) 100vw, 600px\" \/><\/a><\/figure>\n<\/div>\n\n\n<div style=\"height:20px\" aria-hidden=\"true\" class=\"wp-block-spacer\"><\/div>\n\n\n\n<h5 class=\"wp-block-heading has-text-align-center\" style=\"font-size:19px;font-style:normal;font-weight:500\"><strong>SNM \u2013 Historick\u00e9 m\u00fazeum<\/strong> <\/h5>\n\n\n\n<p class=\"has-text-align-center\" style=\"font-size:18px\">(Hrad + Severn\u00e9 hradby)<\/p>\n\n\n\n<div id=\"wp-block-themeisle-blocks-font-awesome-icons-4b37bff4\" class=\"wp-block-themeisle-blocks-font-awesome-icons\"><span class=\"wp-block-themeisle-blocks-font-awesome-icons-container\"><a href=\"https:\/\/snm-online.sk\/bratislavsky-hrad-prehliadka\/\" target=\"_self\" rel=\"noopener noreferrer\"><i class=\"fas fa-shopping-cart\"><\/i><\/a><\/span><\/div>\n\n\n\n<div style=\"height:20px\" aria-hidden=\"true\" class=\"wp-block-spacer\"><\/div>\n<\/div>\n\n\n\n<div id=\"wp-block-themeisle-blocks-advanced-column-589be6ff\" class=\"wp-block-themeisle-blocks-advanced-column\"><div class=\"wp-block-image\">\n<figure class=\"aligncenter size-full is-resized has-custom-border\"><a href=\"https:\/\/snm-online.sk\/historicke-muzeum-vystava-marie-antoinette-rytierska-sien\/\"><img loading=\"lazy\" decoding=\"async\" width=\"600\" height=\"400\" src=\"https:\/\/snm-online.sk\/wp-content\/uploads\/2025\/04\/MA-HM-listky-03.jpg\" alt=\"\" class=\"wp-image-3453\" style=\"border-radius:10px;width:344px\" srcset=\"https:\/\/snm-online.sk\/wp-content\/uploads\/2025\/04\/MA-HM-listky-03.jpg 600w, https:\/\/snm-online.sk\/wp-content\/uploads\/2025\/04\/MA-HM-listky-03-300x200.jpg 300w\" sizes=\"auto, (max-width: 600px) 100vw, 600px\" \/><\/a><\/figure>\n<\/div>\n\n\n<div style=\"height:20px\" aria-hidden=\"true\" class=\"wp-block-spacer\"><\/div>\n\n\n\n<h6 class=\"wp-block-heading has-text-align-center\" style=\"font-size:19px;font-style:normal;font-weight:500\"><strong>Marie Antoinette + SNM \u2013 Historick\u00e9 m\u00fazeum<\/strong><\/h6>\n\n\n\n<div style=\"height:19px\" aria-hidden=\"true\" class=\"wp-block-spacer\"><\/div>\n\n\n\n<div id=\"wp-block-themeisle-blocks-font-awesome-icons-2082ae5c\" class=\"wp-block-themeisle-blocks-font-awesome-icons\"><span class=\"wp-block-themeisle-blocks-font-awesome-icons-container\"><a href=\"https:\/\/snm-online.sk\/historicke-muzeum-vystava-marie-antoinette-rytierska-sien\/\" target=\"_self\" rel=\"noopener noreferrer\"><i class=\"fas fa-shopping-cart\"><\/i><\/a><\/span><\/div>\n\n\n\n<div style=\"height:20px\" aria-hidden=\"true\" class=\"wp-block-spacer\"><\/div>\n<\/div>\n<\/div><\/div>\n\n\n\n<div style=\"height:100px\" aria-hidden=\"true\" class=\"wp-block-spacer\"><\/div>\n\n\n\n<h2 class=\"wp-block-heading has-text-align-center\">Aktu\u00e1lne podujatia<\/h2>\n\n\n\n<div id=\"wp-block-themeisle-blocks-advanced-columns-0bb18ab2\" class=\"wp-block-themeisle-blocks-advanced-columns has-2-columns has-desktop-twoOne-layout has-tablet-equal-layout has-mobile-collapsedRows-layout has-vertical-unset has-light-bg\"><div class=\"wp-block-themeisle-blocks-advanced-columns-overlay\"><\/div><div class=\"innerblocks-wrap\">\n<div id=\"wp-block-themeisle-blocks-advanced-column-333e658e\" class=\"wp-block-themeisle-blocks-advanced-column\">\n<figure class=\"wp-block-image size-full has-custom-border\"><a href=\"https:\/\/snm-online.sk\/komentovana-prehliadka-vystavou-josip-plecnik\/\"><img loading=\"lazy\" decoding=\"async\" width=\"1050\" height=\"480\" src=\"https:\/\/snm-online.sk\/wp-content\/uploads\/2025\/12\/komentovana-prehliadka_web2.jpg\" alt=\"\" class=\"wp-image-4862\" style=\"border-radius:10px\" srcset=\"https:\/\/snm-online.sk\/wp-content\/uploads\/2025\/12\/komentovana-prehliadka_web2.jpg 1050w, https:\/\/snm-online.sk\/wp-content\/uploads\/2025\/12\/komentovana-prehliadka_web2-300x137.jpg 300w, https:\/\/snm-online.sk\/wp-content\/uploads\/2025\/12\/komentovana-prehliadka_web2-1024x468.jpg 1024w, https:\/\/snm-online.sk\/wp-content\/uploads\/2025\/12\/komentovana-prehliadka_web2-768x351.jpg 768w\" sizes=\"auto, (max-width: 1050px) 100vw, 1050px\" \/><\/a><\/figure>\n<\/div>\n\n\n\n<div id=\"wp-block-themeisle-blocks-advanced-column-1c3832b3\" class=\"wp-block-themeisle-blocks-advanced-column\">\n<div class=\"wp-block-buttons is-content-justification-center is-layout-flex wp-container-core-buttons-is-layout-07f6699d wp-block-buttons-is-layout-flex\" style=\"padding-top:0;padding-right:0;padding-bottom:0;padding-left:0\">\n<div class=\"wp-block-button is-style-default\"><a class=\"wp-block-button__link has-nv-site-bg-color has-nv-dark-bg-background-color has-text-color has-background has-link-color wp-element-button\" href=\"https:\/\/snm-online.sk\/komentovana-prehliadka-vystavou-josip-plecnik\/\" style=\"padding-top:var(--wp--preset--spacing--40);padding-right:var(--wp--preset--spacing--60);padding-bottom:var(--wp--preset--spacing--40);padding-left:var(--wp--preset--spacing--60);font-style:normal;font-weight:700\">Vstupenky<\/a><\/div>\n<\/div>\n<\/div>\n<\/div><\/div>\n\n\n\n<div style=\"height:30px\" aria-hidden=\"true\" class=\"wp-block-spacer\"><\/div>\n\n\n\n<div id=\"wp-block-themeisle-blocks-advanced-columns-539c48dc\" class=\"wp-block-themeisle-blocks-advanced-columns has-1-columns has-desktop-equal-layout has-tablet-equal-layout has-mobile-equal-layout has-vertical-unset\"><div class=\"wp-block-themeisle-blocks-advanced-columns-overlay\"><\/div><div class=\"innerblocks-wrap\">\n<div id=\"wp-block-themeisle-blocks-advanced-column-dfe8ee30\" class=\"wp-block-themeisle-blocks-advanced-column\">\n<div style=\"height:20px\" aria-hidden=\"true\" class=\"wp-block-spacer\"><\/div>\n\n\n\n<div class=\"wp-block-essential-blocks-accordion  root-eb-accordion-4hbmc\"><div class=\"eb-parent-wrapper eb-parent-eb-accordion-4hbmc \"><div class=\"eb-accordion-container eb-accordion-4hbmc\" data-accordion-type=\"accordion\" data-tab-icon=\"fas fa-angle-right\" data-expanded-icon=\"fas fa-angle-down\" data-transition-duration=\"500\"><div class=\"eb-accordion-inner\">\n<div class=\"wp-block-essential-blocks-accordion-item eb-accordion-item-c6cug eb-accordion-wrapper\" data-clickable=\"false\"><div class=\"eb-accordion-title-wrapper eb-accordion-title-wrapper-eb-accordion-4hbmc\" tabindex=\"0\"><span class=\"eb-accordion-icon-wrapper eb-accordion-icon-wrapper-eb-accordion-4hbmc\"><i icon=\"fas fa-angle-right\" class=\"fas fa-angle-right eb-accordion-icon\"><\/i><\/span><div class=\"eb-accordion-title-content-wrap title-content-eb-accordion-4hbmc\"><h3 class=\"eb-accordion-title\">Otv\u00e1racie hodiny<\/h3><\/div><\/div><div class=\"eb-accordion-content-wrapper eb-accordion-content-wrapper-eb-accordion-4hbmc\"><div class=\"eb-accordion-content\">\n<p class=\"has-neve-text-color-color has-text-color has-link-color wp-elements-1ca67125a77d4bfedf9005576f7a1168\"><strong>Bratislavsk\u00fd hrad<\/strong><\/p>\n\n\n\n<p class=\"has-neve-text-color-color has-text-color has-link-color wp-elements-f3b97bca7d970e6f435a0a2ebe14de38\">Otvoren\u00e9 denne okrem utorka&nbsp;od 10.00 &#8211; 18.00 h, posledn\u00fd vstup o&nbsp;17.00 h.<\/p>\n\n\n\n<p class=\"has-neve-text-color-color has-text-color has-link-color wp-elements-2470ba8eaf5f6f84857ef14780715a8e\">Prehliadka v\u00fdstav na Bratislavskom hrade je mo\u017en\u00e1 od stredy do pondelka (vr\u00e1tane), v utorok zatvoren\u00e9.<\/p>\n\n\n\n<p class=\"has-neve-text-color-color has-text-color has-link-color wp-elements-6d0f818d09b3077c4af76829bd9d93fa\">Are\u00e1l Bratislavsk\u00e9ho hradu je otvoren\u00fd ka\u017ed\u00fd de\u0148 od 8.00 &#8211; 22.00 h.<\/p>\n\n\n\n<p class=\"has-neve-text-color-color has-text-color has-link-color wp-elements-7c4f1136dc570aa219609788ada0370d\"><strong>Barokov\u00e1 z\u00e1hrada<\/strong><\/p>\n\n\n\n<p class=\"has-neve-text-color-color has-text-color has-link-color wp-elements-8358b3ea824dc47901b7f86de2ff64a2\">Janu\u00e1r, Febru\u00e1r, November, December   9.00 &#8211; 16.00 h<\/p>\n\n\n\n<p class=\"has-neve-text-color-color has-text-color has-link-color wp-elements-495ad75a22c589d9212281354c515860\">Marec, Okt\u00f3ber   9.00 &#8211; 17.00 h<\/p>\n\n\n\n<p class=\"has-neve-text-color-color has-text-color has-link-color wp-elements-03bddc248acfcbe4324849417e2d5371\">Apr\u00edl, September   9.00 &#8211; 18.00 h<\/p>\n\n\n\n<p class=\"has-neve-text-color-color has-text-color has-link-color wp-elements-f1389326d277bbad7f8226ca33683ac1\">M\u00e1j, August   9.00 &#8211; 20.00 h<\/p>\n\n\n\n<p class=\"has-neve-text-color-color has-text-color has-link-color wp-elements-9cddcc3b63fe9beb9054e66755a55949\">J\u00fan, J\u00fal   9.00 &#8211; 21.00 h<\/p>\n<\/div><\/div><\/div>\n\n\n\n<div class=\"wp-block-essential-blocks-accordion-item eb-accordion-item-0hqmh eb-accordion-wrapper\" data-clickable=\"false\"><div class=\"eb-accordion-title-wrapper eb-accordion-title-wrapper-eb-accordion-4hbmc\" tabindex=\"0\"><span class=\"eb-accordion-icon-wrapper eb-accordion-icon-wrapper-eb-accordion-4hbmc\"><i icon=\"fas fa-angle-right\" class=\"fas fa-angle-right eb-accordion-icon\"><\/i><\/span><div class=\"eb-accordion-title-content-wrap title-content-eb-accordion-4hbmc\"><h3 class=\"eb-accordion-title\">Kontakt<\/h3><\/div><\/div><div class=\"eb-accordion-content-wrapper eb-accordion-content-wrapper-eb-accordion-4hbmc\"><div class=\"eb-accordion-content\">\n<p class=\"has-neve-text-color-color has-text-color has-link-color wp-elements-6cb488ed25c6dee1673069c17d623368\"><strong>S\u00eddlo m\u00fazea<\/strong><\/p>\n\n\n\n<p class=\"has-neve-text-color-color has-text-color has-link-color wp-elements-affa5939e3425c9c3fdae659b654660e\">SNM \u2013 Historick\u00e9 m\u00fazeum<br>Bratislavsk\u00fd hrad<br>P. O. Box 13<br>810 06 Bratislava 16&nbsp;<\/p>\n\n\n\n<p class=\"has-neve-text-color-color has-text-color has-link-color wp-elements-318a7e677257dfabc5c2535a446648bc\"><strong>Kontakt<\/strong><\/p>\n\n\n\n<p class=\"has-neve-text-color-color has-text-color has-link-color wp-elements-3992335715f3ceb1edc3e91a736dd46d\">SNM \u2013 Historick\u00e9 m\u00fazeum,&nbsp;Bratislavsk\u00fd hrad&nbsp;<br>e-mail:&nbsp;&nbsp;&nbsp;<a href=\"mailto:bratislavskyhrad@snm.sk\">bratislavskyhrad@snm.sk<br><\/a>telef\u00f3n:&nbsp;+421 2 204 83 110,&nbsp;+421 915 99 33 01, +421 915 99 33 03<\/p>\n<\/div><\/div><\/div>\n\n\n\n<div class=\"wp-block-essential-blocks-accordion-item eb-accordion-item-c962v eb-accordion-wrapper\" data-clickable=\"false\"><div class=\"eb-accordion-title-wrapper eb-accordion-title-wrapper-eb-accordion-4hbmc\" tabindex=\"0\"><span class=\"eb-accordion-icon-wrapper eb-accordion-icon-wrapper-eb-accordion-4hbmc\"><i icon=\"fas fa-angle-right\" class=\"fas fa-angle-right eb-accordion-icon\"><\/i><\/span><div class=\"eb-accordion-title-content-wrap title-content-eb-accordion-4hbmc\"><h3 class=\"eb-accordion-title\">Inform\u00e1cie pre n\u00e1v\u0161tevn\u00edkov<\/h3><\/div><\/div><div class=\"eb-accordion-content-wrapper eb-accordion-content-wrapper-eb-accordion-4hbmc\"><div class=\"eb-accordion-content\">\n<p class=\"has-neve-text-color-color has-text-color has-link-color wp-elements-d955d957edfd01ce62a958ba2a3fde84\"><strong>Pr\u00edstup do objektu pre osoby Z\u0164P<\/strong><\/p>\n\n\n\n<p class=\"has-neve-text-color-color has-text-color has-link-color wp-elements-ba5ec7d5c6a97cbe7a661f3084630001\">Bo\u010dn\u00fd vstup do m\u00fazea je vybaven\u00fd bezbari\u00e9rov\u00fdm pr\u00edstupom, ku ktor\u00e9mu V\u00e1s nasmeruj\u00fa&nbsp;v&nbsp;pokladni m\u00fazea.&nbsp;Na hrade sa taktie\u017e nach\u00e1dza bezbari\u00e9rov\u00e9 WC.&nbsp;<\/p>\n\n\n\n<p class=\"has-neve-text-color-color has-text-color has-link-color wp-elements-aaf474e73c7dfece75450458be509187\"><strong>Kontakt&nbsp;<\/strong><\/p>\n\n\n\n<p class=\"has-neve-text-color-color has-text-color has-link-color wp-elements-792d2e45d5b110879e545408fe5128c2\">Oddelenie komunik\u00e1cie a vzdel\u00e1vania&nbsp;<br>e-mail:&nbsp;&nbsp;<a href=\"mailto:bratislavskyhrad@snm.sk\">bratislavskyhrad@snm.sk<\/a>&nbsp;<br>telef\u00f3n:&nbsp; +421 2 204 83 104&nbsp;<br>mobil:&nbsp;&nbsp; +421 915 993 301, 915 993 303&nbsp;<\/p>\n\n\n\n<p class=\"has-neve-text-color-color has-text-color has-link-color wp-elements-5b803cc48ea12c4d89c546edb5540bc0\"><strong>M\u00fazejn\u00fd obchod&nbsp;<\/strong><br>e-mail: slavomir.pjatek@snm.sk&nbsp;<br>telef\u00f3n: +421 2 204 83 126<br>mobil: +421 917330623&nbsp;<\/p>\n\n\n\n<p class=\"has-neve-text-color-color has-text-color has-link-color wp-elements-e9f25240833dfa74d3fae615597019a2\"><strong>Poklad\u0148a<\/strong>&nbsp;<br>telef\u00f3n: +421 2 204 83 122&nbsp;<\/p>\n\n\n\n<p class=\"has-neve-text-color-color has-text-color has-link-color wp-elements-7a033bf8d528228af1879bcfa502b160\"><strong>Ako sa k n\u00e1m dostanete?<\/strong><\/p>\n\n\n\n<p class=\"has-neve-text-color-color has-text-color has-link-color wp-elements-9f5a05ebfb0dba3ab48a987dd68ec1b1\">Mestskou hromadnou dopravou: z Hod\u017eovho n\u00e1mestia \u2013 trolejbusy \u010d. 44 a 47 na zast\u00e1vku Hrad alebo Z\u00e1mock\u00e1&nbsp;<br>Pe\u0161o zo Star\u00e9ho mesta: po Z\u00e1mockej ulici, alebo spod&nbsp;Mosta SNP&nbsp;po Z\u00e1mock\u00fdch schodoch&nbsp;<br>Autom:&nbsp;parkovanie v podzemnej gar\u00e1\u017ei, vjazd&nbsp;z ulice Palis\u00e1dy. Cenn\u00edk: 3\u20ac \/hodina, pre n\u00e1v\u0161tevn\u00edkov SNM&nbsp;\u2013&nbsp;Historick\u00e9ho m\u00fazea z\u013eava 50% na max. 3 hodiny (nutn\u00e9 predlo\u017ei\u0165 parkovaciu kartu v pokladni m\u00fazea)<\/p>\n<\/div><\/div><\/div>\n\n\n\n<div class=\"wp-block-essential-blocks-accordion-item eb-accordion-item-t2tgm eb-accordion-wrapper\" data-clickable=\"false\"><div class=\"eb-accordion-title-wrapper eb-accordion-title-wrapper-eb-accordion-4hbmc\" tabindex=\"0\"><span class=\"eb-accordion-icon-wrapper eb-accordion-icon-wrapper-eb-accordion-4hbmc\"><i icon=\"fas fa-angle-right\" class=\"fas fa-angle-right eb-accordion-icon\"><\/i><\/span><div class=\"eb-accordion-title-content-wrap title-content-eb-accordion-4hbmc\"><h3 class=\"eb-accordion-title\">Kde n\u00e1s n\u00e1jdete<\/h3><\/div><\/div><div class=\"eb-accordion-content-wrapper eb-accordion-content-wrapper-eb-accordion-4hbmc\"><div class=\"eb-accordion-content\"><div style=\"height:400pxpx;\" class=\"wp-block-themeisle-blocks-leaflet-map\" id=\"wp-block-themeisle-blocks-leaflet-map-3fca2c2b\"><\/div>\n<script type=\"text\/javascript\">\n\t\/* <![CDATA[ *\/\n\t\tif ( ! window.themeisleLeafletMaps ) window.themeisleLeafletMaps =[];\n\t\twindow.themeisleLeafletMaps.push( { container: \"wp-block-themeisle-blocks-leaflet-map-3fca2c2b\", attributes: {\"id\":\"wp-block-themeisle-blocks-leaflet-map-3fca2c2b\",\"location\":\"Bratislava\",\"latitude\":\"48.14461337442773\",\"longitude\":\"17.110481501678553\",\"bbox\":\"17.110476493835453,48.14461337442773,17.110476493835453,48.14461337442773\",\"zoom\":15,\"markers\":[{\"id\":\"473286fb-e4ab-4201-8b4c-1ad2a34f26ea\",\"latitude\":48.14289522266928855742662562988698482513427734375,\"longitude\":17.100523602090362373928655870258808135986328125,\"title\":\"SNM - Historick\\u00e9 m\\u00fazeum, Bratislavsk\\u00fd hrad\",\"description\":\"\"}],\"height\":\"400px\",\"zoomControl\":true,\"draggable\":true,\"hasCustomCSS\":false,\"customCSS\":\"\",\"TrpContentRestriction\":{\"restriction_type\":\"exclude\",\"selected_languages\":[],\"panel_open\":true},\"otterConditions\":[]} } );\n\t\/* ]]> *\/\n<\/script>\n<\/div><\/div><\/div>\n<\/div><\/div><\/div><\/div>\n\n\n\n<div style=\"height:30px\" aria-hidden=\"true\" class=\"wp-block-spacer\"><\/div>\n\n\n\n<h3 class=\"wp-block-heading has-text-align-center\">Sledujte n\u00e1s na soci\u00e1lnych sie\u0165ach:<\/h3>\n<\/div>\n<\/div><\/div>\n\n\n\n<div class=\"wp-block-essential-blocks-social  root-eb-social-links-tbl2u\"><div class=\"eb-parent-wrapper eb-parent-eb-social-links-tbl2u \"><div class=\"eb-social-links-tbl2u eb-social-links-wrapper\"><ul class=\"eb-socials\"><li><a class=\"facebook-f-original  \" href=\"https:\/\/www.facebook.com\/SNMHistorickeMuzeum?locale=sk_SK\" target=\"_self\" rel=\"noopener\" aria-label=\"social link\"><i class=\"fab fa-facebook-f hvr-icon eb-social-icon\" icon=\"fab fa-facebook-f\"><\/i><\/a><\/li><li><a class=\"instagram-original  \" href=\"https:\/\/www.instagram.com\/snm_historicke_muzeum?igsh=OHA1NjY2ZmI5ZDEw\" target=\"_self\" rel=\"noopener\" aria-label=\"social link\"><i class=\"fab fa-instagram hvr-icon eb-social-icon\" icon=\"fab fa-instagram\"><\/i><\/a><\/li><li><a class=\"youtube-original  \" href=\"https:\/\/www.youtube.com\/@slovenskenarodnemuzeumsnm1382\" target=\"_self\" rel=\"noopener\" aria-label=\"social link\"><i class=\"fab fa-youtube hvr-icon eb-social-icon\" icon=\"fab fa-youtube\"><\/i><\/a><\/li><\/ul><\/div><\/div><\/div>\n\n\n\n<div style=\"height:100px\" aria-hidden=\"true\" class=\"wp-block-spacer\"><\/div>\n\n\n\n<p class=\"has-text-align-center\"><strong>V pr\u00edpade ot\u00e1zok t\u00fdkaj\u00facich sa online n\u00e1kupu vstupeniek n\u00e1s kontaktujte na &nbsp;<a href=\"mailto:pomoc@snm-online.sk\">pomoc@snm-online.sk<\/a><\/strong><\/p>\n\n\n\n<div style=\"height:100px\" aria-hidden=\"true\" class=\"wp-block-spacer\"><\/div>\n","protected":false},"excerpt":{"rendered":"<p>Slovensk\u00e9 n\u00e1rodn\u00e9 m\u00fazeum &#8211; Historick\u00e9 m\u00fazeum Nav\u0161t\u00edvte v\u00fdstavy a expoz\u00edcie m\u00fazea Aktu\u00e1lne podujatia V pr\u00edpade ot\u00e1zok t\u00fdkaj\u00facich sa online n\u00e1kupu vstupeniek n\u00e1s kontaktujte na &nbsp;pomoc@snm-online.sk<\/p>","protected":false},"author":2,"featured_media":0,"parent":0,"menu_order":0,"comment_status":"closed","ping_status":"closed","template":"","meta":{"_eb_attr":"","neve_meta_sidebar":"","neve_meta_container":"","neve_meta_enable_content_width":"","neve_meta_content_width":0,"neve_meta_title_alignment":"","neve_meta_author_avatar":"","neve_post_elements_order":"","neve_meta_disable_header":"","neve_meta_disable_footer":"","neve_meta_disable_title":"","_themeisle_gutenberg_block_has_review":false,"footnotes":""},"class_list":["post-1822","page","type-page","status-publish","hentry"],"_links":{"self":[{"href":"https:\/\/snm-online.sk\/en\/wp-json\/wp\/v2\/pages\/1822","targetHints":{"allow":["GET"]}}],"collection":[{"href":"https:\/\/snm-online.sk\/en\/wp-json\/wp\/v2\/pages"}],"about":[{"href":"https:\/\/snm-online.sk\/en\/wp-json\/wp\/v2\/types\/page"}],"author":[{"embeddable":true,"href":"https:\/\/snm-online.sk\/en\/wp-json\/wp\/v2\/users\/2"}],"replies":[{"embeddable":true,"href":"https:\/\/snm-online.sk\/en\/wp-json\/wp\/v2\/comments?post=1822"}],"version-history":[{"count":266,"href":"https:\/\/snm-online.sk\/en\/wp-json\/wp\/v2\/pages\/1822\/revisions"}],"predecessor-version":[{"id":5274,"href":"https:\/\/snm-online.sk\/en\/wp-json\/wp\/v2\/pages\/1822\/revisions\/5274"}],"wp:attachment":[{"href":"https:\/\/snm-online.sk\/en\/wp-json\/wp\/v2\/media?parent=1822"}],"curies":[{"name":"wp","href":"https:\/\/api.w.org\/{rel}","templated":true}]}}