{"id":1866,"date":"2024-10-30T16:04:09","date_gmt":"2024-10-30T15:04:09","guid":{"rendered":"https:\/\/snm-online.sk\/?page_id=1866"},"modified":"2026-04-01T15:03:44","modified_gmt":"2026-04-01T13:03:44","slug":"slovenske-narodne-muzea-v-martine","status":"publish","type":"page","link":"https:\/\/snm-online.sk\/en\/slovenske-narodne-muzea-v-martine\/","title":{"rendered":"Slovak National Museum in Martin"},"content":{"rendered":"\n<h2 class=\"wp-block-heading\">Slovensk\u00e9 n\u00e1rodn\u00e9 m\u00fazeum<\/h2>\n\n\n\n<div style=\"height:21px\" aria-hidden=\"true\" class=\"wp-block-spacer\"><\/div>\n\n\n\n<div id=\"wp-block-themeisle-blocks-advanced-columns-349940df\" class=\"wp-block-themeisle-blocks-advanced-columns has-3-columns has-desktop-equal-layout has-tablet-equal-layout has-mobile-collapsedRows-layout has-vertical-unset\"><div class=\"wp-block-themeisle-blocks-advanced-columns-overlay\"><\/div><div class=\"innerblocks-wrap\">\n<div id=\"wp-block-themeisle-blocks-advanced-column-1fbe82f0\" class=\"wp-block-themeisle-blocks-advanced-column\">\n<figure class=\"wp-block-image size-full has-custom-border\"><a href=\"https:\/\/snm-online.sk\/etnograficke-muzeum\/\"><img loading=\"lazy\" decoding=\"async\" width=\"763\" height=\"400\" src=\"https:\/\/snm-online.sk\/wp-content\/uploads\/2024\/09\/Etnograficke.jpg\" alt=\"Etnografick\u00e9 m\u00fazeum v Martine\" class=\"wp-image-1783\" style=\"border-radius:9px;aspect-ratio:3\/2;object-fit:cover\" srcset=\"https:\/\/snm-online.sk\/wp-content\/uploads\/2024\/09\/Etnograficke.jpg 763w, https:\/\/snm-online.sk\/wp-content\/uploads\/2024\/09\/Etnograficke-300x157.jpg 300w\" sizes=\"auto, (max-width: 763px) 100vw, 763px\" \/><\/a><\/figure>\n\n\n\n<h5 class=\"wp-block-heading has-text-align-center\" style=\"padding-top:var(--wp--preset--spacing--30);padding-bottom:var(--wp--preset--spacing--30)\">Etnografick\u00e9 m\u00fazeum<\/h5>\n\n\n\n<div class=\"wp-block-essential-blocks-icon  root-eb-icon-mxuff\"><div class=\"eb-parent-wrapper eb-parent-eb-icon-mxuff \"><div class=\"eb-icon-wrapper eb-icon-mxuff eb-icon-view-default\" data-id=\"eb-icon-mxuff\"><div class=\"eb-icon-container\"><span class=\"dashicon dashicons dashicons-tickets-alt\"><\/span><\/div><\/div><\/div><\/div>\n\n\n\n<div class=\"wp-block-buttons is-content-justification-center is-layout-flex wp-container-core-buttons-is-layout-16018d1d wp-block-buttons-is-layout-flex\">\n<div class=\"wp-block-button\"><a class=\"wp-block-button__link has-text-align-center wp-element-button\" href=\"https:\/\/snm-online.sk\/etnograficke-muzeum\/\">Vstupenky<\/a><\/div>\n<\/div>\n<\/div>\n\n\n\n<div id=\"wp-block-themeisle-blocks-advanced-column-525d4a38\" class=\"wp-block-themeisle-blocks-advanced-column\">\n<figure class=\"wp-block-image size-full has-custom-border\"><a href=\"https:\/\/snm-online.sk\/muzeum-andreja-kmeta\/\"><img loading=\"lazy\" decoding=\"async\" width=\"600\" height=\"400\" src=\"https:\/\/snm-online.sk\/wp-content\/uploads\/2024\/09\/Muzeum-Andreja-Kmeta.jpg\" alt=\"\" class=\"wp-image-1786\" style=\"border-radius:9px;aspect-ratio:3\/2;object-fit:cover\" srcset=\"https:\/\/snm-online.sk\/wp-content\/uploads\/2024\/09\/Muzeum-Andreja-Kmeta.jpg 600w, https:\/\/snm-online.sk\/wp-content\/uploads\/2024\/09\/Muzeum-Andreja-Kmeta-300x200.jpg 300w\" sizes=\"auto, (max-width: 600px) 100vw, 600px\" \/><\/a><\/figure>\n\n\n\n<h5 class=\"wp-block-heading has-text-align-center\" style=\"padding-top:var(--wp--preset--spacing--30);padding-bottom:var(--wp--preset--spacing--30)\">M\u00fazeum Andreja Kme\u0165a<\/h5>\n\n\n\n<div class=\"wp-block-essential-blocks-icon  root-eb-icon-hqvgs\"><div class=\"eb-parent-wrapper eb-parent-eb-icon-hqvgs \"><div class=\"eb-icon-wrapper eb-icon-hqvgs eb-icon-view-default\" data-id=\"eb-icon-hqvgs\"><div class=\"eb-icon-container\"><span class=\"dashicon dashicons dashicons-tickets-alt\"><\/span><\/div><\/div><\/div><\/div>\n\n\n\n<div class=\"wp-block-buttons is-content-justification-center is-layout-flex wp-container-core-buttons-is-layout-16018d1d wp-block-buttons-is-layout-flex\">\n<div class=\"wp-block-button\"><a class=\"wp-block-button__link has-text-align-center wp-element-button\" href=\"https:\/\/snm-online.sk\/muzeum-andreja-kmeta\/\">Vstupenky<\/a><\/div>\n<\/div>\n<\/div>\n\n\n\n<div id=\"wp-block-themeisle-blocks-advanced-column-9889d579\" class=\"wp-block-themeisle-blocks-advanced-column\">\n<figure class=\"wp-block-image size-full has-custom-border\"><a href=\"https:\/\/snm-online.sk\/muzeum-slovenskej-dediny\/\"><img loading=\"lazy\" decoding=\"async\" width=\"712\" height=\"534\" src=\"https:\/\/snm-online.sk\/wp-content\/uploads\/2024\/08\/orava-jesen_0F18091-edited.jpg\" alt=\"\" class=\"wp-image-1439\" style=\"border-radius:9px;aspect-ratio:3\/2;object-fit:cover\" srcset=\"https:\/\/snm-online.sk\/wp-content\/uploads\/2024\/08\/orava-jesen_0F18091-edited.jpg 712w, https:\/\/snm-online.sk\/wp-content\/uploads\/2024\/08\/orava-jesen_0F18091-edited-300x225.jpg 300w\" sizes=\"auto, (max-width: 712px) 100vw, 712px\" \/><\/a><\/figure>\n\n\n\n<h5 class=\"wp-block-heading has-text-align-center\" style=\"padding-top:var(--wp--preset--spacing--30);padding-right:0;padding-bottom:var(--wp--preset--spacing--30);padding-left:0\">M\u00fazeum slovenskej dediny <\/h5>\n\n\n\n<div class=\"wp-block-essential-blocks-icon  root-eb-icon-38mou\"><div class=\"eb-parent-wrapper eb-parent-eb-icon-38mou \"><div class=\"eb-icon-wrapper eb-icon-38mou eb-icon-view-default\" data-id=\"eb-icon-38mou\"><div class=\"eb-icon-container\"><span class=\"dashicon dashicons dashicons-tickets-alt\"><\/span><\/div><\/div><\/div><\/div>\n\n\n\n<div class=\"wp-block-buttons is-content-justification-center is-layout-flex wp-container-core-buttons-is-layout-16018d1d wp-block-buttons-is-layout-flex\">\n<div class=\"wp-block-button\"><a class=\"wp-block-button__link has-text-align-center wp-element-button\" href=\"https:\/\/snm-online.sk\/muzeum-slovenskej-dediny\/\">Vstupenky<\/a><\/div>\n<\/div>\n<\/div>\n<\/div><\/div>\n\n\n\n<div id=\"wp-block-themeisle-blocks-advanced-columns-4e1a7163\" class=\"wp-block-themeisle-blocks-advanced-columns has-3-columns has-desktop-equal-layout has-tablet-equal-layout has-mobile-collapsedRows-layout has-vertical-unset\"><div class=\"wp-block-themeisle-blocks-advanced-columns-overlay\"><\/div><div class=\"innerblocks-wrap\">\n<div id=\"wp-block-themeisle-blocks-advanced-column-bbec5cd6\" class=\"wp-block-themeisle-blocks-advanced-column\">\n<figure class=\"wp-block-image size-full has-custom-border\"><a href=\"https:\/\/snm-online.sk\/muzeum-martina-benku\/\"><img loading=\"lazy\" decoding=\"async\" width=\"1200\" height=\"547\" src=\"https:\/\/snm-online.sk\/wp-content\/uploads\/2025\/10\/web-martin-benka.jpg\" alt=\"\" class=\"wp-image-4710\" style=\"border-radius:9px;aspect-ratio:3\/2;object-fit:cover\" srcset=\"https:\/\/snm-online.sk\/wp-content\/uploads\/2025\/10\/web-martin-benka.jpg 1200w, https:\/\/snm-online.sk\/wp-content\/uploads\/2025\/10\/web-martin-benka-300x137.jpg 300w, https:\/\/snm-online.sk\/wp-content\/uploads\/2025\/10\/web-martin-benka-1024x467.jpg 1024w, https:\/\/snm-online.sk\/wp-content\/uploads\/2025\/10\/web-martin-benka-768x350.jpg 768w\" sizes=\"auto, (max-width: 1200px) 100vw, 1200px\" \/><\/a><\/figure>\n\n\n\n<h5 class=\"wp-block-heading has-text-align-center\" style=\"padding-top:var(--wp--preset--spacing--30);padding-bottom:var(--wp--preset--spacing--30)\">M\u00fazeum Martina Benku<\/h5>\n\n\n\n<div style=\"height:30px\" aria-hidden=\"true\" class=\"wp-block-spacer\"><\/div>\n\n\n\n<div class=\"wp-block-essential-blocks-icon  root-eb-icon-cx75c\"><div class=\"eb-parent-wrapper eb-parent-eb-icon-cx75c \"><div class=\"eb-icon-wrapper eb-icon-cx75c eb-icon-view-default\" data-id=\"eb-icon-cx75c\"><div class=\"eb-icon-container\"><span class=\"dashicon dashicons dashicons-tickets-alt\"><\/span><\/div><\/div><\/div><\/div>\n\n\n\n<div class=\"wp-block-buttons is-horizontal is-content-justification-center is-layout-flex wp-container-core-buttons-is-layout-499968f5 wp-block-buttons-is-layout-flex\">\n<div class=\"wp-block-button\"><a class=\"wp-block-button__link has-text-align-center wp-element-button\" href=\"https:\/\/snm-online.sk\/muzeum-martina-benku\/\">Vstupenky<\/a><\/div>\n<\/div>\n<\/div>\n\n\n\n<div id=\"wp-block-themeisle-blocks-advanced-column-e5bc16ff\" class=\"wp-block-themeisle-blocks-advanced-column\">\n<figure class=\"wp-block-image size-full has-custom-border\"><a href=\"https:\/\/snm-online.sk\/muzeum-kultury-romov-na-slovensku\/\"><img loading=\"lazy\" decoding=\"async\" width=\"700\" height=\"319\" src=\"https:\/\/snm-online.sk\/wp-content\/uploads\/2024\/09\/Muzeum-kultury-Romov.jpg\" alt=\"\" class=\"wp-image-1800\" style=\"border-radius:9px;aspect-ratio:3\/2;object-fit:cover\" srcset=\"https:\/\/snm-online.sk\/wp-content\/uploads\/2024\/09\/Muzeum-kultury-Romov.jpg 700w, https:\/\/snm-online.sk\/wp-content\/uploads\/2024\/09\/Muzeum-kultury-Romov-300x137.jpg 300w\" sizes=\"auto, (max-width: 700px) 100vw, 700px\" \/><\/a><\/figure>\n\n\n\n<h5 class=\"wp-block-heading has-text-align-center\" style=\"padding-top:var(--wp--preset--spacing--30);padding-bottom:var(--wp--preset--spacing--30)\">M\u00fazeum kult\u00fary R\u00f3mov na Slovensku<\/h5>\n\n\n\n<div class=\"wp-block-essential-blocks-icon  root-eb-icon-runbf\"><div class=\"eb-parent-wrapper eb-parent-eb-icon-runbf \"><div class=\"eb-icon-wrapper eb-icon-runbf eb-icon-view-default\" data-id=\"eb-icon-runbf\"><div class=\"eb-icon-container\"><span class=\"dashicon dashicons dashicons-tickets-alt\"><\/span><\/div><\/div><\/div><\/div>\n\n\n\n<div class=\"wp-block-buttons is-content-justification-center is-layout-flex wp-container-core-buttons-is-layout-16018d1d wp-block-buttons-is-layout-flex\">\n<div class=\"wp-block-button\"><a class=\"wp-block-button__link has-text-align-center wp-element-button\" href=\"https:\/\/snm-online.sk\/muzeum-kultury-romov-na-slovensku\/\">Vstupenky<\/a><\/div>\n<\/div>\n<\/div>\n\n\n\n<div id=\"wp-block-themeisle-blocks-advanced-column-e4e50cda\" class=\"wp-block-themeisle-blocks-advanced-column\">\n<figure class=\"wp-block-image size-full has-custom-border\"><a href=\"https:\/\/snm-online.sk\/muzeum-kultury-cechov-na-slovensku\/\"><img loading=\"lazy\" decoding=\"async\" width=\"600\" height=\"400\" src=\"https:\/\/snm-online.sk\/wp-content\/uploads\/2024\/09\/Muzeum-Cechov-na-Slovensku.jpg\" alt=\"\" class=\"wp-image-1799\" style=\"border-radius:9px;aspect-ratio:3\/2;object-fit:cover\" srcset=\"https:\/\/snm-online.sk\/wp-content\/uploads\/2024\/09\/Muzeum-Cechov-na-Slovensku.jpg 600w, https:\/\/snm-online.sk\/wp-content\/uploads\/2024\/09\/Muzeum-Cechov-na-Slovensku-300x200.jpg 300w\" sizes=\"auto, (max-width: 600px) 100vw, 600px\" \/><\/a><\/figure>\n\n\n\n<h5 class=\"wp-block-heading has-text-align-center\" style=\"padding-top:var(--wp--preset--spacing--30);padding-bottom:var(--wp--preset--spacing--30)\">M\u00fazeum kult\u00fary \u010cechov na Slovensku<\/h5>\n\n\n\n<div class=\"wp-block-essential-blocks-icon  root-eb-icon-25pgj\"><div class=\"eb-parent-wrapper eb-parent-eb-icon-25pgj \"><div class=\"eb-icon-wrapper eb-icon-25pgj eb-icon-view-default\" data-id=\"eb-icon-25pgj\"><div class=\"eb-icon-container\"><span class=\"dashicon dashicons dashicons-tickets-alt\"><\/span><\/div><\/div><\/div><\/div>\n\n\n\n<div class=\"wp-block-buttons is-content-justification-center is-layout-flex wp-container-core-buttons-is-layout-16018d1d wp-block-buttons-is-layout-flex\">\n<div class=\"wp-block-button\"><a class=\"wp-block-button__link wp-element-button\" href=\"https:\/\/snm-online.sk\/muzeum-kultury-cechov-na-slovensku\/\">Vstupenky<\/a><\/div>\n<\/div>\n<\/div>\n<\/div><\/div>\n\n\n\n<div id=\"wp-block-themeisle-blocks-advanced-columns-083a8125\" class=\"wp-block-themeisle-blocks-advanced-columns has-1-columns has-desktop-equal-layout has-tablet-equal-layout has-mobile-equal-layout has-vertical-unset\"><div class=\"wp-block-themeisle-blocks-advanced-columns-overlay\"><\/div><div class=\"innerblocks-wrap\">\n<div id=\"wp-block-themeisle-blocks-advanced-column-5a2b0dfd\" class=\"wp-block-themeisle-blocks-advanced-column\">\n<div style=\"height:100px\" aria-hidden=\"true\" class=\"wp-block-spacer\"><\/div>\n\n\n\n<div style=\"height:50px\" aria-hidden=\"true\" class=\"wp-block-spacer\"><\/div>\n\n\n\n<div class=\"wp-block-essential-blocks-accordion  root-eb-accordion-v6sx4\"><div class=\"eb-parent-wrapper eb-parent-eb-accordion-v6sx4 \"><div class=\"eb-accordion-container eb-accordion-v6sx4\" data-accordion-type=\"accordion\" data-tab-icon=\"fas fa-angle-right\" data-expanded-icon=\"fas fa-angle-down\" data-transition-duration=\"500\"><div class=\"eb-accordion-inner\">\n<div class=\"wp-block-essential-blocks-accordion-item eb-accordion-item-9iaki eb-accordion-wrapper\" data-clickable=\"false\"><div class=\"eb-accordion-title-wrapper eb-accordion-title-wrapper-eb-accordion-v6sx4\" tabindex=\"0\"><span class=\"eb-accordion-icon-wrapper eb-accordion-icon-wrapper-eb-accordion-v6sx4\"><i icon=\"fas fa-angle-right\" class=\"fas fa-angle-right eb-accordion-icon\"><\/i><\/span><div class=\"eb-accordion-title-content-wrap title-content-eb-accordion-v6sx4\"><h3 class=\"eb-accordion-title\">Otv\u00e1racie hodiny<\/h3><\/div><\/div><div class=\"eb-accordion-content-wrapper eb-accordion-content-wrapper-eb-accordion-v6sx4\"><div class=\"eb-accordion-content\">\n<div class=\"wp-block-essential-blocks-accordion  root-eb-accordion-2s7f1\"><div class=\"eb-parent-wrapper eb-parent-eb-accordion-2s7f1 \"><div class=\"eb-accordion-container eb-accordion-2s7f1\" data-accordion-type=\"accordion\" data-tab-icon=\"fas fa-angle-right\" data-expanded-icon=\"fas fa-angle-down\" data-transition-duration=\"500\"><div class=\"eb-accordion-inner\">\n<div class=\"wp-block-essential-blocks-accordion-item eb-accordion-item-916eh eb-accordion-wrapper\" data-clickable=\"false\"><div class=\"eb-accordion-title-wrapper eb-accordion-title-wrapper-eb-accordion-2s7f1\" tabindex=\"0\"><span class=\"eb-accordion-icon-wrapper eb-accordion-icon-wrapper-eb-accordion-2s7f1\"><i icon=\"fas fa-angle-right\" class=\"fas fa-angle-right eb-accordion-icon\"><\/i><\/span><div class=\"eb-accordion-title-content-wrap title-content-eb-accordion-2s7f1\"><h3 class=\"eb-accordion-title\">Etnografick\u00e9 m\u00fazeum:<\/h3><\/div><\/div><div class=\"eb-accordion-content-wrapper eb-accordion-content-wrapper-eb-accordion-2s7f1\"><div class=\"eb-accordion-content\">\n<h6 class=\"wp-block-heading\"><strong>Be\u017en\u00e9 otv\u00e1racie hodiny:<\/strong><\/h6>\n\n\n\n<p><strong><\/strong>Utorok \u2013 piatok:&nbsp;9.00 \u2013 17.00 h<br>Sobota \u2013 nede\u013ea:&nbsp;10.00 \u2013 18.00 h<br>Posledn\u00fd vstup do m\u00fazea je 30 min\u00fat pred koncom otv\u00e1rac\u00edch hod\u00edn.&nbsp;<\/p>\n\n\n\n<h6 class=\"wp-block-heading\"><strong>Z\u00e1hrada pri Slovenskom n\u00e1rodnom m\u00fazeu v Martine<\/strong><\/h6>\n\n\n\n<h6 class=\"wp-block-heading\"><strong>Od 1. apr\u00edla do 31. okt\u00f3bra<\/strong>&nbsp;<\/h6>\n\n\n\n<p>Utorok \u2013 piatok:&nbsp;9.00 \u2013 17.00 h&nbsp;<br>Sobota \u2013 nede\u013ea:&nbsp;10.00 \u2013 17.30 h&nbsp;<\/p>\n<\/div><\/div><\/div>\n\n\n\n<div class=\"wp-block-essential-blocks-accordion-item eb-accordion-item-dkd90 eb-accordion-wrapper\" data-clickable=\"false\"><div class=\"eb-accordion-title-wrapper eb-accordion-title-wrapper-eb-accordion-2s7f1\" tabindex=\"0\"><span class=\"eb-accordion-icon-wrapper eb-accordion-icon-wrapper-eb-accordion-2s7f1\"><i icon=\"fas fa-angle-right\" class=\"fas fa-angle-right eb-accordion-icon\"><\/i><\/span><div class=\"eb-accordion-title-content-wrap title-content-eb-accordion-2s7f1\"><h3 class=\"eb-accordion-title\">M\u00fazeum Andreja Kme\u0165a:<\/h3><\/div><\/div><div class=\"eb-accordion-content-wrapper eb-accordion-content-wrapper-eb-accordion-2s7f1\"><div class=\"eb-accordion-content\">\n<h6 class=\"wp-block-heading\"><strong>Be\u017en\u00e9 otv\u00e1racie hodiny:<\/strong><\/h6>\n\n\n\n<p><strong><\/strong>Utorok&nbsp;\u2013 piatok: 9.00&nbsp;\u2013 12.00 h, 12.30&nbsp;\u2013&nbsp;17.00 h, posledn\u00fd vstup 16.30 h<br>Sobota&nbsp;\u2013 nede\u013ea: 10.00&nbsp;\u2013 12.00 h, 13.00&nbsp;\u2013 18.00 h,&nbsp;posledn\u00fd vstup 17.30 h<br>Po\u010das pracovn\u00e9ho t\u00fd\u017ed\u0148a je m\u00fazeum otvoren\u00e9 aj po\u010das obeda.&nbsp;<\/p>\n\n\n\n<h6 class=\"wp-block-heading\"><strong>Objedn\u00e1vanie skup\u00edn&nbsp;<\/strong><\/h6>\n\n\n\n<p>Vzh\u013eadom na obmedzen\u00fa kapacitu priestorov m\u00fazea&nbsp;V\u00e1s pros\u00edme pri v\u00e4\u010d\u0161om po\u010dte \u010dlenov skupiny (napr. \u0161kolsk\u00e1 trieda&#8230;) dostato\u010dne v\u010das n\u00e1v\u0161tevu objedna\u0165 na pokladni m\u00fazea na t. \u010d. 043\/ 24 55 113 (pr\u00edpadne mailom:&nbsp;<a href=\"mailto:snmmarin@snm.sk\">snmmartin@snm.sk<\/a>). Objednan\u00e9 skupiny maj\u00fa pri vstupe a prehliadke s lektorom prednos\u0165 pred neobjednan\u00fdmi n\u00e1v\u0161tevn\u00edkmi.&nbsp;<\/p>\n<\/div><\/div><\/div>\n\n\n\n<div class=\"wp-block-essential-blocks-accordion-item eb-accordion-item-zqyjr eb-accordion-wrapper\" data-clickable=\"false\"><div class=\"eb-accordion-title-wrapper eb-accordion-title-wrapper-eb-accordion-2s7f1\" tabindex=\"0\"><span class=\"eb-accordion-icon-wrapper eb-accordion-icon-wrapper-eb-accordion-2s7f1\"><i icon=\"fas fa-angle-right\" class=\"fas fa-angle-right eb-accordion-icon\"><\/i><\/span><div class=\"eb-accordion-title-content-wrap title-content-eb-accordion-2s7f1\"><h3 class=\"eb-accordion-title\">M\u00fazeum slovenskej dediny:<\/h3><\/div><\/div><div class=\"eb-accordion-content-wrapper eb-accordion-content-wrapper-eb-accordion-2s7f1\"><div class=\"eb-accordion-content\">\n<h6 class=\"wp-block-heading has-neve-text-color-color has-text-color has-link-color wp-elements-756eb9d2c2b205f9112cb73dac7210a6\"><strong>Be\u017en\u00e9 otv\u00e1racie hodiny:<\/strong><\/h6>\n\n\n\n<h6 class=\"wp-block-heading has-neve-text-color-color has-text-color has-link-color wp-elements-172eba807956ac72f58a1aa24a484130\"><strong>m\u00e1j &#8211; okt\u00f3ber:<\/strong><strong><br><\/strong>denne okrem pondelka od 9:00 do 17:00 hod. (posledn\u00fd vstup o 16:00 hod.)<\/h6>\n\n\n\n<p><strong>november &#8211; apr\u00edl:<\/strong><strong><br><\/strong>denne okrem pondelka a soboty od 09:00 do 14:30 hod. (posledn\u00fd vstup o 13:30 hod.)<\/p>\n\n\n\n<p><strong>Posledn\u00fd vstup do are\u00e1lu je 60 min\u00fat pred koncom otv\u00e1rac\u00edch hod\u00edn.<\/strong><\/p>\n\n\n\n<h6 class=\"wp-block-heading has-nv-dark-bg-color has-text-color has-link-color wp-elements-a3ab48310791fe69f6393986a2c7b6c9\">Objedn\u00e1vanie skup\u00edn&nbsp;<\/h6>\n\n\n\n<p><strong>Pri v\u00e4\u010d\u0161om po\u010dte \u010dlenov&nbsp;skupiny (napr. \u0161kolsk\u00e1 trieda&#8230;) si pros\u00edm objednajte svoju n\u00e1v\u0161tevu na pokladni m\u00fazea&nbsp;v \u010dase otv\u00e1rac\u00edch hod\u00edn na t. \u010d. 043\/ 24 58 116.&nbsp;<\/strong><strong><\/strong><\/p>\n<\/div><\/div><\/div>\n\n\n\n<div class=\"wp-block-essential-blocks-accordion-item eb-accordion-item-t0ofm eb-accordion-wrapper\" data-clickable=\"false\"><div class=\"eb-accordion-title-wrapper eb-accordion-title-wrapper-eb-accordion-2s7f1\" tabindex=\"0\"><span class=\"eb-accordion-icon-wrapper eb-accordion-icon-wrapper-eb-accordion-2s7f1\"><i icon=\"fas fa-angle-right\" class=\"fas fa-angle-right eb-accordion-icon\"><\/i><\/span><div class=\"eb-accordion-title-content-wrap title-content-eb-accordion-2s7f1\"><h3 class=\"eb-accordion-title\">M\u00fazeum Martina Benku:<\/h3><\/div><\/div><div class=\"eb-accordion-content-wrapper eb-accordion-content-wrapper-eb-accordion-2s7f1\"><div class=\"eb-accordion-content\">\n<h6 class=\"wp-block-heading\"><strong>Otv\u00e1racie hodiny<\/strong><\/h6>\n\n\n\n<p>utorok \u2013 piatok: 9.00 \u2013 12.00 hod.&nbsp;(posledn\u00fd vstup o 11.00 hod.), 13.00 \u2013 17.00 hod. (posledn\u00fd vstup o 16.00 hod.)<\/p>\n\n\n\n<p>sobota: 10.00 \u2013 12.00 hod.&nbsp;(posledn\u00fd vstup o 11.00 hod.), 13.00 \u2013 18.00 hod. (posledn\u00fd vstup o 17.00 hod.)<\/p>\n<\/div><\/div><\/div>\n\n\n\n<div class=\"wp-block-essential-blocks-accordion-item eb-accordion-item-05r2p eb-accordion-wrapper\" data-clickable=\"false\"><div class=\"eb-accordion-title-wrapper eb-accordion-title-wrapper-eb-accordion-2s7f1\" tabindex=\"0\"><span class=\"eb-accordion-icon-wrapper eb-accordion-icon-wrapper-eb-accordion-2s7f1\"><i icon=\"fas fa-angle-right\" class=\"fas fa-angle-right eb-accordion-icon\"><\/i><\/span><div class=\"eb-accordion-title-content-wrap title-content-eb-accordion-2s7f1\"><h3 class=\"eb-accordion-title\">M\u00fazeum kult\u00fary \u010cechov na Slovensku:<\/h3><\/div><\/div><div class=\"eb-accordion-content-wrapper eb-accordion-content-wrapper-eb-accordion-2s7f1\"><div class=\"eb-accordion-content\">\n<p>Utorok&nbsp;\u2013 piatok:&nbsp;&nbsp;12.00&nbsp;\u2013 16.00 h, posledn\u00fd vstup o 15.30 h<\/p>\n<\/div><\/div><\/div>\n\n\n\n<div class=\"wp-block-essential-blocks-accordion-item eb-accordion-item-j1ms0 eb-accordion-wrapper\" data-clickable=\"false\"><div class=\"eb-accordion-title-wrapper eb-accordion-title-wrapper-eb-accordion-2s7f1\" tabindex=\"0\"><span class=\"eb-accordion-icon-wrapper eb-accordion-icon-wrapper-eb-accordion-2s7f1\"><i icon=\"fas fa-angle-right\" class=\"fas fa-angle-right eb-accordion-icon\"><\/i><\/span><div class=\"eb-accordion-title-content-wrap title-content-eb-accordion-2s7f1\"><h3 class=\"eb-accordion-title\">M\u00fazeum kult\u00fary R\u00f3mov na Slovensku:<\/h3><\/div><\/div><div class=\"eb-accordion-content-wrapper eb-accordion-content-wrapper-eb-accordion-2s7f1\"><div class=\"eb-accordion-content\">\n<p>M\u00fazeum kult\u00fary R\u00f3mov na Slovensku s\u00eddli v are\u00e1li&nbsp;<a href=\"https:\/\/www.snm.sk\/muzea-snm\/muzea-v-martine\/muzeum-slovenskej-dediny\/navstivte\/otvaracie-hodiny\">M\u00fazea slovenskej dediny<\/a>&nbsp;a platia pre\u0148 rovnak\u00e9 otv\u00e1racie hodiny.<\/p>\n\n\n\n<p><strong>m\u00e1j &#8211; okt\u00f3ber:<\/strong><strong><br><\/strong>denne okrem pondelka od 9:00 do 17:00 hod. (posledn\u00fd vstup o 16:00 hod.)<\/p>\n\n\n\n<p><strong>november &#8211; apr\u00edl:<\/strong><strong><br><\/strong>denne okrem pondelka a soboty od 09:00 do 14:30 hod. (posledn\u00fd vstup o 13:30 hod.)<\/p>\n\n\n\n<p><strong>Posledn\u00fd vstup do are\u00e1lu je 60 min\u00fat pred koncom otv\u00e1rac\u00edch hod\u00edn.<\/strong><\/p>\n\n\n\n<h6 class=\"wp-block-heading has-neve-text-color-color has-text-color has-link-color wp-elements-8a009a3c3d2b48d811c58591772ec714\">Objedn\u00e1vanie skup\u00edn&nbsp;<\/h6>\n\n\n\n<p><strong>Pri v\u00e4\u010d\u0161om po\u010dte \u010dlenov&nbsp;skupiny (napr. \u0161kolsk\u00e1 trieda&#8230;) si pros\u00edm objednajte svoju n\u00e1v\u0161tevu na pokladni m\u00fazea&nbsp;v \u010dase otv\u00e1rac\u00edch hod\u00edn na t. \u010d. 043\/ 24 58 116.&nbsp;<\/strong><strong><\/strong><\/p>\n<\/div><\/div><\/div>\n<\/div><\/div><\/div><\/div>\n\n\n\n<p>Otv\u00e1racie hodiny jednotliv\u00fdch m\u00faze\u00ed sa m\u00f4\u017eu meni\u0165. Pre aktu\u00e1lne inform\u00e1cie o otv\u00e1rac\u00edch hodin\u00e1ch jednotliv\u00fdch m\u00faze\u00ed, pros\u00edm nav\u0161t\u00edvte str\u00e1nku <a href=\"https:\/\/www.snm.sk\/muzea-snm\/muzea-v-martine\/muzea-v-martine\/navstivte#slovenske-narodne-muzeum-v-martine-otvaracie-hodiny\">Slovensk\u00e9ho n\u00e1rodn\u00e9ho m\u00fazea.<\/a> <\/p>\n<\/div><\/div><\/div>\n\n\n\n<div class=\"wp-block-essential-blocks-accordion-item eb-accordion-item-qqbvo eb-accordion-wrapper\" data-clickable=\"false\"><div class=\"eb-accordion-title-wrapper eb-accordion-title-wrapper-eb-accordion-v6sx4\" tabindex=\"0\"><span class=\"eb-accordion-icon-wrapper eb-accordion-icon-wrapper-eb-accordion-v6sx4\"><i icon=\"fas fa-angle-right\" class=\"fas fa-angle-right eb-accordion-icon\"><\/i><\/span><div class=\"eb-accordion-title-content-wrap title-content-eb-accordion-v6sx4\"><h3 class=\"eb-accordion-title\">Kontakt<\/h3><\/div><\/div><div class=\"eb-accordion-content-wrapper eb-accordion-content-wrapper-eb-accordion-v6sx4\"><div class=\"eb-accordion-content\">\n<h6 class=\"wp-block-heading\"><strong>S\u00eddlo m\u00fazea&nbsp;<\/strong><\/h6>\n\n\n\n<p>Slovensk\u00e9 n\u00e1rodn\u00e9 m\u00fazeum&nbsp;\u2013 M\u00faze\u00e1 v Martine<br>Mal\u00e1 hora 2<br>036 80 Martin&nbsp;<\/p>\n\n\n\n<h6 class=\"wp-block-heading\"><strong>Kore\u0161ponden\u010dn\u00e1 adresa<\/strong>&nbsp;<\/h6>\n\n\n\n<p>SNM \u2013 M\u00faze\u00e1 v Martine<br>Mal\u00e1 hora 2<br>P. O. BOX 155<br>036 80 Martin<\/p>\n\n\n\n<h6 class=\"wp-block-heading\"><strong>Kontakt<\/strong><\/h6>\n\n\n\n<p>e-mail:&nbsp;&nbsp;<a href=\"mailto:snmmartin@snm.sk\">snmmartin@snm.sk<br><\/a>telef\u00f3n:&nbsp;+421 43 24 54 231<\/p>\n\n\n\n<p><\/p>\n\n\n\n<p><strong>Viac info na:<\/strong> <a href=\"https:\/\/www.snm.sk\/muzea-snm\/muzea-v-martine\/muzea-v-martine\/navstivte\">https:\/\/www.snm.sk\/muzea-snm\/muzea-v-martine\/muzea-v-martine\/navstivte<\/a><\/p>\n<\/div><\/div><\/div>\n\n\n\n<div class=\"wp-block-essential-blocks-accordion-item eb-accordion-item-04olh eb-accordion-wrapper\" data-clickable=\"false\"><div class=\"eb-accordion-title-wrapper eb-accordion-title-wrapper-eb-accordion-v6sx4\" tabindex=\"0\"><span class=\"eb-accordion-icon-wrapper eb-accordion-icon-wrapper-eb-accordion-v6sx4\"><i icon=\"fas fa-angle-right\" class=\"fas fa-angle-right eb-accordion-icon\"><\/i><\/span><div class=\"eb-accordion-title-content-wrap title-content-eb-accordion-v6sx4\"><h3 class=\"eb-accordion-title\">Inform\u00e1cie pre n\u00e1v\u0161tevn\u00edkov<\/h3><\/div><\/div><div class=\"eb-accordion-content-wrapper eb-accordion-content-wrapper-eb-accordion-v6sx4\"><div class=\"eb-accordion-content\">\n<h6 class=\"wp-block-heading\"><strong>Ako sa k n\u00e1m dostanete?&nbsp;<\/strong><\/h6>\n\n\n\n<p>Slovensk\u00e9 n\u00e1rodn\u00e9 m\u00fazeum v Martine s\u00eddli na Malej hore 2. Pe\u0161iu z\u00f3nu v Martine pri Slovenskom komornom divadle kri\u017euje ulica Andreja Kme\u0165a. Na jednom jej konci je \u017eelezni\u010dn\u00e1 stanica na druhom konci, na kopci je budova m\u00fazea. Ne\u010faleko m\u00fazea sa nach\u00e1dza N\u00e1rodn\u00fd cintor\u00edn.<\/p>\n<\/div><\/div><\/div>\n\n\n\n<div class=\"wp-block-essential-blocks-accordion-item eb-accordion-item-lv49u eb-accordion-wrapper\" data-clickable=\"false\"><div class=\"eb-accordion-title-wrapper eb-accordion-title-wrapper-eb-accordion-v6sx4\" tabindex=\"0\"><span class=\"eb-accordion-icon-wrapper eb-accordion-icon-wrapper-eb-accordion-v6sx4\"><i icon=\"fas fa-angle-right\" class=\"fas fa-angle-right eb-accordion-icon\"><\/i><\/span><div class=\"eb-accordion-title-content-wrap title-content-eb-accordion-v6sx4\"><h3 class=\"eb-accordion-title\">Kde n\u00e1s n\u00e1jdete<\/h3><\/div><\/div><div class=\"eb-accordion-content-wrapper eb-accordion-content-wrapper-eb-accordion-v6sx4\"><div class=\"eb-accordion-content\"><div style=\"height:400pxpx;\" class=\"wp-block-themeisle-blocks-leaflet-map\" id=\"wp-block-themeisle-blocks-leaflet-map-409607da\"><\/div>\n<script type=\"text\/javascript\">\n\t\/* <![CDATA[ *\/\n\t\tif ( ! window.themeisleLeafletMaps ) window.themeisleLeafletMaps =[];\n\t\twindow.themeisleLeafletMaps.push( { container: \"wp-block-themeisle-blocks-leaflet-map-409607da\", attributes: {\"id\":\"wp-block-themeisle-blocks-leaflet-map-409607da\",\"location\":\"Martin, Slovakia\",\"latitude\":\"49.054632736807044\",\"longitude\":\"18.930465673858627\",\"bbox\":\"18.930473327636722,49.054632736807044,18.930473327636722,49.054632736807044\",\"zoom\":13,\"markers\":[{\"id\":\"1b3bcf99-8b83-4a73-9972-663e9fba3574\",\"latitude\":49.067652491096936273606843315064907073974609375,\"longitude\":18.91877894117815372965196729637682437896728515625,\"title\":\"SNM - M\\u00fazeum Martina Benku\",\"description\":\"\"},{\"id\":\"b0ac4ec1-9d7d-4653-afb2-d5404de40a3b\",\"latitude\":49.06545933726567199073542724363505840301513671875,\"longitude\":18.920133270968793937072405242361128330230712890625,\"title\":\"SNM - M\\u00fazeum Andreja Kme\\u0165a\",\"description\":\"\"},{\"id\":\"7cec0295-2492-4eca-96a6-d5177a5c933b\",\"latitude\":49.0640534185115058107840013690292835235595703125,\"longitude\":18.928348621954125263755486230365931987762451171875,\"title\":\"SNM - Etnografick\\u00e9 m\\u00fazeum\",\"description\":\"\"},{\"id\":\"eb58c1ce-9be9-4503-ab59-072b4d09aa52\",\"latitude\":49.06407450758663202350362553261220455169677734375,\"longitude\":18.917760314652667830159771256148815155029296875,\"title\":\"SNM - M\\u00fazeum kult\\u00fary \\u010cechov na Slovensku\",\"description\":\"\"},{\"id\":\"b572e4ad-46df-4cfd-801a-7a9af4a988b1\",\"latitude\":49.039119874175639779423363506793975830078125,\"longitude\":18.928199240432451944116110098548233509063720703125,\"title\":\"SNM - M\\u00fazeum slovenskej dediny\",\"description\":\"\"},{\"id\":\"582290fe-c850-4e3e-a7af-6fb330222182\",\"latitude\":49.03954186556311611866476596333086490631103515625,\"longitude\":18.92955060288922908284803270362317562103271484375,\"title\":\"SNM - M\\u00fazeum kult\\u00fary R\\u00f3mov na Slovensku\",\"description\":\"\"}],\"height\":\"400px\",\"zoomControl\":true,\"draggable\":true,\"hasCustomCSS\":false,\"customCSS\":\"\",\"TrpContentRestriction\":{\"restriction_type\":\"exclude\",\"selected_languages\":[],\"panel_open\":true},\"otterConditions\":[]} } );\n\t\/* ]]> *\/\n<\/script>\n<\/div><\/div><\/div>\n<\/div><\/div><\/div><\/div>\n<\/div>\n<\/div><\/div>\n\n\n\n<div style=\"height:50px\" aria-hidden=\"true\" class=\"wp-block-spacer\"><\/div>\n\n\n\n<div id=\"wp-block-themeisle-blocks-advanced-columns-8bfb317f\" class=\"wp-block-themeisle-blocks-advanced-columns has-1-columns has-desktop-equal-layout has-tablet-equal-layout has-mobile-equal-layout has-vertical-unset\"><div class=\"wp-block-themeisle-blocks-advanced-columns-overlay\"><\/div><div class=\"innerblocks-wrap\">\n<div id=\"wp-block-themeisle-blocks-advanced-column-7ed90f48\" class=\"wp-block-themeisle-blocks-advanced-column\">\n<h3 class=\"wp-block-heading has-text-align-center\">Sledujte n\u00e1s na soci\u00e1lnych sie\u0165ach:<\/h3>\n\n\n\n<div class=\"wp-block-essential-blocks-social  root-eb-social-links-kfc8m\"><div class=\"eb-parent-wrapper eb-parent-eb-social-links-kfc8m \"><div class=\"eb-social-links-kfc8m eb-social-links-wrapper\"><ul class=\"eb-socials\"><li><a class=\"facebook-f-original  \" href=\"https:\/\/www.facebook.com\/muzeummartin\/?locale=sk_SK\" target=\"_self\" rel=\"noopener\" aria-label=\"social link\"><i class=\"fab fa-facebook-f hvr-icon eb-social-icon\" icon=\"fab fa-facebook-f\"><\/i><\/a><\/li><li><a class=\"instagram-original  \" href=\"https:\/\/www.instagram.com\/muzeummartin?igsh=d3U3emppM2hlZXM3\" target=\"_self\" rel=\"noopener\" aria-label=\"social link\"><i class=\"fab fa-instagram hvr-icon eb-social-icon\" icon=\"fab fa-instagram\"><\/i><\/a><\/li><li><a class=\"youtube-original  \" href=\"\" target=\"_self\" rel=\"noopener\" aria-label=\"social link\"><i class=\"fab fa-youtube hvr-icon eb-social-icon\" icon=\"fab fa-youtube\"><\/i><\/a><\/li><\/ul><\/div><\/div><\/div>\n<\/div>\n<\/div><\/div>\n\n\n\n<div style=\"height:100px\" aria-hidden=\"true\" class=\"wp-block-spacer\"><\/div>\n","protected":false},"excerpt":{"rendered":"<p>Slovak National Museum<\/p>","protected":false},"author":2,"featured_media":0,"parent":0,"menu_order":0,"comment_status":"closed","ping_status":"closed","template":"","meta":{"_eb_attr":"","neve_meta_sidebar":"","neve_meta_container":"","neve_meta_enable_content_width":"","neve_meta_content_width":0,"neve_meta_title_alignment":"","neve_meta_author_avatar":"","neve_post_elements_order":"","neve_meta_disable_header":"","neve_meta_disable_footer":"","neve_meta_disable_title":"","_themeisle_gutenberg_block_has_review":false,"footnotes":""},"class_list":["post-1866","page","type-page","status-publish","hentry"],"_links":{"self":[{"href":"https:\/\/snm-online.sk\/en\/wp-json\/wp\/v2\/pages\/1866","targetHints":{"allow":["GET"]}}],"collection":[{"href":"https:\/\/snm-online.sk\/en\/wp-json\/wp\/v2\/pages"}],"about":[{"href":"https:\/\/snm-online.sk\/en\/wp-json\/wp\/v2\/types\/page"}],"author":[{"embeddable":true,"href":"https:\/\/snm-online.sk\/en\/wp-json\/wp\/v2\/users\/2"}],"replies":[{"embeddable":true,"href":"https:\/\/snm-online.sk\/en\/wp-json\/wp\/v2\/comments?post=1866"}],"version-history":[{"count":74,"href":"https:\/\/snm-online.sk\/en\/wp-json\/wp\/v2\/pages\/1866\/revisions"}],"predecessor-version":[{"id":5213,"href":"https:\/\/snm-online.sk\/en\/wp-json\/wp\/v2\/pages\/1866\/revisions\/5213"}],"wp:attachment":[{"href":"https:\/\/snm-online.sk\/en\/wp-json\/wp\/v2\/media?parent=1866"}],"curies":[{"name":"wp","href":"https:\/\/api.w.org\/{rel}","templated":true}]}}