{"id":2045,"date":"2024-10-30T15:47:15","date_gmt":"2024-10-30T14:47:15","guid":{"rendered":"https:\/\/snm-online.sk\/?page_id=2045"},"modified":"2026-03-27T17:37:16","modified_gmt":"2026-03-27T16:37:16","slug":"muzeum-martina-benku","status":"publish","type":"page","link":"https:\/\/snm-online.sk\/en\/muzeum-martina-benku\/","title":{"rendered":"M\u00fazeum Martina Benku"},"content":{"rendered":"\n<h2 class=\"wp-block-heading\">Slovensk\u00e9 n\u00e1rodn\u00e9 m\u00fazeum<\/h2>\n\n\n\n<div style=\"height:30px\" aria-hidden=\"true\" class=\"wp-block-spacer\"><\/div>\n\n\n\n<div id=\"wp-block-themeisle-blocks-advanced-columns-7fe0dc4b\" class=\"wp-block-themeisle-blocks-advanced-columns has-2-columns has-desktop-equal-layout has-tablet-equal-layout has-mobile-equal-layout has-vertical-unset\"><div class=\"wp-block-themeisle-blocks-advanced-columns-overlay\"><\/div><div class=\"innerblocks-wrap\">\n<div id=\"wp-block-themeisle-blocks-advanced-column-dc615d9d\" class=\"wp-block-themeisle-blocks-advanced-column\">\n<figure class=\"wp-block-image size-large has-custom-border\"><img loading=\"lazy\" decoding=\"async\" width=\"1024\" height=\"467\" src=\"https:\/\/snm-online.sk\/wp-content\/uploads\/2025\/10\/web-martin-benka-1024x467.jpg\" alt=\"\" class=\"wp-image-4710\" style=\"border-radius:8px;aspect-ratio:3\/2;object-fit:cover\" srcset=\"https:\/\/snm-online.sk\/wp-content\/uploads\/2025\/10\/web-martin-benka-1024x467.jpg 1024w, https:\/\/snm-online.sk\/wp-content\/uploads\/2025\/10\/web-martin-benka-300x137.jpg 300w, https:\/\/snm-online.sk\/wp-content\/uploads\/2025\/10\/web-martin-benka-768x350.jpg 768w, https:\/\/snm-online.sk\/wp-content\/uploads\/2025\/10\/web-martin-benka.jpg 1200w\" sizes=\"auto, (max-width: 1024px) 100vw, 1024px\" \/><\/figure>\n<\/div>\n\n\n\n<div id=\"wp-block-themeisle-blocks-advanced-column-089ce271\" class=\"wp-block-themeisle-blocks-advanced-column\">\n<figure class=\"wp-block-image size-large has-custom-border\"><img loading=\"lazy\" decoding=\"async\" width=\"1024\" height=\"576\" src=\"https:\/\/snm-online.sk\/wp-content\/uploads\/2025\/10\/web-dom-martin-benka-1024x576.jpg\" alt=\"\" class=\"wp-image-4712\" style=\"border-radius:8px;aspect-ratio:3\/2;object-fit:cover\" srcset=\"https:\/\/snm-online.sk\/wp-content\/uploads\/2025\/10\/web-dom-martin-benka-1024x576.jpg 1024w, https:\/\/snm-online.sk\/wp-content\/uploads\/2025\/10\/web-dom-martin-benka-300x169.jpg 300w, https:\/\/snm-online.sk\/wp-content\/uploads\/2025\/10\/web-dom-martin-benka-768x432.jpg 768w, https:\/\/snm-online.sk\/wp-content\/uploads\/2025\/10\/web-dom-martin-benka-1536x864.jpg 1536w, https:\/\/snm-online.sk\/wp-content\/uploads\/2025\/10\/web-dom-martin-benka.jpg 2048w\" sizes=\"auto, (max-width: 1024px) 100vw, 1024px\" \/><\/figure>\n<\/div>\n<\/div><\/div>\n\n\n\n<div style=\"height:30px\" aria-hidden=\"true\" class=\"wp-block-spacer\"><\/div>\n\n\n\n<p><strong>Vyberte si pros\u00edm z ponuky d\u00e1tumov a term\u00ednov prehliadok:<\/strong><\/p>\n\n\n\n\n\n<p>M\u00fazeum Martina Benku bolo spr\u00edstupnen\u00e9 v roku 1972 v dome na Kuzm\u00e1nyho ulici, v ktorom pre\u017eil jeden z najv\u00fdznamnej\u0161\u00edch slovensk\u00fdch umelcov posledn\u00fa dek\u00e1du svojho \u017eivota. Po \u0161tyroch rokoch rokoch rekon\u0161trukcie ho Slovensk\u00e9 n\u00e1rodn\u00e9 m\u00fazeum v Martine otv\u00e1ra pre n\u00e1v\u0161tevn\u00edkov od 29. j\u00fana 2023.<\/p>\n\n\n\n<p>Interi\u00e9r m\u00fazea s ve\u013emi osobitou atmosf\u00e9rou je pod\u013ea poslednej v\u00f4le Martine Benku (1888 \u2013 1971) zachovan\u00fd v autentickej podobe, \u010do sme v plnej miere akceptovali aj citlivo zvolenou formou rekon\u0161trukcie. Okrem zn\u00e1mych Benkov\u00fdch obrazov pribli\u017euje aj jeho \u010fal\u0161ie tvoriv\u00e9 \u010dinnosti \u2013 napr\u00edklad dizajn p\u00edsma a \u00fa\u017eitkov\u00fdch predmetov \u010di l\u00e1sku k hudbe, umelcov vkus, z\u00e1\u013euby, ale tie\u017e sny, t\u00fa\u017eby i nezrealizovan\u00e9 pl\u00e1ny. Tvoriv\u00fa \u010dinorodos\u0165 jeho osobnosti dokres\u013euje gal\u00e9ria a jeho n\u00e1bytkom zariaden\u00e1 pracov\u0148a, ateli\u00e9r i sp\u00e1l\u0148a, ktor\u00e9 akoby len predned\u00e1vnom opustil.<\/p>\n\n\n\n<p>Do expoz\u00edcie pribudli interi\u00e9rov\u00e9 doplnky \u2013 napr\u00edklad svietidl\u00e1, ktor\u00e9 pod\u013ea fotografi\u00ed zdobili priestory umelcovej dom\u00e1cnosti po\u010das jeho \u017eivota. N\u00e1v\u0161tevn\u00edci bud\u00fa m\u00f4c\u0165 nahliadnu\u0165 aj do Benkovej sp\u00e1lne, ktorej p\u00f4vodn\u00fa \u2013 modr\u00fa farbu sme odhalili len v\u010faka rekon\u0161trukcii. Fas\u00e1da budovy dostala nov\u00fd n\u00e1ter a n\u00e1v\u0161tevn\u00edci neprehliadnu \u0161kridlov\u00fa strechu, ku ktorej sme sa po pre\u0161tudovan\u00ed dobov\u00fdch fotografi\u00ed a konzult\u00e1ci\u00e1ch s Krajsk\u00fdm pamiatkov\u00fdm \u00faradom v \u017diline vr\u00e1tili. Kv\u00f4li komfortu n\u00e1v\u0161tevn\u00edkov sme zve\u013eadili aj pr\u00edstup k m\u00fazeu a jeho n\u00e1v\u0161tevn\u00edcke z\u00e1zemie.<\/p>\n\n\n\n<p>Martin Benka e\u0161te po\u010das \u017eivota odovzdal v roku 1960 formou darovacej zmluvy podstatn\u00fa \u010das\u0165 svojej tvorby (pribli\u017ene 5 200 v\u00fdtvarn\u00fdch diel) \u010deskoslovensk\u00e9mu \u0161t\u00e1tu. Cel\u00fd ostatn\u00fd majetok \u2013 \u010fal\u0161ie umeleck\u00e9 diela, osobn\u00e9 predmety a bohat\u00fa kni\u017enicu zanechal \u0161t\u00e1tu formou Testamentu z roku 1969. Finan\u010dn\u00fa hotovos\u0165 vr\u00e1tane autorsk\u00fdch pr\u00e1v v s\u00fa\u010dasnosti spravuje Komisia pre spr\u00e1vu pozostalosti Martina Benku pri Fonde v\u00fdtvarn\u00fdch umen\u00ed. Hotovos\u0165 a&nbsp;pr\u00edjmy z autorsk\u00fdch pr\u00e1v s\u00fa v zmysle majstrovho \u017eelania z\u00e1kladom Ceny Martina Benku, odovzd\u00e1vanej ka\u017edoro\u010dne za\u010d\u00ednaj\u00facim aj u\u017e etablovan\u00fdm v\u00fdtvarn\u00fdm umelcom a teoretikom umenia. Tieto financie tie\u017e sl\u00fa\u017eili na n\u00e1kup v\u00fdtvarn\u00fdch diel do zbierky m\u00fazea i na ich re\u0161taurovanie. V s\u00fa\u010dasnosti spravuje Slovensk\u00e9 n\u00e1rodn\u00e9 m\u00fazeum v Martine \u2013 M\u00fazeum Martina Benku pribli\u017ene 12 000 v\u00fdtvarn\u00fdch diel a osobn\u00fdch predmetov umelca.<\/p>\n\n\n\n<div class=\"wp-block-essential-blocks-accordion  root-eb-accordion-5ign0\"><div class=\"eb-parent-wrapper eb-parent-eb-accordion-5ign0 \"><div class=\"eb-accordion-container eb-accordion-5ign0\" data-accordion-type=\"accordion\" data-tab-icon=\"fas fa-angle-right\" data-expanded-icon=\"fas fa-angle-down\" data-transition-duration=\"500\"><div class=\"eb-accordion-inner\">\n<div class=\"wp-block-essential-blocks-accordion-item eb-accordion-item-013ng eb-accordion-wrapper\" data-clickable=\"false\"><div class=\"eb-accordion-title-wrapper eb-accordion-title-wrapper-eb-accordion-5ign0\" tabindex=\"0\"><span class=\"eb-accordion-icon-wrapper eb-accordion-icon-wrapper-eb-accordion-5ign0\"><i icon=\"fas fa-angle-right\" class=\"fas fa-angle-right eb-accordion-icon\"><\/i><\/span><div class=\"eb-accordion-title-content-wrap title-content-eb-accordion-5ign0\"><h3 class=\"eb-accordion-title\">Otv\u00e1racie hodiny<\/h3><\/div><\/div><div class=\"eb-accordion-content-wrapper eb-accordion-content-wrapper-eb-accordion-5ign0\"><div class=\"eb-accordion-content\">\n<h6 class=\"wp-block-heading\"><strong>Otv\u00e1racie hodiny<\/strong><\/h6>\n\n\n\n<p>utorok \u2013 piatok: 9.00 \u2013 12.00 hod.&nbsp;(posledn\u00fd vstup o 11.00 hod.), 13.00 \u2013 17.00 hod. (posledn\u00fd vstup o 16.00 hod.)<\/p>\n\n\n\n<p>sobota: 10.00 \u2013 12.00 hod.&nbsp;(posledn\u00fd vstup o 11.00 hod.), 13.00 \u2013 18.00 hod. (posledn\u00fd vstup o 17.00 hod.)<\/p>\n<\/div><\/div><\/div>\n\n\n\n<div class=\"wp-block-essential-blocks-accordion-item eb-accordion-item-yjj30 eb-accordion-wrapper\" data-clickable=\"false\"><div class=\"eb-accordion-title-wrapper eb-accordion-title-wrapper-eb-accordion-5ign0\" tabindex=\"0\"><span class=\"eb-accordion-icon-wrapper eb-accordion-icon-wrapper-eb-accordion-5ign0\"><i icon=\"fas fa-angle-right\" class=\"fas fa-angle-right eb-accordion-icon\"><\/i><\/span><div class=\"eb-accordion-title-content-wrap title-content-eb-accordion-5ign0\"><h3 class=\"eb-accordion-title\">Kontakt<\/h3><\/div><\/div><div class=\"eb-accordion-content-wrapper eb-accordion-content-wrapper-eb-accordion-5ign0\"><div class=\"eb-accordion-content\">\n<h6 class=\"wp-block-heading\"><strong>S\u00eddlo&nbsp;<\/strong><\/h6>\n\n\n\n<p>M\u00fazeum Martina Benku&nbsp;<br>Ul. Kuzm\u00e1nyho 34&nbsp;<br>036 01&nbsp; Martin&nbsp;<\/p>\n\n\n\n<h6 class=\"wp-block-heading\"><strong>Kore\u0161ponden\u010dn\u00e1 adresa<\/strong><\/h6>\n\n\n\n<p>SNM&nbsp;\u2013 M\u00faze\u00e1 v Martine<br>M\u00fazeum Martina Benku<br>Mal\u00e1 hora 2<br>P. O. BOX 155<br>036 80&nbsp; Martin<\/p>\n\n\n\n<p><\/p>\n\n\n\n<h6 class=\"wp-block-heading\"><strong>Kontakty<\/strong><\/h6>\n\n\n\n<p>e-mail:&nbsp;<a href=\"mailto:mmb@snm.sk\">mmb@snm.sk<\/a><a href=\"mailto:mmb@max.euroweb.sk\"><br><\/a>tel.:&nbsp; &nbsp; &nbsp;&nbsp;+421 43 24 57 111&nbsp;<\/p>\n<\/div><\/div><\/div>\n\n\n\n<div class=\"wp-block-essential-blocks-accordion-item eb-accordion-item-f7g3q eb-accordion-wrapper\" data-clickable=\"false\"><div class=\"eb-accordion-title-wrapper eb-accordion-title-wrapper-eb-accordion-5ign0\" tabindex=\"0\"><span class=\"eb-accordion-icon-wrapper eb-accordion-icon-wrapper-eb-accordion-5ign0\"><i icon=\"fas fa-angle-right\" class=\"fas fa-angle-right eb-accordion-icon\"><\/i><\/span><div class=\"eb-accordion-title-content-wrap title-content-eb-accordion-5ign0\"><h3 class=\"eb-accordion-title\">Kde n\u00e1s n\u00e1jdete<\/h3><\/div><\/div><div class=\"eb-accordion-content-wrapper eb-accordion-content-wrapper-eb-accordion-5ign0\"><div class=\"eb-accordion-content\"><div style=\"height:400pxpx;\" class=\"wp-block-themeisle-blocks-leaflet-map\" id=\"wp-block-themeisle-blocks-leaflet-map-219ecb56\"><\/div>\n<script type=\"text\/javascript\">\n\t\/* <![CDATA[ *\/\n\t\tif ( ! window.themeisleLeafletMaps ) window.themeisleLeafletMaps =[];\n\t\twindow.themeisleLeafletMaps.push( { container: \"wp-block-themeisle-blocks-leaflet-map-219ecb56\", attributes: {\"id\":\"wp-block-themeisle-blocks-leaflet-map-219ecb56\",\"location\":\"Martin, Slovakia\",\"latitude\":\"49.066893333417376\",\"longitude\":\"18.92125052486679\",\"bbox\":\"18.921246528625492,49.066893333417376,18.921246528625492,49.066893333417376\",\"zoom\":15,\"markers\":[{\"id\":\"e0d05af2-abc1-49db-8360-1714d5a0ad19\",\"latitude\":49.0674556735529989737187861464917659759521484375,\"longitude\":18.9185968446776797691200044937431812286376953125,\"title\":\"SNM - M\\u00fazeum Martina Benku\",\"description\":\"\"}],\"height\":\"400px\",\"zoomControl\":true,\"draggable\":true,\"hasCustomCSS\":false,\"customCSS\":\"\",\"TrpContentRestriction\":{\"restriction_type\":\"exclude\",\"selected_languages\":[],\"panel_open\":true},\"otterConditions\":[]} } );\n\t\/* ]]> *\/\n<\/script>\n<\/div><\/div><\/div>\n<\/div><\/div><\/div><\/div>\n\n\n\n<div style=\"height:50px\" aria-hidden=\"true\" class=\"wp-block-spacer\"><\/div>\n\n\n\n<p><strong>V pr\u00edpade ot\u00e1zok t\u00fdkaj\u00facich sa online n\u00e1kupu vstupeniek n\u00e1s kontaktujte na email&nbsp;<a href=\"mailto:pomoc@snm-online.sk\">pomoc@snm-online.sk<\/a><\/strong><\/p>\n\n\n\n<div style=\"height:100px\" aria-hidden=\"true\" class=\"wp-block-spacer\"><\/div>\n","protected":false},"excerpt":{"rendered":"<p>Slovensk\u00e9 n\u00e1rodn\u00e9 m\u00fazeum Vyberte si pros\u00edm z ponuky d\u00e1tumov a term\u00ednov prehliadok: M\u00fazeum Martina Benku bolo spr\u00edstupnen\u00e9 v roku 1972 v dome na Kuzm\u00e1nyho ulici, v ktorom pre\u017eil jeden z&hellip;&nbsp;<a href=\"https:\/\/snm-online.sk\/en\/muzeum-martina-benku\/\" class=\"\" rel=\"bookmark\">Read More &raquo;<span class=\"screen-reader-text\">M\u00fazeum Martina Benku<\/span><\/a><\/p>","protected":false},"author":2,"featured_media":0,"parent":0,"menu_order":0,"comment_status":"closed","ping_status":"closed","template":"","meta":{"_eb_attr":"","neve_meta_sidebar":"","neve_meta_container":"","neve_meta_enable_content_width":"","neve_meta_content_width":0,"neve_meta_title_alignment":"","neve_meta_author_avatar":"","neve_post_elements_order":"","neve_meta_disable_header":"","neve_meta_disable_footer":"","neve_meta_disable_title":"","_themeisle_gutenberg_block_has_review":false,"footnotes":""},"class_list":["post-2045","page","type-page","status-publish","hentry"],"_links":{"self":[{"href":"https:\/\/snm-online.sk\/en\/wp-json\/wp\/v2\/pages\/2045","targetHints":{"allow":["GET"]}}],"collection":[{"href":"https:\/\/snm-online.sk\/en\/wp-json\/wp\/v2\/pages"}],"about":[{"href":"https:\/\/snm-online.sk\/en\/wp-json\/wp\/v2\/types\/page"}],"author":[{"embeddable":true,"href":"https:\/\/snm-online.sk\/en\/wp-json\/wp\/v2\/users\/2"}],"replies":[{"embeddable":true,"href":"https:\/\/snm-online.sk\/en\/wp-json\/wp\/v2\/comments?post=2045"}],"version-history":[{"count":25,"href":"https:\/\/snm-online.sk\/en\/wp-json\/wp\/v2\/pages\/2045\/revisions"}],"predecessor-version":[{"id":5195,"href":"https:\/\/snm-online.sk\/en\/wp-json\/wp\/v2\/pages\/2045\/revisions\/5195"}],"wp:attachment":[{"href":"https:\/\/snm-online.sk\/en\/wp-json\/wp\/v2\/media?parent=2045"}],"curies":[{"name":"wp","href":"https:\/\/api.w.org\/{rel}","templated":true}]}}