{"id":2334,"date":"2024-10-30T15:58:51","date_gmt":"2024-10-30T14:58:51","guid":{"rendered":"https:\/\/snm-online.sk\/?page_id=2334"},"modified":"2026-04-16T14:42:44","modified_gmt":"2026-04-16T12:42:44","slug":"muzeum-slovenskej-dediny","status":"publish","type":"page","link":"https:\/\/snm-online.sk\/en\/muzeum-slovenskej-dediny\/","title":{"rendered":"M\u00fazeum slovenskej dediny"},"content":{"rendered":"\n<h2 class=\"wp-block-heading\">Slovensk\u00e9 n\u00e1rodn\u00e9 m\u00fazeum<\/h2>\n\n\n\n<div style=\"height:40px\" aria-hidden=\"true\" class=\"wp-block-spacer\"><\/div>\n\n\n\n<h3 class=\"wp-block-heading has-text-align-center\">Aktu\u00e1lne podujatia<\/h3>\n\n\n\n<div id=\"wp-block-themeisle-blocks-advanced-columns-2915ecef\" class=\"wp-block-themeisle-blocks-advanced-columns has-2-columns has-desktop-oneTwo-layout has-tablet-equal-layout has-mobile-collapsedRows-layout has-vertical-unset\"><div class=\"wp-block-themeisle-blocks-advanced-columns-overlay\"><\/div><div class=\"innerblocks-wrap\">\n<div id=\"wp-block-themeisle-blocks-advanced-column-5ae4f191\" class=\"wp-block-themeisle-blocks-advanced-column\">\n<figure class=\"wp-block-image size-large\"><a href=\"https:\/\/snm-online.sk\/laska-na-dedine\/\"><img loading=\"lazy\" decoding=\"async\" width=\"1024\" height=\"373\" src=\"https:\/\/snm-online.sk\/wp-content\/uploads\/2026\/04\/banery-web-02-2-1024x373.jpg\" alt=\"\" class=\"wp-image-5244\" srcset=\"https:\/\/snm-online.sk\/wp-content\/uploads\/2026\/04\/banery-web-02-2-1024x373.jpg 1024w, https:\/\/snm-online.sk\/wp-content\/uploads\/2026\/04\/banery-web-02-2-300x109.jpg 300w, https:\/\/snm-online.sk\/wp-content\/uploads\/2026\/04\/banery-web-02-2-768x280.jpg 768w, https:\/\/snm-online.sk\/wp-content\/uploads\/2026\/04\/banery-web-02-2-1536x560.jpg 1536w, https:\/\/snm-online.sk\/wp-content\/uploads\/2026\/04\/banery-web-02-2-18x7.jpg 18w, https:\/\/snm-online.sk\/wp-content\/uploads\/2026\/04\/banery-web-02-2.jpg 1920w\" sizes=\"auto, (max-width: 1024px) 100vw, 1024px\" \/><\/a><\/figure>\n<\/div>\n\n\n\n<div id=\"wp-block-themeisle-blocks-advanced-column-e3c6f685\" class=\"wp-block-themeisle-blocks-advanced-column\">\n<div class=\"wp-block-buttons is-content-justification-center is-layout-flex wp-container-core-buttons-is-layout-16018d1d wp-block-buttons-is-layout-flex\">\n<div class=\"wp-block-button\"><a class=\"wp-block-button__link has-background wp-element-button\" href=\"https:\/\/snm-online.sk\/laska-na-dedine\/\" style=\"background-color:#0e4c69;padding-top:var(--wp--preset--spacing--40);padding-right:var(--wp--preset--spacing--50);padding-bottom:var(--wp--preset--spacing--40);padding-left:var(--wp--preset--spacing--50)\">Vstupenky<\/a><\/div>\n<\/div>\n<\/div>\n<\/div><\/div>\n\n\n\n<div style=\"height:20px\" aria-hidden=\"true\" class=\"wp-block-spacer\"><\/div>\n\n\n\n<div id=\"wp-block-themeisle-blocks-advanced-columns-8a9d5c6f\" class=\"wp-block-themeisle-blocks-advanced-columns has-2-columns has-desktop-equal-layout has-tablet-equal-layout has-mobile-collapsedRows-layout has-vertical-unset\"><div class=\"wp-block-themeisle-blocks-advanced-columns-overlay\"><\/div><div class=\"innerblocks-wrap\">\n<div id=\"wp-block-themeisle-blocks-advanced-column-780d4bfc\" class=\"wp-block-themeisle-blocks-advanced-column\">\n<figure class=\"wp-block-image size-full is-resized has-custom-border\"><img loading=\"lazy\" decoding=\"async\" width=\"600\" height=\"400\" src=\"https:\/\/snm-online.sk\/wp-content\/uploads\/2024\/10\/skanzen-Martin.jpg\" alt=\"\" class=\"wp-image-2335\" style=\"border-radius:5px;aspect-ratio:3\/2;object-fit:cover;width:584px;height:auto\" srcset=\"https:\/\/snm-online.sk\/wp-content\/uploads\/2024\/10\/skanzen-Martin.jpg 600w, https:\/\/snm-online.sk\/wp-content\/uploads\/2024\/10\/skanzen-Martin-300x200.jpg 300w\" sizes=\"auto, (max-width: 600px) 100vw, 600px\" \/><\/figure>\n<\/div>\n\n\n\n<div id=\"wp-block-themeisle-blocks-advanced-column-4c3c9125\" class=\"wp-block-themeisle-blocks-advanced-column\">\n<figure class=\"wp-block-image size-full is-resized has-custom-border\"><img loading=\"lazy\" decoding=\"async\" width=\"700\" height=\"600\" src=\"https:\/\/snm-online.sk\/wp-content\/uploads\/2024\/10\/Muzeum-slovenskej-dediny-2.jpg\" alt=\"\" class=\"wp-image-2338\" style=\"border-radius:5px;aspect-ratio:3\/2;object-fit:cover;width:585px;height:auto\" srcset=\"https:\/\/snm-online.sk\/wp-content\/uploads\/2024\/10\/Muzeum-slovenskej-dediny-2.jpg 700w, https:\/\/snm-online.sk\/wp-content\/uploads\/2024\/10\/Muzeum-slovenskej-dediny-2-300x257.jpg 300w\" sizes=\"auto, (max-width: 700px) 100vw, 700px\" \/><\/figure>\n<\/div>\n<\/div><\/div>\n\n\n\n<p><strong>Vyberte si pros\u00edm z ponuky d\u00e1tumov a term\u00ednov prehliadok:<\/strong><\/p>\n\n\n\n\n\n<p><strong>M\u00fazeum slovenskej dediny<\/strong> je najv\u00e4\u010d\u0161ou n\u00e1rodopisnou expoz\u00edciou v&nbsp;pr\u00edrode na Slovensku. Slovensk\u00e9 n\u00e1rodn\u00e9 m\u00fazeum v&nbsp;Martine ho buduje od druhej polovice 60. rokov 20. storo\u010dia ako celoslovensk\u00fa expoz\u00edciu tradi\u010dn\u00e9ho \u013eudov\u00e9ho stavite\u013estva, b\u00fdvania a&nbsp;sp\u00f4sobu \u017eivota na Slovensku v&nbsp;obdob\u00ed druhej polovice 19. a&nbsp;prvej polovice 20. storo\u010dia. V&nbsp;jeho expozi\u010dnom are\u00e1li je na ploche 15,5 ha nateraz s\u00fastreden\u00fdch takmer 150 obytn\u00fdch, hospod\u00e1rskych, technick\u00fdch, spolo\u010densk\u00fdch a&nbsp;sakr\u00e1lnych stavieb z&nbsp;regi\u00f3nov Orava, Turiec, Kysuce \u2013 Podjavorn\u00edky a&nbsp;Liptov. <strong>S\u00fa obrazom rozmanitosti foriem tradi\u010dnej stavebnej kult\u00fary a&nbsp;hospod\u00e1rsko-soci\u00e1lneho rozvrstvenia obyvate\u013eov severoz\u00e1padnej \u010dasti Slovenska.<\/strong><\/p>\n\n\n\n<p>\u010cas\u0165 objektov je interi\u00e9rovo zariaden\u00e1 a&nbsp;pr\u00edstupn\u00e1 n\u00e1v\u0161tevn\u00edkom. V&nbsp;regi\u00f3ne Orava patr\u00ed k&nbsp;najpozoruhodnej\u0161\u00edm zemianska usadlos\u0165 z&nbsp;Vy\u0161n\u00e9ho Kub\u00edna z&nbsp;roku 1748. V&nbsp;centre are\u00e1lu je situovan\u00fd tur\u010diansky regi\u00f3n, ktor\u00e9ho dominantu tvor\u00ed dreven\u00fd r\u00edmskokatol\u00edcky kostol z&nbsp;Rudna z&nbsp;roku 1792. K&nbsp;unik\u00e1tnym stavb\u00e1m patr\u00ed aj filag\u00f3ria zo Slovensk\u00e9ho Pravna s&nbsp;cenn\u00fdmi doskov\u00fdmi ma\u013ebami z&nbsp;roku 1792 a&nbsp;rekon\u0161truovan\u00fd objekt voz\u00e1rne z&nbsp;Mo\u0161kovca.<\/p>\n\n\n\n<p>K&nbsp;slu\u017eb\u00e1m poskytovan\u00fdm n\u00e1v\u0161tevn\u00edkom M\u00fazea slovenskej dediny patr\u00ed aj ponuka \u0161irok\u00e9ho sortimentu \u013eudovoumeleck\u00fdch v\u00fdrobkov a&nbsp;mo\u017enos\u0165 ob\u010derstvenia v&nbsp;zrubovej kr\u010dme z&nbsp;Oravskej Polhory z&nbsp;roku 1811.<\/p>\n\n\n\n<p>V&nbsp;are\u00e1li M\u00fazea slovenskej dediny sa konaj\u00fa <strong>programov\u00e9 podujatia<\/strong> s&nbsp;uk\u00e1\u017ekami tradi\u010dnej \u013eudovej v\u00fdroby, remesiel, zvykoslovia a&nbsp;folkl\u00f3ru. Term\u00edny ich konania s\u00fa zverejnen\u00e9 na internetov\u00fdch str\u00e1nkach m\u00fazea.<\/p>\n\n\n\n<div style=\"height:50px\" aria-hidden=\"true\" class=\"wp-block-spacer\"><\/div>\n\n\n\n<div class=\"wp-block-essential-blocks-accordion  root-eb-accordion-vgb32\"><div class=\"eb-parent-wrapper eb-parent-eb-accordion-vgb32 \"><div class=\"eb-accordion-container eb-accordion-vgb32\" data-accordion-type=\"accordion\" data-tab-icon=\"fas fa-angle-right\" data-expanded-icon=\"fas fa-angle-down\" data-transition-duration=\"500\"><div class=\"eb-accordion-inner\">\n<div class=\"wp-block-essential-blocks-accordion-item eb-accordion-item-e0x2s eb-accordion-wrapper\" data-clickable=\"false\"><div class=\"eb-accordion-title-wrapper eb-accordion-title-wrapper-eb-accordion-vgb32\" tabindex=\"0\"><span class=\"eb-accordion-icon-wrapper eb-accordion-icon-wrapper-eb-accordion-vgb32\"><i icon=\"fas fa-angle-right\" class=\"fas fa-angle-right eb-accordion-icon\"><\/i><\/span><div class=\"eb-accordion-title-content-wrap title-content-eb-accordion-vgb32\"><h3 class=\"eb-accordion-title\">Otv\u00e1racie hodiny<\/h3><\/div><\/div><div class=\"eb-accordion-content-wrapper eb-accordion-content-wrapper-eb-accordion-vgb32\"><div class=\"eb-accordion-content\">\n<p><strong>m\u00e1j &#8211; okt\u00f3ber:<\/strong><strong><br><\/strong>denne okrem pondelka od 9:00 do 17:00 hod. (posledn\u00fd vstup o 16:00 hod.)<\/p>\n\n\n\n<p><strong>november &#8211; apr\u00edl:<\/strong><strong><br><\/strong>denne okrem pondelka a soboty od 09:00 do 14:30 hod. (posledn\u00fd vstup o 13:30 hod.)<\/p>\n\n\n\n<p><strong>Posledn\u00fd vstup do are\u00e1lu je 60 min\u00fat pred koncom otv\u00e1rac\u00edch hod\u00edn.<\/strong><\/p>\n\n\n\n<h6 class=\"wp-block-heading has-neve-text-color-color has-text-color has-link-color wp-elements-8a009a3c3d2b48d811c58591772ec714\">Objedn\u00e1vanie skup\u00edn&nbsp;<\/h6>\n\n\n\n<p><strong>Pri v\u00e4\u010d\u0161om po\u010dte \u010dlenov&nbsp;skupiny (napr. \u0161kolsk\u00e1 trieda&#8230;) si pros\u00edm objednajte svoju n\u00e1v\u0161tevu na pokladni m\u00fazea&nbsp;v \u010dase otv\u00e1rac\u00edch hod\u00edn na t. \u010d. 043\/ 24 58 116.&nbsp;<\/strong><strong><\/strong><\/p>\n<\/div><\/div><\/div>\n\n\n\n<div class=\"wp-block-essential-blocks-accordion-item eb-accordion-item-0hpo9 eb-accordion-wrapper\" data-clickable=\"false\"><div class=\"eb-accordion-title-wrapper eb-accordion-title-wrapper-eb-accordion-vgb32\" tabindex=\"0\"><span class=\"eb-accordion-icon-wrapper eb-accordion-icon-wrapper-eb-accordion-vgb32\"><i icon=\"fas fa-angle-right\" class=\"fas fa-angle-right eb-accordion-icon\"><\/i><\/span><div class=\"eb-accordion-title-content-wrap title-content-eb-accordion-vgb32\"><h3 class=\"eb-accordion-title\">Kontakt<\/h3><\/div><\/div><div class=\"eb-accordion-content-wrapper eb-accordion-content-wrapper-eb-accordion-vgb32\"><div class=\"eb-accordion-content\">\n<h4 class=\"wp-block-heading\">Slovensk\u00e9 n\u00e1rodn\u00e9 m\u00fazeum v Martine \u2013 M\u00fazeum slovenskej dediny, Jahodn\u00edcke h\u00e1je, Martin&nbsp;<\/h4>\n\n\n\n<p>Poklad\u0148a \/ Box office: +421 43\/ 245 81 16<\/p>\n\n\n\n<p>Kancel\u00e1ria: +421 43\/ 24 58 111<\/p>\n\n\n\n<p>e-mail:&nbsp;<a href=\"mailto:msd@snm.sk\">msd@snm.sk<\/a><\/p>\n\n\n\n<p>ofici\u00e1lny web:&nbsp;<a href=\"http:\/\/muzeummartin.snm.sk\/\" target=\"_blank\" rel=\"noreferrer noopener\">muzeummartin.snm.sk&nbsp;<\/a><\/p>\n\n\n\n<p>Hromadn\u00e9 n\u00e1v\u0161tevy pros\u00edme nahlasova\u0165 na t. \u010d. +421 43\/ 24 58 116 v \u010dase otv\u00e1rac\u00edch hod\u00edn m\u00fazea.<\/p>\n<\/div><\/div><\/div>\n\n\n\n<div class=\"wp-block-essential-blocks-accordion-item eb-accordion-item-ou9iq eb-accordion-wrapper\" data-clickable=\"false\"><div class=\"eb-accordion-title-wrapper eb-accordion-title-wrapper-eb-accordion-vgb32\" tabindex=\"0\"><span class=\"eb-accordion-icon-wrapper eb-accordion-icon-wrapper-eb-accordion-vgb32\"><i icon=\"fas fa-angle-right\" class=\"fas fa-angle-right eb-accordion-icon\"><\/i><\/span><div class=\"eb-accordion-title-content-wrap title-content-eb-accordion-vgb32\"><h3 class=\"eb-accordion-title\">Kde n\u00e1s n\u00e1jdete<\/h3><\/div><\/div><div class=\"eb-accordion-content-wrapper eb-accordion-content-wrapper-eb-accordion-vgb32\"><div class=\"eb-accordion-content\">\n<h4 class=\"wp-block-heading\">Pr\u00edstup do M\u00fazea slovenskej dediny motorov\u00fdmi vozidlami<\/h4>\n\n\n\n<p><strong>Z centra<\/strong>&nbsp;Jesensk\u00e9ho ulicou, smer Tur\u010dianske Teplice (resp. Bansk\u00e1 Bystrica) pod\u013ea smerov\u00fdch dopravn\u00fdch tab\u00fa\u013e.<\/p>\n\n\n\n<h4 class=\"wp-block-heading\">Pr\u00edstup do M\u00fazea slovenskej dediny linkami MHD<\/h4>\n\n\n\n<p><strong>Z Vr\u00fatok<\/strong>, zast\u00e1vka MHD \u201eVr\u00fatky, \u017eelezni\u010dn\u00e1 stanica\u201c (nach\u00e1dza sa pri \u017eelezni\u010dnej stanici), autobusov\u00e9 linky MHD smer s\u00eddlisko \u013dadove\u0148.&nbsp;<br>Viac na:&nbsp;<a href=\"https:\/\/mhdmt.sk\/\" target=\"_blank\" rel=\"noreferrer noopener\">MHD Martin<\/a><\/p>\n\n\n\n<p><strong>Z Martina<\/strong>, najbli\u017e\u0161ia zast\u00e1vka MHD od \u017eelezni\u010dnej stanice \u201eHlavn\u00e1 po\u0161ta\u201c (nach\u00e1dza sa v centre),<br>pr\u00edpadne zo zast\u00e1vky dia\u013ekov\u00fdch autobusov na ul. Jesensk\u00e9ho (treba prejs\u0165 pe\u0161o cca 2 min. na zast\u00e1vku MHD \u201eNEMOCNICA\u201c).<br>Autobusov\u00e9 linky MHD smer s\u00eddlisko \u013dadove\u0148.&nbsp;<br>Viac na:&nbsp;<a href=\"https:\/\/mhdmt.sk\/\" target=\"_blank\" rel=\"noreferrer noopener\">MHD Martin<\/a><\/p>\n\n\n\n<p>Cesta z kone\u010dnej zast\u00e1vky MHD \u013dadove\u0148 trv\u00e1 do M\u00fazea slovenskej dediny pe\u0161o cca 30 min\u00fat.&nbsp;<\/p>\n\n\n\n<p>Priama linka \u010d. 11 prem\u00e1va z&nbsp;Vr\u00fatok &#8211; \u017eelezni\u010dn\u00e1 stanica na parkoviska MSD od 28.5.22 do 29.8.2022 v sobotu, nede\u013eu a sviatok.&nbsp;<br>Cestovn\u00fd poriadok:&nbsp;<a href=\"https:\/\/www.dpmmartin.sk\/novinka.php?new=24\" target=\"_blank\" rel=\"noreferrer noopener\">DPMM<\/a><\/p>\n\n\n<div style=\"height:400pxpx;\" class=\"wp-block-themeisle-blocks-leaflet-map\" id=\"wp-block-themeisle-blocks-leaflet-map-54615829\"><\/div>\n<script type=\"text\/javascript\">\n\t\/* <![CDATA[ *\/\n\t\tif ( ! window.themeisleLeafletMaps ) window.themeisleLeafletMaps =[];\n\t\twindow.themeisleLeafletMaps.push( { container: \"wp-block-themeisle-blocks-leaflet-map-54615829\", attributes: {\"id\":\"wp-block-themeisle-blocks-leaflet-map-54615829\",\"location\":\"Martin, Slovakia\",\"latitude\":\"49.05890741666206\",\"longitude\":\"18.96411895751953\",\"bbox\":\"18.96411895751953,49.05890741666206,18.96411895751953,49.05890741666206\",\"zoom\":13,\"markers\":[{\"id\":\"cdf88cf6-ef77-49a9-bb06-0be7ecfe0ed8\",\"latitude\":49.040512432166991629856056533753871917724609375,\"longitude\":18.929615558908235328772207139991223812103271484375,\"title\":\"SNM - M\\u00fazeum slovenskej dediny\",\"description\":\"\"}],\"height\":\"400px\",\"zoomControl\":true,\"draggable\":true,\"hasCustomCSS\":false,\"customCSS\":\"\",\"TrpContentRestriction\":{\"restriction_type\":\"exclude\",\"selected_languages\":[],\"panel_open\":true},\"otterConditions\":[]} } );\n\t\/* ]]> *\/\n<\/script>\n<\/div><\/div><\/div>\n<\/div><\/div><\/div><\/div>\n\n\n\n<div style=\"height:50px\" aria-hidden=\"true\" class=\"wp-block-spacer\"><\/div>\n\n\n\n<h4 class=\"wp-block-heading has-text-align-center\">Sledujte n\u00e1s na soci\u00e1lnych sie\u0165ach<\/h4>\n\n\n\n<div class=\"wp-block-essential-blocks-social  root-eb-social-links-0hhac\"><div class=\"eb-parent-wrapper eb-parent-eb-social-links-0hhac \"><div class=\"eb-social-links-0hhac eb-social-links-wrapper\"><ul class=\"eb-socials\"><li><a class=\"facebook-f-original  \" href=\"https:\/\/www.facebook.com\/muzeum.slovenskej.dediny\/?locale=sk_SK\" target=\"_self\" rel=\"noopener\" aria-label=\"social link\"><i class=\"fab fa-facebook-f hvr-icon eb-social-icon\" icon=\"fab fa-facebook-f\"><\/i><\/a><\/li><li><a class=\"instagram-original  \" href=\"https:\/\/www.instagram.com\/skanzenmartin\/#\" target=\"_self\" rel=\"noopener\" aria-label=\"social link\"><i class=\"fab fa-instagram hvr-icon eb-social-icon\" icon=\"fab fa-instagram\"><\/i><\/a><\/li><li><a class=\"youtube-original  \" href=\"\" target=\"_self\" rel=\"noopener\" aria-label=\"social link\"><i class=\"fab fa-youtube hvr-icon eb-social-icon\" icon=\"fab fa-youtube\"><\/i><\/a><\/li><\/ul><\/div><\/div><\/div>\n\n\n\n<div style=\"height:30px\" aria-hidden=\"true\" class=\"wp-block-spacer\"><\/div>\n\n\n\n<p><strong>V pr\u00edpade ot\u00e1zok t\u00fdkaj\u00facich sa online n\u00e1kupu vstupeniek n\u00e1s kontaktujte na email&nbsp;<a href=\"mailto:pomoc@snm-online.sk\">pomoc@snm-online.sk<\/a><\/strong><\/p>\n\n\n\n<div style=\"height:100px\" aria-hidden=\"true\" class=\"wp-block-spacer\"><\/div>\n","protected":false},"excerpt":{"rendered":"<p>Slovensk\u00e9 n\u00e1rodn\u00e9 m\u00fazeum Aktu\u00e1lne podujatia Vyberte si pros\u00edm z ponuky d\u00e1tumov a term\u00ednov prehliadok: M\u00fazeum slovenskej dediny je najv\u00e4\u010d\u0161ou n\u00e1rodopisnou expoz\u00edciou v&nbsp;pr\u00edrode na Slovensku. Slovensk\u00e9 n\u00e1rodn\u00e9 m\u00fazeum v&nbsp;Martine ho buduje&hellip;&nbsp;<a href=\"https:\/\/snm-online.sk\/en\/muzeum-slovenskej-dediny\/\" class=\"\" rel=\"bookmark\">Read More &raquo;<span class=\"screen-reader-text\">M\u00fazeum slovenskej dediny<\/span><\/a><\/p>","protected":false},"author":2,"featured_media":0,"parent":0,"menu_order":0,"comment_status":"closed","ping_status":"closed","template":"","meta":{"_eb_attr":"","neve_meta_sidebar":"","neve_meta_container":"","neve_meta_enable_content_width":"","neve_meta_content_width":0,"neve_meta_title_alignment":"","neve_meta_author_avatar":"","neve_post_elements_order":"","neve_meta_disable_header":"","neve_meta_disable_footer":"","neve_meta_disable_title":"","_themeisle_gutenberg_block_has_review":false,"footnotes":""},"class_list":["post-2334","page","type-page","status-publish","hentry"],"_links":{"self":[{"href":"https:\/\/snm-online.sk\/en\/wp-json\/wp\/v2\/pages\/2334","targetHints":{"allow":["GET"]}}],"collection":[{"href":"https:\/\/snm-online.sk\/en\/wp-json\/wp\/v2\/pages"}],"about":[{"href":"https:\/\/snm-online.sk\/en\/wp-json\/wp\/v2\/types\/page"}],"author":[{"embeddable":true,"href":"https:\/\/snm-online.sk\/en\/wp-json\/wp\/v2\/users\/2"}],"replies":[{"embeddable":true,"href":"https:\/\/snm-online.sk\/en\/wp-json\/wp\/v2\/comments?post=2334"}],"version-history":[{"count":117,"href":"https:\/\/snm-online.sk\/en\/wp-json\/wp\/v2\/pages\/2334\/revisions"}],"predecessor-version":[{"id":5249,"href":"https:\/\/snm-online.sk\/en\/wp-json\/wp\/v2\/pages\/2334\/revisions\/5249"}],"wp:attachment":[{"href":"https:\/\/snm-online.sk\/en\/wp-json\/wp\/v2\/media?parent=2334"}],"curies":[{"name":"wp","href":"https:\/\/api.w.org\/{rel}","templated":true}]}}