{"id":2343,"date":"2024-10-30T15:44:34","date_gmt":"2024-10-30T14:44:34","guid":{"rendered":"https:\/\/snm-online.sk\/?page_id=2343"},"modified":"2026-03-27T17:39:04","modified_gmt":"2026-03-27T16:39:04","slug":"muzeum-kultury-cechov-na-slovensku","status":"publish","type":"page","link":"https:\/\/snm-online.sk\/en\/muzeum-kultury-cechov-na-slovensku\/","title":{"rendered":"Museum of Czech Culture in Slovakia, Martin"},"content":{"rendered":"\n<h2 class=\"wp-block-heading\">Slovensk\u00e9 n\u00e1rodn\u00e9 m\u00fazeum<\/h2>\n\n\n\n<div id=\"wp-block-themeisle-blocks-advanced-columns-c38e4fd6\" class=\"wp-block-themeisle-blocks-advanced-columns has-2-columns has-desktop-equal-layout has-tablet-equal-layout has-mobile-collapsedRows-layout has-vertical-unset\"><div class=\"wp-block-themeisle-blocks-advanced-columns-overlay\"><\/div><div class=\"innerblocks-wrap\">\n<div id=\"wp-block-themeisle-blocks-advanced-column-a6b2a185\" class=\"wp-block-themeisle-blocks-advanced-column\">\n<figure class=\"wp-block-image size-full is-resized has-custom-border\"><img loading=\"lazy\" decoding=\"async\" width=\"1200\" height=\"546\" src=\"https:\/\/snm-online.sk\/wp-content\/uploads\/2024\/10\/Muzeum-Cechov.jpg\" alt=\"\" class=\"wp-image-2348\" style=\"border-radius:5px;aspect-ratio:1.5;object-fit:cover;width:570px;height:auto\" srcset=\"https:\/\/snm-online.sk\/wp-content\/uploads\/2024\/10\/Muzeum-Cechov.jpg 1200w, https:\/\/snm-online.sk\/wp-content\/uploads\/2024\/10\/Muzeum-Cechov-300x137.jpg 300w, https:\/\/snm-online.sk\/wp-content\/uploads\/2024\/10\/Muzeum-Cechov-1024x466.jpg 1024w, https:\/\/snm-online.sk\/wp-content\/uploads\/2024\/10\/Muzeum-Cechov-768x349.jpg 768w\" sizes=\"auto, (max-width: 1200px) 100vw, 1200px\" \/><\/figure>\n<\/div>\n\n\n\n<div id=\"wp-block-themeisle-blocks-advanced-column-bc1d13bb\" class=\"wp-block-themeisle-blocks-advanced-column\">\n<figure class=\"wp-block-image size-large has-custom-border\"><img loading=\"lazy\" decoding=\"async\" width=\"1024\" height=\"768\" src=\"https:\/\/snm-online.sk\/wp-content\/uploads\/2024\/10\/Muzeum-kultury-Cechov-1-1024x768.jpg\" alt=\"\" class=\"wp-image-2344\" style=\"border-radius:5px;aspect-ratio:3\/2;object-fit:cover\" srcset=\"https:\/\/snm-online.sk\/wp-content\/uploads\/2024\/10\/Muzeum-kultury-Cechov-1-1024x768.jpg 1024w, https:\/\/snm-online.sk\/wp-content\/uploads\/2024\/10\/Muzeum-kultury-Cechov-1-300x225.jpg 300w, https:\/\/snm-online.sk\/wp-content\/uploads\/2024\/10\/Muzeum-kultury-Cechov-1-768x576.jpg 768w, https:\/\/snm-online.sk\/wp-content\/uploads\/2024\/10\/Muzeum-kultury-Cechov-1-1536x1152.jpg 1536w, https:\/\/snm-online.sk\/wp-content\/uploads\/2024\/10\/Muzeum-kultury-Cechov-1-2048x1536.jpg 2048w\" sizes=\"auto, (max-width: 1024px) 100vw, 1024px\" \/><\/figure>\n<\/div>\n<\/div><\/div>\n\n\n\n<div style=\"height:30px\" aria-hidden=\"true\" class=\"wp-block-spacer\"><\/div>\n\n\n\n<h5 class=\"wp-block-heading\">V tomto m\u00fazeu nem\u00e1me moment\u00e1lne online predaj l\u00edstkov. L\u00edstky si m\u00f4\u017eete zak\u00fapi\u0165 na mieste v pokladni m\u00fazea.<\/h5>\n\n\n\n<div style=\"height:30px\" aria-hidden=\"true\" class=\"wp-block-spacer\"><\/div>\n\n\n\n<p>M\u00fazeum kult\u00fary \u010cechov na Slovensku je najmlad\u0161ou st\u00e1lou expoz\u00edciou SNM v Martine, ktor\u00e1 pribli\u017euje osobit\u00e9 \u017eivotn\u00e9 prostredie a dielo man\u017eelov PhDr. Anny a akademika Ji\u0159\u00edho Hor\u00e1kovcov, v\u00fdznamn\u00fdch osobnost\u00ed dokumentuj\u00facich trad\u00edcie vz\u0165ahu \u010cechov a Slov\u00e1kov. St\u00e1la expoz\u00edcia M\u00fazea kult\u00fary \u010cechov na Slovensku je venovan\u00e1 dvom v\u00fdznamn\u00fdm osobnostiam, p\u00f4vodn\u00fdm majite\u013eom objektu m\u00fazea, PhDr. Anne Hor\u00e1koverj &#8211; Ga\u0161par\u00edkovej a akademikovi Ji\u0159\u00edmu Hor\u00e1kovi. Autorkou expoz\u00edcie je PhDr. Eva Kr\u00e1likov\u00e1, autorom v\u00fdtvarno priestorov\u00e9ho rie\u0161enia akad. mal. Pavol Choma. Spr\u00edstupnen\u00e1 bola v novembri 1999.<\/p>\n\n\n\n<p>PhDr. Anna Hor\u00e1kov\u00e1 &#8211; Ga\u0161par\u00edkov\u00e1 (1896 &#8211; 1987), bola jednou zo 4 dc\u00e9r martinsk\u00e9ho n\u00e1rodovca a kn\u00edhkupca Jozefa &#8211; Ga\u0161par\u00edka Le\u0161tinsk\u00e9ho. Po absolvovan\u00ed \u0161t\u00fadia hist\u00f3rie na Karlovej Univerzite v Prahe sa stala jednou z prv\u00fdch slovensk\u00fdch profesion\u00e1lnych histori\u010diek. Bola prekladate\u013ekou a editorkou, najv\u00fdznamnej\u0161ie v\u0161ak bolo jej p\u00f4sobenie vo funkcii spr\u00e1vkyne osobn\u00e9ho arch\u00edvu prv\u00e9ho prezidenta \u010ceskoslovenskej republiky Tom\u00e1\u0161a Garriguea Masaryka v rokoch 1928 &#8211; 1936.<\/p>\n\n\n\n<p>Jej man\u017eel akademik Ji\u0159\u00ed Hor\u00e1k (1884 &#8211; 1975), poch\u00e1dzaj\u00faci z Bene\u0161ova, bol jedn\u00fdm z najv\u00fdznamnej\u0161\u00edch predstavite\u013eov \u010deskoslovenskej fokloristiky, historikom a bibliografom, autorom mnoh\u00fdch odborn\u00fdch pr\u00e1c venovan\u00fdch dejin\u00e1m vedy i slovensk\u00e9mu folkl\u00f3ru. V rokoch 1945 &#8211; 46 bol \u010deskoslovensk\u00fdm ve\u013evyslancom v ZSSR. Pr\u00e1ve t\u00fdmto dvom osobnostiam &#8211; ich man\u017eelstvu, ale i \u017eivotu a dielu &#8211; je zasv\u00e4ten\u00e1 st\u00e1la expoz\u00edcia tohto pracoviska, ur\u010den\u00e1 z\u00e1ujemcom o \u010desk\u00fa kult\u00faru na Slovensku. Ich spolo\u010dn\u00fd \u017eivot vyjadruje my\u0161lienku spolupr\u00e1ce \u010desk\u00e9ho a slovensk\u00e9ho n\u00e1roda v podmienkach spolo\u010dn\u00e9ho \u010ceskoslovensk\u00e9ho \u0161t\u00e1tu.<\/p>\n\n\n\n<p>Expoz\u00edcia je budovan\u00e1 tak, aby na jej n\u00e1v\u0161tevn\u00edkov d\u00fdchla atmosf\u00e9rou staromartinskej budite\u013eskej dom\u00e1cnosti z konca 19. storo\u010dia. Do nej sa man\u017eelia Hor\u00e1kovci vr\u00e1tili v obdob\u00ed sedemdesiatych rokov 20. storo\u010dia. Jej podobu pietne zachov\u00e1vali a doplnili mnoh\u00fdmi osobn\u00fdmi predmetmi, bohatou kni\u017enicou, v\u00fdtvarn\u00fdmi dielami a rodinn\u00fdmi pamiatkami. Tvorcovia expoz\u00edcie re\u0161pektovali tento z\u00e1mer a tak je n\u00e1v\u0161teva m\u00fazea mo\u017enos\u0165ou zozn\u00e1menia sa so \u017eivotom a dielom dvoch v\u00fdznamn\u00fdch osobnost\u00ed a z\u00e1rove\u0148 mo\u017enos\u0165ou z\u00edskania inform\u00e1ci\u00ed o hist\u00f3rii vz\u0165ahu \u010desk\u00e9ho a slovensk\u00e9ho n\u00e1roda a ich konkr\u00e9tnej spolupr\u00e1ce.<\/p>\n\n\n\n<div class=\"wp-block-essential-blocks-accordion  root-eb-accordion-73d9v\"><div class=\"eb-parent-wrapper eb-parent-eb-accordion-73d9v \"><div class=\"eb-accordion-container eb-accordion-73d9v\" data-accordion-type=\"accordion\" data-tab-icon=\"fas fa-angle-right\" data-expanded-icon=\"fas fa-angle-down\" data-transition-duration=\"500\"><div class=\"eb-accordion-inner\">\n<div class=\"wp-block-essential-blocks-accordion-item eb-accordion-item-8huxk eb-accordion-wrapper\" data-clickable=\"false\"><div class=\"eb-accordion-title-wrapper eb-accordion-title-wrapper-eb-accordion-73d9v\" tabindex=\"0\"><span class=\"eb-accordion-icon-wrapper eb-accordion-icon-wrapper-eb-accordion-73d9v\"><i icon=\"fas fa-angle-right\" class=\"fas fa-angle-right eb-accordion-icon\"><\/i><\/span><div class=\"eb-accordion-title-content-wrap title-content-eb-accordion-73d9v\"><h3 class=\"eb-accordion-title\">Otv\u00e1racie hodiny<\/h3><\/div><\/div><div class=\"eb-accordion-content-wrapper eb-accordion-content-wrapper-eb-accordion-73d9v\"><div class=\"eb-accordion-content\">\n<p>Utorok&nbsp;\u2013 piatok:&nbsp;&nbsp;12.00&nbsp;\u2013 16.00 h, posledn\u00fd vstup o 15.30 h&nbsp;<\/p>\n<\/div><\/div><\/div>\n\n\n\n<div class=\"wp-block-essential-blocks-accordion-item eb-accordion-item-gjger eb-accordion-wrapper\" data-clickable=\"false\"><div class=\"eb-accordion-title-wrapper eb-accordion-title-wrapper-eb-accordion-73d9v\" tabindex=\"0\"><span class=\"eb-accordion-icon-wrapper eb-accordion-icon-wrapper-eb-accordion-73d9v\"><i icon=\"fas fa-angle-right\" class=\"fas fa-angle-right eb-accordion-icon\"><\/i><\/span><div class=\"eb-accordion-title-content-wrap title-content-eb-accordion-73d9v\"><h3 class=\"eb-accordion-title\">Kontakt<\/h3><\/div><\/div><div class=\"eb-accordion-content-wrapper eb-accordion-content-wrapper-eb-accordion-73d9v\"><div class=\"eb-accordion-content\">\n<h5 class=\"wp-block-heading\"><strong>S\u00eddlo m\u00fazea<\/strong><\/h5>\n\n\n\n<p>Slovensk\u00e9 n\u00e1rodn\u00e9 m\u00fazeum v Martine<br>M\u00fazeum kult\u00fary \u010cechov na Slovensku<br>Moyzesova 11<br>036 80 Martin&nbsp;<\/p>\n\n\n\n<h5 class=\"wp-block-heading\"><strong>Kore\u0161ponden\u010dn\u00e1 adresa<\/strong><\/h5>\n\n\n\n<p>SNM&nbsp;\u2013 M\u00faze\u00e1 v Martine<br>M\u00fazeum kult\u00fary \u010cechov na Slovensku<br>Mal\u00e1 hora 2<br>P. O. BOX 155<br>036 80 Martin&nbsp;<\/p>\n\n\n\n<h5 class=\"wp-block-heading\"><strong>Kontakt<\/strong><\/h5>\n\n\n\n<p>e-mail:&nbsp; hana.zelinova@snm.sk&nbsp;<br>&nbsp; &nbsp; &nbsp; &nbsp; &nbsp; &nbsp;&nbsp;<a href=\"mailto:tatiana.sieklikova@snm.sk\">tatiana.sieklikova@snm.sk<br><\/a>telef\u00f3n: +421 43 24 56 111&nbsp;<br>&nbsp; &nbsp; &nbsp; &nbsp; &nbsp; &nbsp; +421 43 423 01 36<br>web:&nbsp;&nbsp;&nbsp;&nbsp;&nbsp;<a href=\"http:\/\/www.snm.sk\/\">www.snm.sk<\/a>&nbsp;&nbsp;<\/p>\n<\/div><\/div><\/div>\n\n\n\n<div class=\"wp-block-essential-blocks-accordion-item eb-accordion-item-dexn4 eb-accordion-wrapper\" data-clickable=\"false\"><div class=\"eb-accordion-title-wrapper eb-accordion-title-wrapper-eb-accordion-73d9v\" tabindex=\"0\"><span class=\"eb-accordion-icon-wrapper eb-accordion-icon-wrapper-eb-accordion-73d9v\"><i icon=\"fas fa-angle-right\" class=\"fas fa-angle-right eb-accordion-icon\"><\/i><\/span><div class=\"eb-accordion-title-content-wrap title-content-eb-accordion-73d9v\"><h3 class=\"eb-accordion-title\">Kde n\u00e1s n\u00e1jdete<\/h3><\/div><\/div><div class=\"eb-accordion-content-wrapper eb-accordion-content-wrapper-eb-accordion-73d9v\"><div class=\"eb-accordion-content\">\n<h6 class=\"wp-block-heading\"><strong>Pr\u00edstup do objektu pre osoby Z\u0164P<\/strong>&nbsp;<\/h6>\n\n\n\n<p>M\u00fazeum nem\u00e1 bezbari\u00e9rov\u00fd pr\u00edstup.&nbsp;&nbsp;<\/p>\n\n\n\n<h6 class=\"wp-block-heading\"><strong>N\u00e1v\u0161tevn\u00fd poriadok<\/strong><\/h6>\n\n\n\n<p><a href=\"https:\/\/www.snm.sk\/swift_data\/source\/sidelna_budova\/2024\/MM\/docs\/NP%20MM.pdf\" target=\"_blank\" rel=\"noreferrer noopener\">N\u00e1v\u0161tevn\u00fd poriadok M\u00fazea kult\u00fary \u010cechov na Slovensku n\u00e1jdete po kliknut\u00ed na tento odkaz.<\/a>&nbsp;(PDF, 2,1 MB)<\/p>\n\n\n\n<p><\/p>\n\n\n<div style=\"height:400pxpx;\" class=\"wp-block-themeisle-blocks-leaflet-map\" id=\"wp-block-themeisle-blocks-leaflet-map-6df3d98e\"><\/div>\n<script type=\"text\/javascript\">\n\t\/* <![CDATA[ *\/\n\t\tif ( ! window.themeisleLeafletMaps ) window.themeisleLeafletMaps =[];\n\t\twindow.themeisleLeafletMaps.push( { container: \"wp-block-themeisle-blocks-leaflet-map-6df3d98e\", attributes: {\"id\":\"wp-block-themeisle-blocks-leaflet-map-6df3d98e\",\"location\":\"Martin, Slovakia\",\"latitude\":\"49.06391282444837\",\"longitude\":\"18.92064696202972\",\"bbox\":\"18.920645713806156,49.06391282444837,18.920645713806156,49.06391282444837\",\"zoom\":17,\"markers\":[{\"id\":\"72fe241b-39af-4358-a38c-cd1ff8764056\",\"latitude\":49.06395500270905785100694629363715648651123046875,\"longitude\":18.917610510827845615722253569401800632476806640625,\"title\":\"SNM - M\\u00fazeum kult\\u00fary \\u010cechov na Slovensku\",\"description\":\"\"}],\"height\":\"400px\",\"zoomControl\":true,\"draggable\":true,\"hasCustomCSS\":false,\"customCSS\":\"\",\"TrpContentRestriction\":{\"restriction_type\":\"exclude\",\"selected_languages\":[],\"panel_open\":true},\"otterConditions\":[]} } );\n\t\/* ]]> *\/\n<\/script>\n<\/div><\/div><\/div>\n<\/div><\/div><\/div><\/div>\n\n\n\n<div style=\"height:100px\" aria-hidden=\"true\" class=\"wp-block-spacer\"><\/div>\n\n\n\n<p><\/p>\n","protected":false},"excerpt":{"rendered":"<p>Slovensk\u00e9 n\u00e1rodn\u00e9 m\u00fazeum V tomto m\u00fazeu nem\u00e1me moment\u00e1lne online predaj l\u00edstkov. L\u00edstky si m\u00f4\u017eete zak\u00fapi\u0165 na mieste v pokladni m\u00fazea. M\u00fazeum kult\u00fary \u010cechov na Slovensku je najmlad\u0161ou st\u00e1lou expoz\u00edciou SNM&hellip;&nbsp;<a href=\"https:\/\/snm-online.sk\/en\/muzeum-kultury-cechov-na-slovensku\/\" class=\"\" rel=\"bookmark\">Read More &raquo;<span class=\"screen-reader-text\">Museum of Czech Culture in Slovakia, Martin<\/span><\/a><\/p>","protected":false},"author":2,"featured_media":0,"parent":0,"menu_order":0,"comment_status":"closed","ping_status":"closed","template":"","meta":{"_eb_attr":"","neve_meta_sidebar":"","neve_meta_container":"","neve_meta_enable_content_width":"","neve_meta_content_width":0,"neve_meta_title_alignment":"","neve_meta_author_avatar":"","neve_post_elements_order":"","neve_meta_disable_header":"","neve_meta_disable_footer":"","neve_meta_disable_title":"","_themeisle_gutenberg_block_has_review":false,"footnotes":""},"class_list":["post-2343","page","type-page","status-publish","hentry"],"_links":{"self":[{"href":"https:\/\/snm-online.sk\/en\/wp-json\/wp\/v2\/pages\/2343","targetHints":{"allow":["GET"]}}],"collection":[{"href":"https:\/\/snm-online.sk\/en\/wp-json\/wp\/v2\/pages"}],"about":[{"href":"https:\/\/snm-online.sk\/en\/wp-json\/wp\/v2\/types\/page"}],"author":[{"embeddable":true,"href":"https:\/\/snm-online.sk\/en\/wp-json\/wp\/v2\/users\/2"}],"replies":[{"embeddable":true,"href":"https:\/\/snm-online.sk\/en\/wp-json\/wp\/v2\/comments?post=2343"}],"version-history":[{"count":9,"href":"https:\/\/snm-online.sk\/en\/wp-json\/wp\/v2\/pages\/2343\/revisions"}],"predecessor-version":[{"id":5197,"href":"https:\/\/snm-online.sk\/en\/wp-json\/wp\/v2\/pages\/2343\/revisions\/5197"}],"wp:attachment":[{"href":"https:\/\/snm-online.sk\/en\/wp-json\/wp\/v2\/media?parent=2343"}],"curies":[{"name":"wp","href":"https:\/\/api.w.org\/{rel}","templated":true}]}}