{"id":2404,"date":"2024-10-30T16:05:23","date_gmt":"2024-10-30T15:05:23","guid":{"rendered":"https:\/\/snm-online.sk\/?page_id=2404"},"modified":"2024-10-30T16:06:31","modified_gmt":"2024-10-30T15:06:31","slug":"muzeum-slovenskych-narodnych-rad","status":"publish","type":"page","link":"https:\/\/snm-online.sk\/en\/muzeum-slovenskych-narodnych-rad\/","title":{"rendered":"M\u00fazeum Slovensk\u00fdch n\u00e1rodn\u00fdch r\u00e1d"},"content":{"rendered":"<h2 class=\"wp-block-heading\">Slovak National Museum<\/h2>\n\n\n\n<div id=\"wp-block-themeisle-blocks-advanced-columns-44eadc09\" class=\"wp-block-themeisle-blocks-advanced-columns has-2-columns has-desktop-equal-layout has-tablet-equal-layout has-mobile-collapsedRows-layout has-vertical-unset\"><div class=\"wp-block-themeisle-blocks-advanced-columns-overlay\"><\/div><div class=\"innerblocks-wrap\">\n<div id=\"wp-block-themeisle-blocks-advanced-column-ece40086\" class=\"wp-block-themeisle-blocks-advanced-column\">\n<figure class=\"wp-block-image size-full has-custom-border\"><img loading=\"lazy\" decoding=\"async\" width=\"600\" height=\"400\" src=\"https:\/\/snm-online.sk\/wp-content\/uploads\/2024\/09\/Muzeum-Slovenskych-narodnych-rad.jpg\" alt=\"\" class=\"wp-image-1777\" style=\"border-radius:8px;aspect-ratio:3\/2;object-fit:cover\" srcset=\"https:\/\/snm-online.sk\/wp-content\/uploads\/2024\/09\/Muzeum-Slovenskych-narodnych-rad.jpg 600w, https:\/\/snm-online.sk\/wp-content\/uploads\/2024\/09\/Muzeum-Slovenskych-narodnych-rad-300x200.jpg 300w\" sizes=\"auto, (max-width: 600px) 100vw, 600px\" \/><\/figure>\n<\/div>\n\n\n\n<div id=\"wp-block-themeisle-blocks-advanced-column-383827c2\" class=\"wp-block-themeisle-blocks-advanced-column\">\n<figure class=\"wp-block-image size-full has-custom-border\"><img loading=\"lazy\" decoding=\"async\" width=\"960\" height=\"721\" src=\"https:\/\/snm-online.sk\/wp-content\/uploads\/2024\/10\/slovenskych-narodnych-rad.jpg\" alt=\"\" class=\"wp-image-2405\" style=\"border-radius:8px;aspect-ratio:3\/2;object-fit:cover\" srcset=\"https:\/\/snm-online.sk\/wp-content\/uploads\/2024\/10\/slovenskych-narodnych-rad.jpg 960w, https:\/\/snm-online.sk\/wp-content\/uploads\/2024\/10\/slovenskych-narodnych-rad-300x225.jpg 300w, https:\/\/snm-online.sk\/wp-content\/uploads\/2024\/10\/slovenskych-narodnych-rad-768x577.jpg 768w\" sizes=\"auto, (max-width: 960px) 100vw, 960px\" \/><\/figure>\n<\/div>\n<\/div><\/div>\n\n\n\n<div style=\"height:30px\" aria-hidden=\"true\" class=\"wp-block-spacer\"><\/div>\n\n\n\n<h5 class=\"wp-block-heading\">V tomto m\u00fazeu nem\u00e1me moment\u00e1lne online predaj l\u00edstkov. L\u00edstky si m\u00f4\u017eete zak\u00fapi\u0165 na mieste v pokladni m\u00fazea.<\/h5>\n\n\n\n<p>Hlavn\u00e1 expoz\u00edcia M\u00fazea Slovensk\u00fdch n\u00e1rodn\u00fdch r\u00e1d v Myjave zachyt\u00e1va takmer 170 rokov z dej\u00edn slovensk\u00e9ho n\u00e1roda, jeho bojov o uznanie svojbytnosti a pr\u00e1va na sebaur\u010denie, ako aj o zvrchovanos\u0165 a vlastn\u00fa \u0161t\u00e1tnos\u0165. Jej zameranie je v\u00fdchovno-vzdel\u00e1vacie, ale z\u00e1rove\u0148 reprezentat\u00edvne. Patr\u00ed medzi expoz\u00edcie, s ktor\u00fdmi by sa mal v r\u00e1mci v\u0161eobecn\u00e9ho vzdelania obozn\u00e1mi\u0165 ka\u017ed\u00fd ob\u010dan Slovenskej republiky. Jej s\u00fa\u010das\u0165ou je aj dom Anny Kol\u00e9niovej, kde v roku 1848 zasadala prv\u00e1 Slovensk\u00e1 n\u00e1rodn\u00e1 rada. M\u00fazeum Slovensk\u00fdch n\u00e1rodn\u00fdch r\u00e1d vo svojej s\u00eddelnej budove v Myjave prezentuje aj podbradlansko-podjavorinsk\u00fd regi\u00f3n. Vo svojich v\u00fdstavn\u00fdch priestoroch pravidelne in\u0161taluje r\u00f4zne zauj\u00edmav\u00e9 v\u00fdstavy. V are\u00e1li m\u00fazea sa nach\u00e1dza nieko\u013eko pam\u00e4tn\u00edkov venovan\u00fdch roku 1848. S\u00fa to:&nbsp;<\/p>\n\n\n\n<p>Bronzov\u00fd vysok\u00fd reli\u00e9f &#8222;V \u010dase poroby&#8220; od n\u00e1rodn\u00e9ho umelca Rudolfa Pribi\u0161a. Pozost\u00e1va z troch \u010dast\u00ed, z ktor\u00fdch autor stv\u00e1rnil revolu\u010dn\u00e9 trad\u00edcie roku 1848. V snahe zachova\u0165 a pribl\u00ed\u017ei\u0165 historick\u00fa a dobov\u00fa autenti\u010dnos\u0165 autor modeloval reli\u00e9f realistickou formou. Uprostred reli\u00e9fu, ktor\u00fd je nosnou \u010das\u0165ou, umiestnil alegorick\u00fa postavu \u017eeny, ktorou vyjadril snahy I. SNR da\u0165 svojmu n\u00e1rodu slobodu. V\u013eavo je kompoz\u00edcia troch \u017eien so sklonen\u00fdmi hlavami &#8211; metafora poroben\u00e9ho slovensk\u00e9ho n\u00e1roda, a vpravo kompoz\u00edcia \u0161iestich post\u00e1v so z\u00e1stavou &#8211; \u0161t\u00farovci prin\u00e1\u0161aj\u00faci slobodu svojmu n\u00e1rodu v roku 1848.&nbsp;<\/p>\n\n\n\n<p>S\u00faso\u0161ie &#8222;N\u00e1rod zob\u00fadzaj\u00faci sa z poroby&#8220; od Kl\u00e1ry Pataky pozost\u00e1va z troch vo\u013en\u00fdch plast\u00edk zo spi\u0161sk\u00e9ho travert\u00ednu, ktor\u00e9 s\u00fa symbolikou slovensk\u00e9ho n\u00e1rodn\u00e9ho obrodenia &#8211; jeho troch f\u00e1z : prv\u00e1 postava le\u017eiaca, druh\u00e1 akoby vst\u00e1vaj\u00faca z hrobu a tretiu tvoria v n\u00e1znakoch dve o seba sa opieraj\u00face sa postavy, zd\u00f4raz\u0148uj\u00face potreby jednoty n\u00e1roda.&nbsp;<\/p>\n\n\n\n<p>Vstupn\u00e1 kovov\u00e1 br\u00e1na je dielom akad. soch. E. Masarovi\u010dovej a preveden\u00e1 po str\u00e1nkach umeleckej, odbornej, v\u00fdtvarnej v s\u00falade k liatemu bet\u00f3nu i ostatn\u00fdm v\u00fdtvarn\u00fdm dielam.&nbsp;<\/p>\n\n\n\n<p>Plastika &#8222;V\u00e4zba rokov&#8220; od n\u00e1rodn\u00e9ho umelca Jozefa Kostku. Autor v ideovej \u010dasti vyjadruje zviazanos\u0165 a sp\u00e4tos\u0165 udalost\u00ed v symbolickej skratke, pri\u010dom sa v\u00fdtvarne via\u017ee na \u013eudov\u00e9 prvky n\u00e1\u0161ho umenia. Z\u00e1kladn\u00fd tvar plastiky je vinn\u00fd pre\u0161, ktor\u00fd b\u00fdval v pivniciach vin\u00e1rov, kde to kvasilo a vrelo. V tejto plastike je vyjadren\u00fd cel\u00fd obsah na\u0161ich dejinn\u00fdch zvratov, doplnen\u00fd letopo\u010dtami 1848 &#8211; 1918 &#8211; 1944. vtedy to toti\u017e u n\u00e1s rovnako vrelo a kvasilo.&nbsp;<\/p>\n\n\n\n<p>Symbolick\u00e1 plastika &#8222;Slovansk\u00e1 lipa&#8220; od akad. soch. \u0160tefana Belohradsk\u00e9ho preveden\u00e1 z hlin\u00edkov\u00e9ho materi\u00e1lu.&nbsp;&nbsp;<\/p>\n\n\n\n<p>M\u00fazeum Slovensk\u00fdch n\u00e1rodn\u00fdch r\u00e1d m\u00e1 vysunut\u00e9 pracovisko, ktor\u00fdm je expoz\u00edcia M\u00fazeum Milana Rastislava \u0160tef\u00e1nika v Ko\u0161arisk\u00e1ch.&nbsp;<\/p>\n\n\n\n<div style=\"height:30px\" aria-hidden=\"true\" class=\"wp-block-spacer\"><\/div>\n\n\n\n<h3 class=\"wp-block-heading has-text-align-center\">Follow us on social media<\/h3>\n\n\n\n<div class=\"wp-block-essential-blocks-social  root-eb-social-links-35dgm\"><div class=\"eb-parent-wrapper eb-parent-eb-social-links-35dgm\"><div class=\"eb-social-links-35dgm eb-social-links-wrapper\"><ul class=\"eb-socials\"><li><a class=\"facebook-f-original\" href=\"https:\/\/www.facebook.com\/p\/SNM-M%C3%BAzeum-Slovensk%C3%BDch-n%C3%A1rodn%C3%BDch-r%C3%A1d-M%C3%BAzeum-M-R-%C5%A0tef%C3%A1nika-100063798750396\/?locale=sk_SK\" target=\"_blank\" rel=\"noopener\" aria-label=\"social link\"><i class=\"hvr-icon eb-social-icon fab fa-facebook-f\"><\/i><\/a><\/li><li><a class=\"instagram-original\" href=\"\" target=\"_self\" rel=\"noopener\" aria-label=\"social link\"><i class=\"hvr-icon eb-social-icon fab fa-instagram\"><\/i><\/a><\/li><li><a class=\"youtube-original\" href=\"\" target=\"_self\" rel=\"noopener\" aria-label=\"social link\"><i class=\"hvr-icon eb-social-icon fab fa-youtube\"><\/i><\/a><\/li><\/ul><\/div><\/div><\/div>\n\n\n\n<div style=\"height:100px\" aria-hidden=\"true\" class=\"wp-block-spacer\"><\/div>","protected":false},"excerpt":{"rendered":"<p>Slovensk\u00e9 n\u00e1rodn\u00e9 m\u00fazeum V tomto m\u00fazeu nem\u00e1me moment\u00e1lne online predaj l\u00edstkov. L\u00edstky si m\u00f4\u017eete zak\u00fapi\u0165 na mieste v pokladni m\u00fazea. Hlavn\u00e1 expoz\u00edcia M\u00fazea Slovensk\u00fdch n\u00e1rodn\u00fdch r\u00e1d v Myjave zachyt\u00e1va takmer&hellip;&nbsp;<a href=\"https:\/\/snm-online.sk\/en\/muzeum-slovenskych-narodnych-rad\/\" class=\"\" rel=\"bookmark\">Read More &raquo;<span class=\"screen-reader-text\">M\u00fazeum Slovensk\u00fdch n\u00e1rodn\u00fdch r\u00e1d<\/span><\/a><\/p>","protected":false},"author":2,"featured_media":0,"parent":0,"menu_order":0,"comment_status":"closed","ping_status":"closed","template":"","meta":{"_eb_attr":"","neve_meta_sidebar":"","neve_meta_container":"","neve_meta_enable_content_width":"","neve_meta_content_width":0,"neve_meta_title_alignment":"","neve_meta_author_avatar":"","neve_post_elements_order":"","neve_meta_disable_header":"","neve_meta_disable_footer":"","neve_meta_disable_title":"","_themeisle_gutenberg_block_has_review":false,"footnotes":""},"class_list":["post-2404","page","type-page","status-publish","hentry"],"_links":{"self":[{"href":"https:\/\/snm-online.sk\/en\/wp-json\/wp\/v2\/pages\/2404","targetHints":{"allow":["GET"]}}],"collection":[{"href":"https:\/\/snm-online.sk\/en\/wp-json\/wp\/v2\/pages"}],"about":[{"href":"https:\/\/snm-online.sk\/en\/wp-json\/wp\/v2\/types\/page"}],"author":[{"embeddable":true,"href":"https:\/\/snm-online.sk\/en\/wp-json\/wp\/v2\/users\/2"}],"replies":[{"embeddable":true,"href":"https:\/\/snm-online.sk\/en\/wp-json\/wp\/v2\/comments?post=2404"}],"version-history":[{"count":4,"href":"https:\/\/snm-online.sk\/en\/wp-json\/wp\/v2\/pages\/2404\/revisions"}],"predecessor-version":[{"id":2510,"href":"https:\/\/snm-online.sk\/en\/wp-json\/wp\/v2\/pages\/2404\/revisions\/2510"}],"wp:attachment":[{"href":"https:\/\/snm-online.sk\/en\/wp-json\/wp\/v2\/media?parent=2404"}],"curies":[{"name":"wp","href":"https:\/\/api.w.org\/{rel}","templated":true}]}}