{"id":2409,"date":"2024-11-15T15:27:23","date_gmt":"2024-11-15T14:27:23","guid":{"rendered":"https:\/\/snm-online.sk\/?page_id=2409"},"modified":"2024-11-15T15:27:24","modified_gmt":"2024-11-15T14:27:24","slug":"muzeum-kultury-madarov-na-slovensku","status":"publish","type":"page","link":"https:\/\/snm-online.sk\/en\/muzeum-kultury-madarov-na-slovensku\/","title":{"rendered":"Museum of Hungarian Culture in Slovakia"},"content":{"rendered":"<h2 class=\"wp-block-heading\">Slovak National Museum<\/h2>\n\n\n\n<div id=\"wp-block-themeisle-blocks-advanced-columns-81ee5307\" class=\"wp-block-themeisle-blocks-advanced-columns has-2-columns has-desktop-equal-layout has-tablet-equal-layout has-mobile-collapsedRows-layout has-vertical-unset\"><div class=\"wp-block-themeisle-blocks-advanced-columns-overlay\"><\/div><div class=\"innerblocks-wrap\">\n<div id=\"wp-block-themeisle-blocks-advanced-column-dc31e138\" class=\"wp-block-themeisle-blocks-advanced-column\">\n<figure class=\"wp-block-image size-full has-custom-border\"><img loading=\"lazy\" decoding=\"async\" width=\"700\" height=\"400\" src=\"https:\/\/snm-online.sk\/wp-content\/uploads\/2024\/11\/Pamatny-dom-K.Miksatha-1.jpg\" alt=\"\" class=\"wp-image-2718\" style=\"border-radius:8px;aspect-ratio:3\/2;object-fit:cover\" srcset=\"https:\/\/snm-online.sk\/wp-content\/uploads\/2024\/11\/Pamatny-dom-K.Miksatha-1.jpg 700w, https:\/\/snm-online.sk\/wp-content\/uploads\/2024\/11\/Pamatny-dom-K.Miksatha-1-300x171.jpg 300w\" sizes=\"auto, (max-width: 700px) 100vw, 700px\" \/><\/figure>\n<\/div>\n\n\n\n<div id=\"wp-block-themeisle-blocks-advanced-column-654c828d\" class=\"wp-block-themeisle-blocks-advanced-column\">\n<figure class=\"wp-block-image size-full has-custom-border\"><img loading=\"lazy\" decoding=\"async\" width=\"1500\" height=\"2000\" src=\"https:\/\/snm-online.sk\/wp-content\/uploads\/2024\/11\/Muzeum-kultury-Madarov.jpg\" alt=\"\" class=\"wp-image-2720\" style=\"border-radius:8px;aspect-ratio:3\/2;object-fit:cover\" srcset=\"https:\/\/snm-online.sk\/wp-content\/uploads\/2024\/11\/Muzeum-kultury-Madarov.jpg 1500w, https:\/\/snm-online.sk\/wp-content\/uploads\/2024\/11\/Muzeum-kultury-Madarov-225x300.jpg 225w, https:\/\/snm-online.sk\/wp-content\/uploads\/2024\/11\/Muzeum-kultury-Madarov-768x1024.jpg 768w, https:\/\/snm-online.sk\/wp-content\/uploads\/2024\/11\/Muzeum-kultury-Madarov-1152x1536.jpg 1152w\" sizes=\"auto, (max-width: 1500px) 100vw, 1500px\" \/><\/figure>\n<\/div>\n<\/div><\/div>\n\n\n\n<h5 class=\"wp-block-heading\">V tomto m\u00fazeu nem\u00e1me moment\u00e1lne online predaj l\u00edstkov. L\u00edstky si m\u00f4\u017eete zak\u00fapi\u0165 na mieste v pokladni m\u00fazea.<\/h5>\n\n\n\n<p>M\u00fazeum kult\u00fary Ma\u010farov na Slovensku je \u0161pecializovan\u00e9 m\u00fazeum SNM s celo\u0161t\u00e1tnou p\u00f4sobnos\u0165ou, ktor\u00e9 sa zameriava na dejiny a kult\u00faru Ma\u010farov na Slovensku. Poslan\u00edm m\u00fazea je cie\u013eavedom\u00e9 z\u00edskavanie, ochra\u0148ovanie, vedeck\u00e9 a odborn\u00e9 spracov\u00e1vanie a spr\u00edstup\u0148ovanie m\u00fazejn\u00fdch zbierok a fondov dokladaj\u00facich dejiny a v\u00fdvoj hmotnej a duchovnej kult\u00fary ma\u010farsk\u00e9ho etnika na Slovensku.<strong> <\/strong><\/p>\n\n\n\n<p><strong>M\u00fazeum s\u00eddli v priestoroch obnovenej Br\u00e4merovej k\u00farie na \u017di\u017ekovej ulici \u010d. 18 v Bratislave. Vysunut\u00e9 expoz\u00edcie m\u00e1 m\u00fazeum v Dolnej Strehovej a v Sklabinej<\/strong>.\u00a0<\/p>\n\n\n\n<p>Br\u00e4merova k\u00faria z druhej polovice 16. storo\u010dia m\u00e1 nepravideln\u00fa \u0161tvorkr\u00eddlov\u00fa z\u00e1stavbu okolo \u00fastredn\u00e9ho dvora. Vznikla prestavbou star\u0161\u00edch neskorogotick\u00fdch domov, ktor\u00e9 boli spojen\u00e9 do jednotn\u00e9ho renesan\u010dn\u00e9ho \u0161tvorkr\u00eddlov\u00e9ho p\u00f4dorysu. Dokazuje to asymetricky umiestnen\u00fd port\u00e1l, ktor\u00fd re\u0161pektuje priechod star\u0161ieho domu.&nbsp;<\/p>\n\n\n\n<p>Hradn\u00fd d\u00f4stojn\u00edk Br\u00e4mer dal dom okolo roku 1600 prestava\u0165 na dvojposchodov\u00fa renesan\u010dn\u00fa k\u00fariu. Matej Bel vo svojich Notitiae&#8230; spom\u00edna chronostikon vidite\u013en\u00fd za jeho \u010dias na prie\u010del\u00ed domu: VIrtVtVIs CoMes InVIDIa, pod\u013ea ktor\u00e9ho us\u00fadil, \u017ee dom bol postaven\u00fd v roku 1620.&nbsp;<\/p>\n\n\n\n<p>Pri renesan\u010dnej prestavbe bolo dobudovan\u00e9 cel\u00e9 z\u00e1padn\u00e9 kr\u00eddlo, dostavalo sa schodi\u0161te, zjednotili sa v\u0161etky fas\u00e1dy a dostavali sa aj polkruhov\u00e9 n\u00e1ro\u017en\u00e9 ve\u017ei\u010dky po stran\u00e1ch hlavnej fas\u00e1dy. Poslednou f\u00e1zou ranobarokov\u00fdch stavebn\u00fdch \u00faprav v prvej tretine 18. storo\u010dia bola dostavba severn\u00e9ho dvorn\u00e9ho kr\u00eddla. \u010eal\u0161ie stavebn\u00e9 \u00fapravy z\u00e1sadne nezmenili charakter budovy. Dom bol nesk\u00f4r nieko\u013ekokr\u00e1t predan\u00fd bratislavsk\u00fdm me\u0161\u0165anom.&nbsp;<\/p>\n\n\n\n<p>Br\u00e4merova k\u00faria tvor\u00ed s\u00fa\u010das\u0165 dnes u\u017e len \u010diasto\u010dne zachovan\u00e9ho Podhradia s kostol\u00edkom sv. Trojice uprostred.<\/p>\n\n\n\n<div style=\"height:30px\" aria-hidden=\"true\" class=\"wp-block-spacer\"><\/div>\n\n\n\n<h3 class=\"wp-block-heading has-text-align-center\">Follow us on social media<\/h3>\n\n\n\n<div class=\"wp-block-essential-blocks-social  root-eb-social-links-zwx8m\"><div class=\"eb-parent-wrapper eb-parent-eb-social-links-zwx8m\"><div class=\"eb-social-links-zwx8m eb-social-links-wrapper\"><ul class=\"eb-socials\"><li><a class=\"facebook-f-original\" href=\"\" target=\"_self\" rel=\"noopener\" aria-label=\"social link\"><i class=\"hvr-icon eb-social-icon fab fa-facebook-f\"><\/i><\/a><\/li><li><a class=\"instagram-original\" href=\"\" target=\"_self\" rel=\"noopener\" aria-label=\"social link\"><i class=\"hvr-icon eb-social-icon fab fa-instagram\"><\/i><\/a><\/li><li><a class=\"youtube-original\" href=\"\" target=\"_self\" rel=\"noopener\" aria-label=\"social link\"><i class=\"hvr-icon eb-social-icon fab fa-youtube\"><\/i><\/a><\/li><\/ul><\/div><\/div><\/div>\n\n\n\n<div style=\"height:100px\" aria-hidden=\"true\" class=\"wp-block-spacer\"><\/div>\n\n\n\n<p><\/p>","protected":false},"excerpt":{"rendered":"<p>Slovensk\u00e9 n\u00e1rodn\u00e9 m\u00fazeum V tomto m\u00fazeu nem\u00e1me moment\u00e1lne online predaj l\u00edstkov. L\u00edstky si m\u00f4\u017eete zak\u00fapi\u0165 na mieste v pokladni m\u00fazea. M\u00fazeum kult\u00fary Ma\u010farov na Slovensku je \u0161pecializovan\u00e9 m\u00fazeum SNM s&hellip;&nbsp;<a href=\"https:\/\/snm-online.sk\/en\/muzeum-kultury-madarov-na-slovensku\/\" class=\"\" rel=\"bookmark\">Read More &raquo;<span class=\"screen-reader-text\">Museum of Hungarian Culture in Slovakia<\/span><\/a><\/p>","protected":false},"author":2,"featured_media":0,"parent":0,"menu_order":0,"comment_status":"closed","ping_status":"closed","template":"","meta":{"_eb_attr":"","neve_meta_sidebar":"","neve_meta_container":"","neve_meta_enable_content_width":"","neve_meta_content_width":0,"neve_meta_title_alignment":"","neve_meta_author_avatar":"","neve_post_elements_order":"","neve_meta_disable_header":"","neve_meta_disable_footer":"","neve_meta_disable_title":"","_themeisle_gutenberg_block_has_review":false,"footnotes":""},"class_list":["post-2409","page","type-page","status-publish","hentry"],"_links":{"self":[{"href":"https:\/\/snm-online.sk\/en\/wp-json\/wp\/v2\/pages\/2409","targetHints":{"allow":["GET"]}}],"collection":[{"href":"https:\/\/snm-online.sk\/en\/wp-json\/wp\/v2\/pages"}],"about":[{"href":"https:\/\/snm-online.sk\/en\/wp-json\/wp\/v2\/types\/page"}],"author":[{"embeddable":true,"href":"https:\/\/snm-online.sk\/en\/wp-json\/wp\/v2\/users\/2"}],"replies":[{"embeddable":true,"href":"https:\/\/snm-online.sk\/en\/wp-json\/wp\/v2\/comments?post=2409"}],"version-history":[{"count":3,"href":"https:\/\/snm-online.sk\/en\/wp-json\/wp\/v2\/pages\/2409\/revisions"}],"predecessor-version":[{"id":2722,"href":"https:\/\/snm-online.sk\/en\/wp-json\/wp\/v2\/pages\/2409\/revisions\/2722"}],"wp:attachment":[{"href":"https:\/\/snm-online.sk\/en\/wp-json\/wp\/v2\/media?parent=2409"}],"curies":[{"name":"wp","href":"https:\/\/api.w.org\/{rel}","templated":true}]}}