{"id":4752,"date":"2025-11-05T11:19:52","date_gmt":"2025-11-05T10:19:52","guid":{"rendered":"https:\/\/snm-online.sk\/?page_id=4752"},"modified":"2025-11-05T11:20:11","modified_gmt":"2025-11-05T10:20:11","slug":"prilis-mladi-na-zabudnutie","status":"publish","type":"page","link":"https:\/\/snm-online.sk\/en\/prilis-mladi-na-zabudnutie\/","title":{"rendered":"Pr\u00edli\u0161 mlad\u00ed na zabudnutie"},"content":{"rendered":"<div id=\"wp-block-themeisle-blocks-advanced-columns-f90f9df5\" class=\"wp-block-themeisle-blocks-advanced-columns has-1-columns has-desktop-equal-layout has-tablet-equal-layout has-mobile-equal-layout has-vertical-unset\"><div class=\"wp-block-themeisle-blocks-advanced-columns-overlay\"><\/div><div class=\"innerblocks-wrap\">\n<div id=\"wp-block-themeisle-blocks-advanced-column-493396bd\" class=\"wp-block-themeisle-blocks-advanced-column\">\n<figure class=\"wp-block-image size-large is-resized\"><img loading=\"lazy\" decoding=\"async\" width=\"1024\" height=\"374\" src=\"https:\/\/snm-online.sk\/wp-content\/uploads\/2025\/11\/Prilis-mladi-na-zabudnutie_1920-1024x374.jpg\" alt=\"\" class=\"wp-image-4753\" style=\"width:1170px;height:auto\" srcset=\"https:\/\/snm-online.sk\/wp-content\/uploads\/2025\/11\/Prilis-mladi-na-zabudnutie_1920-1024x374.jpg 1024w, https:\/\/snm-online.sk\/wp-content\/uploads\/2025\/11\/Prilis-mladi-na-zabudnutie_1920-300x109.jpg 300w, https:\/\/snm-online.sk\/wp-content\/uploads\/2025\/11\/Prilis-mladi-na-zabudnutie_1920-768x280.jpg 768w, https:\/\/snm-online.sk\/wp-content\/uploads\/2025\/11\/Prilis-mladi-na-zabudnutie_1920-1536x561.jpg 1536w, https:\/\/snm-online.sk\/wp-content\/uploads\/2025\/11\/Prilis-mladi-na-zabudnutie_1920.jpg 1921w\" sizes=\"auto, (max-width: 1024px) 100vw, 1024px\" \/><\/figure>\n\n\n\n<div style=\"height:15px\" aria-hidden=\"true\" class=\"wp-block-spacer\"><\/div>\n\n\n\n<p><strong>Please choose from the listed dates:<\/strong><\/p>\n<\/div>\n<\/div><\/div>\n\n\n\r\n<section class=\"mb-4\">\r\n    <nav class=\"wper-days\">\r\n        \r\n            <\/nav>\r\n\r\n    \r\n    <ul id=\"wperItems\" class=\"wper-list\">\r\n        Sorry, this date is not available.    <\/ul>\r\n<\/section>\r\n\r\n<div class=\"wper-modal\">\r\n    <div class=\"wper-modal__inner\">\r\n        <div class=\"wper-modal__header\">\r\n            <button type=\"button\" class=\"wper-modal__close js-wper-close-modal\">\r\n                <svg width=\"16\" height=\"16\" viewbox=\"0 0 16 16\" fill=\"none\" class=\"svg\" xmlns=\"http:\/\/www.w3.org\/2000\/svg\"><path d=\"M16 7H3.83L9.42 1.41L8 0L0 8L8 16L9.41 14.59L3.83 9H16V7Z\" fill=\"currentColor\"\/><\/svg> <span>Continue shopping<\/span>\r\n            <\/button>\r\n        <\/div>\r\n\r\n        <iframe src=\"\" frameborder=\"0\" class=\"wper-modal__iframe\"><\/iframe>\r\n    <\/div>\r\n<\/div>\r\n\r\n<div class=\"wper-note\">\r\n    <div class=\"wper-note__inner\">\r\n        <div id=\"wperNoteRetail\" class=\"wper-note__content\">\r\n            <h5 class=\"wper-note__title\">Last tickets available only at the museum ticket office.<\/h5>\r\n\r\n            <p>We are sorry, but due to high interest, all tickets reserved for online sales are sold out.<\/p>\r\n\r\n            <p>Last few tickets are available at the castle ticket office. We recommend you visit the ticket office as soon as possible, as tickets sell out quickly.<\/p>\r\n        <\/div>\r\n\r\n        <div id=\"wperNoteSold\" class=\"wper-note__content\">\r\n            <h5 class=\"wper-note__title\">Tickets for this time slot are sold out.<\/h5>\r\n\r\n            <p>We are sorry, but due to high interest, all tickets for this tour are sold out. No tickets are available for this time slot at the castle ticket office either.<\/p>\r\n\r\n            <p>Please try to select another time slot within the day or consider visiting on a different day. We recommend monitoring our website for availability of tickets for individual tours and events.<\/p>\r\n\r\n            <p>Given the high attendance, we advise purchasing tickets well in advance online.<\/p>\r\n        <\/div>\r\n\r\n        <div class=\"wper-note__actions\">\r\n            <button type=\"submit\" class=\"wper-note__close js-wper-close-note\">Got it<\/button>\r\n        <\/div>\r\n    <\/div>\r\n<\/div>\r\n\n\n\n\n<p>V&nbsp;tomto du\u0161i\u010dkovom obdob\u00ed spom\u00edname na t\u00fdch, ktor\u00ed u\u017e nie s\u00fa medzi nami, zam\u00fd\u0161\u013eame sa viac nad krehkos\u0165ou \u017eivota, nad na\u0161ou zranite\u013enos\u0165ou, sme v\u010fa\u010dn\u00ed za svoj \u017eivot a&nbsp;my\u0161lienky n\u00e1m zabl\u00fadia aj k&nbsp;t\u00fdm, ktor\u00ed sa nedo\u017eili staroby, dokonca ani dospelosti.<\/p>\n\n\n\n<p>Pr\u00e1ve t\u00fdm sa budeme venova\u0165 po\u010das tematickej prehliadky z&nbsp;cyklu \u017div\u00e1 hist\u00f3ria d\u0148a 14. 11. 2025 o&nbsp;16.00 a&nbsp;18.00 v&nbsp;ka\u0161tieli Betliar.<\/p>\n\n\n\n<p>V&nbsp;sal\u00f3noch a&nbsp;sp\u00e1l\u0148ach ka\u0161tie\u013ea sa na n\u00e1s z&nbsp;malieb a&nbsp;fotografi\u00ed d\u00edvaj\u00fa \u010dlenovia Andr\u00e1ssyovsk\u00e9ho rodu, ich pr\u00edbuzn\u00ed ale aj \u013eudia, ktor\u00fdch osud ovplyvnil niekto z&nbsp;Andr\u00e1ssyovcov. Sklad\u00e1me ich \u017eivot ako puzzle z ich memo\u00e1rov, listov, malieb, fotografi\u00ed, pozn\u00e1mok historikov, \u00fadajov z&nbsp;arch\u00edvov a&nbsp;matr\u00edk a&nbsp;pri niektor\u00fdch z&nbsp;nich sa dost\u00e1vame k&nbsp;\u00fadajom, \u017ee medzi ich d\u00e1tumom narodenia a&nbsp;\u00famrtia nepre\u0161la dlh\u00e1 doba.<\/p>\n\n\n\n<p>A&nbsp;pr\u00e1ve t\u00fdmto \u013eu\u010fom sa budeme venova\u0165 v&nbsp;r\u00e1mci tejto prehliadky, ktor\u00e1 n\u00e1s povedie po nezvy\u010dajn\u00fdch tras\u00e1ch a n\u00e1v\u0161tevn\u00edci&nbsp;bud\u00fa ma\u0165 jedine\u010dn\u00fa mo\u017enos\u0165 dosta\u0165 sa aj do miestnost\u00ed, ktor\u00e9 be\u017ene nie s\u00fa spr\u00edstupnen\u00e9.<\/p>\n\n\n\n<p>Dozvedia sa, odkia\u013e sa dostali exotick\u00e9 trofeje do ka\u0161tie\u013ea, kedy a&nbsp;pre\u010do sa bansk\u00fd podnikate\u013e, oceliarsky magn\u00e1t, politik, po\u013eovn\u00edk, \u0161portovec a&nbsp;dobrodruh Gejza Andr\u00e1ssy I. rozhodol pobudn\u00fa\u0165 ist\u00fd \u010das v&nbsp;exotickej krajine a&nbsp;tie\u017e v&nbsp;tejto s\u00favislosti prezrad\u00edme, komu patrilo mal\u00e9 detsk\u00e9 brnenie v&nbsp;rodovej gal\u00e9rii.<\/p>\n\n\n\n<p>Re\u010d bude aj o&nbsp;tajomnej d\u00e1me na portr\u00e9te v&nbsp;jednom zo sal\u00f3nov, rozl\u00fa\u0161time z\u00e1hadu, ako sa tento portr\u00e9t dostal do ka\u0161tie\u013ea napriek tomu, \u017ee nezobrazuje nikoho z&nbsp;Andr\u00e1ssyovsk\u00e9ho rodu, \u010do mala t\u00e1to kr\u00e1sna d\u00e1ma so zasnen\u00fdm poh\u013eadom spolo\u010dn\u00e9 s&nbsp;Andr\u00e1ssyovcami a&nbsp;za ak\u00fdch z\u00e1hadn\u00fdch okolnost\u00ed opustila tento svet.<\/p>\n\n\n\n<p>Aj ke\u010f v&nbsp;\u010dase, ke\u010f zomrela \u017dofia Ser\u00e9dyov\u00e1, jedna z&nbsp;hlavn\u00fdch post\u00e1v J\u00f3kaiho rom\u00e1nu o&nbsp;Levo\u010dskej bielej pani, sa jej \u00famrtie nepova\u017eovalo za nijako pred\u010dasn\u00e9, v&nbsp;dne\u0161nom pon\u00edman\u00ed by to bola mlad\u00e1 \u017eena, ktor\u00e1 by mala e\u0161te takmer polovicu \u017eivota pred sebou, preto sa zastav\u00edme pri jej mumifikovanom tele, ktor\u00e9 n\u00e1v\u0161tevn\u00edci maj\u00fa mo\u017enos\u0165 vidie\u0165 iba v\u00fdnimo\u010dne.<\/p>\n\n\n\n<p>Budeme radi, ak spolu s&nbsp;nami posklad\u00e1te \u010driepky osudov t\u00fdch, ktor\u00ed mali \u017eivot e\u0161te pred sebou a&nbsp;\u010di do ich mlad\u00e9ho \u017eivota zasiahla choroba, alebo \u0165a\u017eoba sm\u00fatku, ktor\u00fa neuniesli, spolu si ich pripomenieme v&nbsp;tento de\u0148. Srde\u010dne v\u00e1s poz\u00fdvame!<\/p>\n\n\n\n<div style=\"height:50px\" aria-hidden=\"true\" class=\"wp-block-spacer\"><\/div>\n\n\n\n<p><br><strong>If you have any questions about online tickets, please contact us at\u00a0<\/strong><a href=\"mailto:pomoc@snm-online.sk\">pomoc@snm-online.sk<\/a><\/p>\n\n\n\n<div style=\"height:100px\" aria-hidden=\"true\" class=\"wp-block-spacer\"><\/div>","protected":false},"excerpt":{"rendered":"<p>V&nbsp;tomto du\u0161i\u010dkovom obdob\u00ed spom\u00edname na t\u00fdch, ktor\u00ed u\u017e nie s\u00fa medzi nami, zam\u00fd\u0161\u013eame sa viac nad krehkos\u0165ou \u017eivota, nad na\u0161ou zranite\u013enos\u0165ou, sme v\u010fa\u010dn\u00ed za svoj \u017eivot a&nbsp;my\u0161lienky n\u00e1m zabl\u00fadia aj&hellip;&nbsp;<a href=\"https:\/\/snm-online.sk\/en\/prilis-mladi-na-zabudnutie\/\" class=\"\" rel=\"bookmark\">Read More &raquo;<span class=\"screen-reader-text\">Pr\u00edli\u0161 mlad\u00ed na zabudnutie<\/span><\/a><\/p>","protected":false},"author":2,"featured_media":0,"parent":0,"menu_order":0,"comment_status":"closed","ping_status":"closed","template":"","meta":{"_eb_attr":"","neve_meta_sidebar":"","neve_meta_container":"","neve_meta_enable_content_width":"","neve_meta_content_width":0,"neve_meta_title_alignment":"","neve_meta_author_avatar":"","neve_post_elements_order":"","neve_meta_disable_header":"","neve_meta_disable_footer":"","neve_meta_disable_title":"","_themeisle_gutenberg_block_has_review":false,"footnotes":""},"class_list":["post-4752","page","type-page","status-publish","hentry"],"_links":{"self":[{"href":"https:\/\/snm-online.sk\/en\/wp-json\/wp\/v2\/pages\/4752","targetHints":{"allow":["GET"]}}],"collection":[{"href":"https:\/\/snm-online.sk\/en\/wp-json\/wp\/v2\/pages"}],"about":[{"href":"https:\/\/snm-online.sk\/en\/wp-json\/wp\/v2\/types\/page"}],"author":[{"embeddable":true,"href":"https:\/\/snm-online.sk\/en\/wp-json\/wp\/v2\/users\/2"}],"replies":[{"embeddable":true,"href":"https:\/\/snm-online.sk\/en\/wp-json\/wp\/v2\/comments?post=4752"}],"version-history":[{"count":2,"href":"https:\/\/snm-online.sk\/en\/wp-json\/wp\/v2\/pages\/4752\/revisions"}],"predecessor-version":[{"id":4755,"href":"https:\/\/snm-online.sk\/en\/wp-json\/wp\/v2\/pages\/4752\/revisions\/4755"}],"wp:attachment":[{"href":"https:\/\/snm-online.sk\/en\/wp-json\/wp\/v2\/media?parent=4752"}],"curies":[{"name":"wp","href":"https:\/\/api.w.org\/{rel}","templated":true}]}}