{"id":4865,"date":"2025-12-04T14:41:10","date_gmt":"2025-12-04T13:41:10","guid":{"rendered":"https:\/\/snm-online.sk\/?page_id=4865"},"modified":"2026-04-15T14:45:30","modified_gmt":"2026-04-15T12:45:30","slug":"komentovana-prehliadka-vystavou-josip-plecnik","status":"publish","type":"page","link":"https:\/\/snm-online.sk\/en\/komentovana-prehliadka-vystavou-josip-plecnik\/","title":{"rendered":"Komentovan\u00e1 prehliadka v\u00fdstavou Josip Ple\u010dnik"},"content":{"rendered":"<figure class=\"wp-block-image size-full is-resized\"><img loading=\"lazy\" decoding=\"async\" width=\"1920\" height=\"700\" src=\"https:\/\/snm-online.sk\/wp-content\/uploads\/2026\/04\/plecnik-komentovka2_WEB1.jpg\" alt=\"\" class=\"wp-image-5239\" style=\"width:1170px;height:auto\" srcset=\"https:\/\/snm-online.sk\/wp-content\/uploads\/2026\/04\/plecnik-komentovka2_WEB1.jpg 1920w, https:\/\/snm-online.sk\/wp-content\/uploads\/2026\/04\/plecnik-komentovka2_WEB1-300x109.jpg 300w, https:\/\/snm-online.sk\/wp-content\/uploads\/2026\/04\/plecnik-komentovka2_WEB1-1024x373.jpg 1024w, https:\/\/snm-online.sk\/wp-content\/uploads\/2026\/04\/plecnik-komentovka2_WEB1-768x280.jpg 768w, https:\/\/snm-online.sk\/wp-content\/uploads\/2026\/04\/plecnik-komentovka2_WEB1-1536x560.jpg 1536w, https:\/\/snm-online.sk\/wp-content\/uploads\/2026\/04\/plecnik-komentovka2_WEB1-18x7.jpg 18w\" sizes=\"auto, (max-width: 1920px) 100vw, 1920px\" \/><\/figure>\n\n\n\n<div style=\"height:20px\" aria-hidden=\"true\" class=\"wp-block-spacer\"><\/div>\n\n\n\n<p><strong>Please choose from the listed dates:<\/strong><\/p>\n\n\n\r\n<section class=\"mb-4\">\r\n    <nav class=\"wper-days\">\r\n        \r\n            <\/nav>\r\n\r\n    \r\n    <ul id=\"wperItems\" class=\"wper-list\">\r\n        Sorry, this date is not available.    <\/ul>\r\n<\/section>\r\n\r\n<div class=\"wper-modal\">\r\n    <div class=\"wper-modal__inner\">\r\n        <div class=\"wper-modal__header\">\r\n            <button type=\"button\" class=\"wper-modal__close js-wper-close-modal\">\r\n                <svg width=\"16\" height=\"16\" viewbox=\"0 0 16 16\" fill=\"none\" class=\"svg\" xmlns=\"http:\/\/www.w3.org\/2000\/svg\"><path d=\"M16 7H3.83L9.42 1.41L8 0L0 8L8 16L9.41 14.59L3.83 9H16V7Z\" fill=\"currentColor\"\/><\/svg> <span>Continue shopping<\/span>\r\n            <\/button>\r\n        <\/div>\r\n\r\n        <iframe src=\"\" frameborder=\"0\" class=\"wper-modal__iframe\"><\/iframe>\r\n    <\/div>\r\n<\/div>\r\n\r\n<div class=\"wper-note\">\r\n    <div class=\"wper-note__inner\">\r\n        <div id=\"wperNoteRetail\" class=\"wper-note__content\">\r\n            <h5 class=\"wper-note__title\">Last tickets available only at the museum ticket office.<\/h5>\r\n\r\n            <p>We are sorry, but due to high interest, all tickets reserved for online sales are sold out.<\/p>\r\n\r\n            <p>Last few tickets are available at the castle ticket office. We recommend you visit the ticket office as soon as possible, as tickets sell out quickly.<\/p>\r\n        <\/div>\r\n\r\n        <div id=\"wperNoteSold\" class=\"wper-note__content\">\r\n            <h5 class=\"wper-note__title\">Tickets for this time slot are sold out.<\/h5>\r\n\r\n            <p>We are sorry, but due to high interest, all tickets for this tour are sold out. No tickets are available for this time slot at the castle ticket office either.<\/p>\r\n\r\n            <p>Please try to select another time slot within the day or consider visiting on a different day. We recommend monitoring our website for availability of tickets for individual tours and events.<\/p>\r\n\r\n            <p>Given the high attendance, we advise purchasing tickets well in advance online.<\/p>\r\n        <\/div>\r\n\r\n        <div class=\"wper-note__actions\">\r\n            <button type=\"submit\" class=\"wper-note__close js-wper-close-note\">Got it<\/button>\r\n        <\/div>\r\n    <\/div>\r\n<\/div>\r\n\n\n\n\n<p><strong>Slovinsk\u00fd architekt Josip Ple\u010dnik (1872 \u2013 1957) patr\u00ed medzi najv\u00fdznamnej\u0161ie osobnosti eur\u00f3pskej architekt\u00fary 20. storo\u010dia. <\/strong>Ako \u017eiak Otta Wagnera vo Viedni si r\u00fdchlo vytvoril vlastn\u00fd, nezamenite\u013en\u00fd \u0161t\u00fdl. V rokoch 1920 \u2013 1934 prestavoval Pra\u017esk\u00fd hrad na osobn\u00fa \u017eiados\u0165 prezidenta Tom\u00e1\u0161a Garrigua Masaryka a jeho z\u00e1sahy sa dodnes pova\u017euj\u00fa za symbol demokracie prvej \u010ceskoslovenskej republiky.&nbsp;<\/p>\n\n\n\n<p>V \u013dub\u013eane navrhol mno\u017estvo stavieb \u2013 kostoly, kni\u017enicu, mosty aj cintor\u00edn \u017dale \u2013 v\u010faka \u010domu s\u00fa dnes Ple\u010dnikove diela zap\u00edsan\u00e9 do Zoznamu svetov\u00e9ho dedi\u010dstva UNESCO. Hoci bol vizion\u00e1r, v\u017edy sa vracal k trad\u00edcii a \u013eudovej kult\u00fare, aj preto&nbsp;v roku 1920 podnikol so svojimi \u0161tudentmi \u0161tudijn\u00fa cestu po slovensk\u00fdch regi\u00f3noch.&nbsp;V\u00fdstavu 1. 10. 2025 sl\u00e1vnostne otvorili prezidenti Slovenskej, Slovinskej, Rak\u00faskej a \u010ceskej republiky spolu s predsedom N\u00e1rodnej rady SR.<\/p>\n\n\n\n<p><strong>Komentovan\u00e1 prehliadka v\u00fdstavou&nbsp;Josip Ple\u010dnik \u2013 stredoeur\u00f3psky architekt v\u00e1m predstav\u00ed vybran\u00e9 diele tohto v\u00fdznamn\u00e9ho architekta.<\/strong><\/p>\n\n\n\n<p>V\u00fdstavou v\u00e1s bude sprev\u00e1dza\u0165 kunsthistori\u010dka Alena Pivovar\u010diov\u00e1.<\/p>\n\n\n\n<p>Komentovan\u00e1 prehliadka sa za\u010d\u00edna o 16:00 priamo vo v\u00fdstave na 3. poschod\u00ed SNM \u2013 Historick\u00e9ho m\u00fazea na Bratislavskom hrade.&nbsp;<\/p>\n\n\n\n<div style=\"height:50px\" aria-hidden=\"true\" class=\"wp-block-spacer\"><\/div>\n\n\n\n<p><strong>If you have any questions about online tickets, please contact us at&nbsp;<a href=\"mailto:pomoc@snm-online.sk\">pomoc@snm-online.sk<\/a><\/strong><\/p>\n\n\n\n<div style=\"height:100px\" aria-hidden=\"true\" class=\"wp-block-spacer\"><\/div>","protected":false},"excerpt":{"rendered":"<p>Vyberte si pros\u00edm z ponuky d\u00e1tumov a term\u00ednov prehliadok: Slovinsk\u00fd architekt Josip Ple\u010dnik (1872 \u2013 1957) patr\u00ed medzi najv\u00fdznamnej\u0161ie osobnosti eur\u00f3pskej architekt\u00fary 20. storo\u010dia. Ako \u017eiak Otta Wagnera vo Viedni&hellip;&nbsp;<a href=\"https:\/\/snm-online.sk\/en\/komentovana-prehliadka-vystavou-josip-plecnik\/\" class=\"\" rel=\"bookmark\">Read More &raquo;<span class=\"screen-reader-text\">Komentovan\u00e1 prehliadka v\u00fdstavou Josip Ple\u010dnik<\/span><\/a><\/p>","protected":false},"author":2,"featured_media":0,"parent":0,"menu_order":0,"comment_status":"closed","ping_status":"closed","template":"","meta":{"_eb_attr":"","neve_meta_sidebar":"","neve_meta_container":"","neve_meta_enable_content_width":"","neve_meta_content_width":0,"neve_meta_title_alignment":"","neve_meta_author_avatar":"","neve_post_elements_order":"","neve_meta_disable_header":"","neve_meta_disable_footer":"","neve_meta_disable_title":"","_themeisle_gutenberg_block_has_review":false,"footnotes":""},"class_list":["post-4865","page","type-page","status-publish","hentry"],"_links":{"self":[{"href":"https:\/\/snm-online.sk\/en\/wp-json\/wp\/v2\/pages\/4865","targetHints":{"allow":["GET"]}}],"collection":[{"href":"https:\/\/snm-online.sk\/en\/wp-json\/wp\/v2\/pages"}],"about":[{"href":"https:\/\/snm-online.sk\/en\/wp-json\/wp\/v2\/types\/page"}],"author":[{"embeddable":true,"href":"https:\/\/snm-online.sk\/en\/wp-json\/wp\/v2\/users\/2"}],"replies":[{"embeddable":true,"href":"https:\/\/snm-online.sk\/en\/wp-json\/wp\/v2\/comments?post=4865"}],"version-history":[{"count":2,"href":"https:\/\/snm-online.sk\/en\/wp-json\/wp\/v2\/pages\/4865\/revisions"}],"predecessor-version":[{"id":5240,"href":"https:\/\/snm-online.sk\/en\/wp-json\/wp\/v2\/pages\/4865\/revisions\/5240"}],"wp:attachment":[{"href":"https:\/\/snm-online.sk\/en\/wp-json\/wp\/v2\/media?parent=4865"}],"curies":[{"name":"wp","href":"https:\/\/api.w.org\/{rel}","templated":true}]}}